{"id":1164,"date":"2015-11-19T21:50:06","date_gmt":"2015-11-19T21:50:06","guid":{"rendered":"http:\/\/odontoapeles.com.br\/clinica-odontologica\/dentista\/zona-sul\/\/?page_id=1164"},"modified":"2022-02-27T05:37:17","modified_gmt":"2022-02-27T05:37:17","slug":"proteses-dentarias-moveis","status":"publish","type":"page","link":"https:\/\/odontoapeles.com.br\/dentista\/clinica-odontologica\/zona-sul\/proteses-dentarias-moveis\/","title":{"rendered":"Pr\u00f3teses Dent\u00e1rias M\u00f3veis &#8211; Odontologia Apeles Lemos &#8211; (11) 5563-5471"},"content":{"rendered":"<h4><strong><span style=\"color: #0000ff;\">1. Pr\u00f3teses Dent\u00e1rias M\u00f3veis &#8211; Introdu\u00e7\u00e3o:<\/span><\/strong><\/h4>\n<p style=\"text-align: justify;\">As <strong><span style=\"text-decoration: underline;\">pr\u00f3teses m\u00f3veis<\/span><\/strong>, tamb\u00e9m chamadas de pontes m\u00f3veis ou pontes remov\u00edveis, s\u00e3o pr\u00f3teses dent\u00e1rias que, ao contr\u00e1rio das pr\u00f3teses fixas, podem e devem ser removidas diariamente da cavidade bucal do paciente.<\/p>\n<p style=\"text-align: justify;\">A remo\u00e7\u00e3o deve ser feita ap\u00f3s as refei\u00e7\u00f5es, de modo que os dentes naturais remanescentes e a pr\u00f3pria pr\u00f3tese sejam adequadamente higienizados.<\/p>\n<p style=\"text-align: justify;\">Ap\u00f3s serem retiradas da boca do paciente,\u00a0<span style=\"text-decoration: underline;\"><strong>as pr\u00f3teses m\u00f3veis<\/strong><\/span> devem ser muito bem limpas diariamente, de modo a remover as bact\u00e9rias bucais que se aderem \u00e0s suas superf\u00edcies, processo que pode resultar na forma\u00e7\u00e3o do t\u00e1rtaro sobre as mesmas,\u00a0al\u00e9m de prevenir seu manchamento.<\/p>\n<p style=\"text-align: justify;\">Existem alguns tipos diferentes de <strong><span style=\"text-decoration: underline;\">pr\u00f3teses m\u00f3veis<\/span><\/strong>, as quais podem ser classificadas apenas para fins meramente did\u00e1ticos como provis\u00f3rias ou &#8220;definitivas&#8221;.<\/p>\n<p style=\"text-align: justify;\">Tal afirma\u00e7\u00e3o decorre do fato de que\u00a0as pr\u00f3teses dent\u00e1rias, sejam m\u00f3veis ou fixas, n\u00e3o devem ser, sob qualquer hip\u00f3tese, classificadas como &#8220;definitivas&#8221;, pois necessitam\u00a0ser substitu\u00eddas periodicamente ao longo do tempo.<\/p>\n<p style=\"text-align: justify;\">A substitui\u00e7\u00e3o peri\u00f3dica das <strong><span style=\"text-decoration: underline;\">pr\u00f3teses m\u00f3veis<\/span><\/strong> se faz necess\u00e1ria, pois o desgaste dos seus dentes artificiais e de seus demais componentes ao longo do tempo \u00e9 uma realidade inevit\u00e1vel.<\/p>\n<p style=\"text-align: justify;\">Uma vez desgastados, os dentes da pr\u00f3tese, al\u00e9m de perderem parte significativa de seu potencial mastigat\u00f3rio,\u00a0podem levar \u00e0 diminui\u00e7\u00e3o da altura da mordida do paciente (dimens\u00e3o vertical).<\/p>\n<p style=\"text-align: justify;\">Altera\u00e7\u00f5es na altura da dimens\u00e3o vertical podem levar \u00e0 dist\u00farbios na articula\u00e7\u00e3o temporomandibular, articula\u00e7\u00e3o formada pelo contato da mand\u00edbula com\u00a0partes dos ossos do cr\u00e2nio.<\/p>\n<p>&nbsp;<\/p>\n<h4 style=\"text-align: justify;\"><span style=\"color: #0000ff;\"><strong>Pr\u00f3teses Dent\u00e1rias M\u00f3veis &#8211; Objetivo:<\/strong><\/span><\/h4>\n<p style=\"text-align: justify;\">O objetivo principal das <strong><span style=\"text-decoration: underline;\">pr\u00f3teses m\u00f3veis<\/span><\/strong> \u00e9 a reabilita\u00e7\u00e3o bucal completa.<\/p>\n<p style=\"text-align: justify;\">Ao repor os dentes perdidos, tais pr\u00f3teses devolvem ao paciente n\u00e3o apenas sua apar\u00eancia est\u00e9tica, mas tamb\u00e9m contribui para eleva\u00e7\u00e3o da sua <a href=\"https:\/\/blog.psicologiaviva.com.br\/o-que-significa-autoestima\/\">auto-estima<\/a>, al\u00e9m de restabelecer suas fun\u00e7\u00f5es fon\u00e9tica e mastigat\u00f3ria.<\/p>\n<p>&nbsp;<\/p>\n<h4 style=\"text-align: justify;\"><span style=\"color: #0000ff;\"><strong>Pr\u00f3teses Dent\u00e1rias M\u00f3veis &#8211; Tipos mais comuns:<\/strong><\/span><\/h4>\n<p style=\"text-align: justify;\"><strong><span style=\"text-decoration: underline;\">Pr\u00f3teses M\u00f3veis Acr\u00edlicas<\/span><\/strong>: s\u00e3o pr\u00f3teses r\u00edgidas, menos elaboradas e mais r\u00fasticas, geralmente usadas como pr\u00f3teses\u00a0provis\u00f3rias.<\/p>\n<div id=\"attachment_13098\" style=\"width: 298px\" class=\"wp-caption alignleft\"><a class=\"dt-single-image\" href=\"https:\/\/odontoapeles.com.br\/dentista\/clinica-odontologica\/zona-sul\/wp-content\/uploads\/2019\/07\/Pr\u00f3tese-Dent\u00e1ria-M\u00f3vel-Acr\u00edlica-3.jpg\" data-dt-img-description=\"PR\u00d3TESE REMOV\u00cdVEL ACR\u00cdLICA\"><img fetchpriority=\"high\" decoding=\"async\" aria-describedby=\"caption-attachment-13098\" class=\"wp-image-13098\" title=\"Pr\u00f3teses Dent\u00e1rias M\u00f3veis Acr\u00edlicas Zona Sul, Pr\u00f3teses Dent\u00e1rias M\u00f3veis Acr\u00edlicas na Zona Sul, Pr\u00f3teses Dent\u00e1rias M\u00f3veis Acr\u00edlicas Zona Sul SP, Pr\u00f3teses Dent\u00e1rias M\u00f3veis Acr\u00edlicas na Zona Sul SP,\" src=\"https:\/\/odontoapeles.com.br\/dentista\/clinica-odontologica\/zona-sul\/wp-content\/uploads\/2019\/07\/Pr\u00f3tese-Dent\u00e1ria-M\u00f3vel-Acr\u00edlica-3.jpg\" alt=\"Pr\u00f3teses Dent\u00e1rias M\u00f3veis Acr\u00edlicas Zona Sul, Pr\u00f3teses Dent\u00e1rias M\u00f3veis Acr\u00edlicas na Zona Sul, Pr\u00f3teses Dent\u00e1rias M\u00f3veis Acr\u00edlicas Zona Sul SP, Pr\u00f3teses Dent\u00e1rias M\u00f3veis Acr\u00edlicas na Zona Sul SP,\" width=\"288\" height=\"190\" \/><\/a><p id=\"caption-attachment-13098\" class=\"wp-caption-text\"><strong><span style=\"color: #ff6600;\">PR\u00d3TESE M\u00d3VEL ACR\u00cdLICA<\/span><\/strong><\/p><\/div>\n<p style=\"text-align: justify;\">S\u00e3o muito utilizadas para promoverem temporariamente a reabilita\u00e7\u00e3o bucal do paciente at\u00e9 que suas condi\u00e7\u00f5es bucais permitam a confec\u00e7\u00e3o de pr\u00f3teses mais elaboradas e duradouras.<\/p>\n<p style=\"text-align: justify;\">Nestas pr\u00f3teses provis\u00f3rias, os dentes s\u00e3o prensados sobre uma placa de acr\u00edlico, a qual, durante seu uso, \u00e9 acoplada sobre os tecidos gengivais e sobre o p\u00e1lato (no caso da arcada superior), prendendo-se tamb\u00e9m ao redor dos contornos dent\u00e1rios.<\/p>\n<p style=\"text-align: justify;\">Apesar da vantagem est\u00e9tica proporcionada pela aus\u00eancia de metais em sua constitui\u00e7\u00e3o, sua fixa\u00e7\u00e3o na boca do paciente geralmente \u00e9 bastante prec\u00e1ria.\u00a0A despeito disso, alguns pacientes adaptam-se t\u00e3o bem ao seu uso, que as utilizam como &#8220;definitivas&#8221;.<\/p>\n<p>&nbsp;<\/p>\n<p style=\"text-align: justify;\"><span style=\"text-decoration: underline;\"><strong>Pr\u00f3teses M\u00f3veis com Arma\u00e7\u00e3o Met\u00e1lica e Grampos Met\u00e1licos<\/strong><\/span>: s\u00e3o pr\u00f3teses mais complexas que as acr\u00edlicas.<\/p>\n<div id=\"attachment_13090\" style=\"width: 298px\" class=\"wp-caption alignleft\"><a class=\"dt-single-image\" href=\"https:\/\/odontoapeles.com.br\/dentista\/clinica-odontologica\/zona-sul\/wp-content\/uploads\/2019\/07\/Pr\u00f3teses-Remov\u00edveis-com-Grampos-Met\u00e1ilicos.jpg\" data-dt-img-description=\"PR\u00d3TESES M\u00d3VEIS COM GRAMPOS MET\u00c1LICOS\"><img decoding=\"async\" aria-describedby=\"caption-attachment-13090\" class=\"wp-image-13090\" title=\"Pr\u00f3teses Dent\u00e1rias M\u00f3veis com Grampos Met\u00e1licos Zona Sul, Pr\u00f3teses Dent\u00e1rias M\u00f3veis com Grampos Met\u00e1licos na Zona Sul, Pr\u00f3teses Dent\u00e1rias M\u00f3veis com Grampos Met\u00e1licos Zona Sul SP, Pr\u00f3teses Dent\u00e1rias M\u00f3veis com Grampos Met\u00e1licos na Zona Sul SP,\" src=\"https:\/\/odontoapeles.com.br\/dentista\/clinica-odontologica\/zona-sul\/wp-content\/uploads\/2019\/07\/Pr\u00f3teses-Remov\u00edveis-com-Grampos-Met\u00e1ilicos.jpg\" alt=\"Pr\u00f3teses Dent\u00e1rias M\u00f3veis com Grampos Met\u00e1licos Zona Sul, Pr\u00f3teses Dent\u00e1rias M\u00f3veis com Grampos Met\u00e1licos na Zona Sul, Pr\u00f3teses Dent\u00e1rias M\u00f3veis com Grampos Met\u00e1licos Zona Sul SP, Pr\u00f3teses Dent\u00e1rias M\u00f3veis com Grampos Met\u00e1licos na Zona Sul SP,\" width=\"288\" height=\"208\" \/><\/a><p id=\"caption-attachment-13090\" class=\"wp-caption-text\"><strong><span style=\"color: #ff6600;\">PR\u00d3TESES M\u00d3VEIS COM GRAMPOS MET\u00c1LICOS<\/span><\/strong><\/p><\/div>\n<p style=\"text-align: justify;\">S\u00e3o constitu\u00eddas de dentes artificiais prensados sobre uma arma\u00e7\u00e3o met\u00e1lica, a qual apresenta grampos tamb\u00e9m met\u00e1licos que se encaixam e prendem-se firmemente aos dentes naturais remanescentes do paciente durante seu uso.<\/p>\n<p style=\"text-align: justify;\">Estas pr\u00f3teses, apesar da desvantagem est\u00e9tica decorrente da exposi\u00e7\u00e3o visual\u00a0de alguns de seus componentes met\u00e1licos por ocasi\u00e3o do sorriso do paciente, proporcionam maior conforto.<\/p>\n<p style=\"text-align: justify;\">Esta situa\u00e7\u00e3o decorre do fato de que, al\u00e9m de ocuparem por\u00e7\u00f5es menores da cavidade bucal, apresentam maior fixa\u00e7\u00e3o e melhor estabilidade na cavidade bucal.<\/p>\n<p style=\"text-align: justify;\">A propriedade de exibirem a melhor fixa\u00e7\u00e3o dentre os tipos convencionais de pr\u00f3teses m\u00f3veis \u00e9 resultado da justa adapta\u00e7\u00e3o dos grampos met\u00e1licos sobre os dentes que lhes servem de apoio.<\/p>\n<p>&nbsp;<\/p>\n<p style=\"text-align: justify;\"><span style=\"text-decoration: underline;\"><strong>Pr\u00f3teses M\u00f3veis Flex\u00edveis<\/strong><\/span>: estas pr\u00f3teses, caracterizadas por apresentarem flexibilidade, s\u00e3o isentas de metais em sua constitui\u00e7\u00e3o e foram desenvolvidas visando basicamente eliminar a desvantagem est\u00e9tica das pontes m\u00f3veis com grampos met\u00e1licos.<\/p>\n<div id=\"attachment_13085\" style=\"width: 298px\" class=\"wp-caption alignleft\"><a class=\"dt-single-image\" href=\"https:\/\/odontoapeles.com.br\/dentista\/clinica-odontologica\/zona-sul\/wp-content\/uploads\/2019\/07\/Pr\u00f3tese-M\u00f3vel-Flex\u00edvel.jpg\" data-dt-img-description=\"PR\u00d3TESE M\u00d3VEL FLEX\u00cdVEL\"><img decoding=\"async\" aria-describedby=\"caption-attachment-13085\" class=\"wp-image-13085 size-full\" title=\"Pr\u00f3teses Dent\u00e1rias M\u00f3veis Flex\u00edveis Zona Sul, Pr\u00f3teses Dent\u00e1rias M\u00f3veis Flex\u00edveis na Zona Sul, Pr\u00f3teses Dent\u00e1rias M\u00f3veis Flex\u00edveis Zona Sul SP, Pr\u00f3teses Dent\u00e1rias M\u00f3veis Flex\u00edveis na Zona Sul SP,\" src=\"https:\/\/odontoapeles.com.br\/dentista\/clinica-odontologica\/zona-sul\/wp-content\/uploads\/2019\/07\/Pr\u00f3tese-M\u00f3vel-Flex\u00edvel.jpg\" alt=\"Pr\u00f3teses Dent\u00e1rias M\u00f3veis Flex\u00edveis Zona Sul, Pr\u00f3teses Dent\u00e1rias M\u00f3veis Flex\u00edveis na Zona Sul, Pr\u00f3teses Dent\u00e1rias M\u00f3veis Flex\u00edveis Zona Sul SP, Pr\u00f3teses Dent\u00e1rias M\u00f3veis Flex\u00edveis na Zona Sul SP,\" width=\"288\" height=\"175\" \/><\/a><p id=\"caption-attachment-13085\" class=\"wp-caption-text\"><strong><span style=\"color: #ff6600;\">PR\u00d3TESE M\u00d3VEL FLEX\u00cdVEL<\/span><\/strong><\/p><\/div>\n<p style=\"text-align: justify;\">Al\u00e9m disso, pretendem garantir uma fixa\u00e7\u00e3o razo\u00e1vel durante seu uso, por meio de aletas constitu\u00eddas por um material est\u00e9tico flex\u00edvel.<\/p>\n<p style=\"text-align: justify;\">Estas aletas envolvem e abra\u00e7am alguns dentes remanescentes naturais do paciente, proporcionando maior estabilidade \u00e0s pr\u00f3teses flex\u00edveis durante a mastiga\u00e7\u00e3o e dic\u00e7\u00e3o.<\/p>\n<p style=\"text-align: justify;\">Quando bem indicadas, podem trazer satisfa\u00e7\u00e3o e conforto ao paciente.<\/p>\n<p style=\"text-align: justify;\">Contudo, em termos de fixa\u00e7\u00e3o e estabilidade na boca, n\u00e3o podem equiparar-se \u00e0s mais est\u00e1veis pr\u00f3teses com grampos met\u00e1licos, principalmente quando faltam os dentes mais posteriores.<\/p>\n<p>&nbsp;<\/p>\n<h4 style=\"text-align: justify;\"><span style=\"color: #0000ff;\"><strong>Pr\u00f3teses Dent\u00e1rias M\u00f3veis com Grampos Met\u00e1licos &#8211; \u00a0Etapas da Confec\u00e7\u00e3o:<\/strong><\/span><\/h4>\n<p>A confec\u00e7\u00e3o das <strong><span style=\"text-decoration: underline;\">pr\u00f3teses m\u00f3veis<\/span><\/strong>\u00a0se inicia atrav\u00e9s da moldagem das arcadas dent\u00e1rias, a\u00a0partir das quais s\u00e3o obtidos modelos de gesso que reproduzem perfeitamente as arcadas dent\u00e1rias do paciente,<\/p>\n<div id=\"attachment_15053\" style=\"width: 190px\" class=\"wp-caption alignleft\"><a class=\"dt-single-image\" href=\"https:\/\/odontoapeles.com.br\/dentista\/clinica-odontologica\/zona-sul\/wp-content\/uploads\/2020\/07\/MOLDEIRAS.jpg\" data-dt-img-description=\"MOLDEIRAS\"><img loading=\"lazy\" decoding=\"async\" aria-describedby=\"caption-attachment-15053\" class=\"wp-image-15053\" src=\"https:\/\/odontoapeles.com.br\/dentista\/clinica-odontologica\/zona-sul\/wp-content\/uploads\/2020\/07\/MOLDEIRAS.jpg\" alt=\"\" width=\"180\" height=\"180\" srcset=\"https:\/\/odontoapeles.com.br\/dentista\/clinica-odontologica\/zona-sul\/wp-content\/uploads\/2020\/07\/MOLDEIRAS.jpg 225w, https:\/\/odontoapeles.com.br\/dentista\/clinica-odontologica\/zona-sul\/wp-content\/uploads\/2020\/07\/MOLDEIRAS-150x150.jpg 150w, https:\/\/odontoapeles.com.br\/dentista\/clinica-odontologica\/zona-sul\/wp-content\/uploads\/2020\/07\/MOLDEIRAS-32x32.jpg 32w, https:\/\/odontoapeles.com.br\/dentista\/clinica-odontologica\/zona-sul\/wp-content\/uploads\/2020\/07\/MOLDEIRAS-45x45.jpg 45w\" sizes=\"(max-width: 180px) 100vw, 180px\" \/><\/a><p id=\"caption-attachment-15053\" class=\"wp-caption-text\"><span style=\"color: #ff6600;\"><strong>MOLDEIRAS PARA OBTEN\u00c7\u00c3O DOS MOLDES<\/strong><\/span><\/p><\/div>\n<p style=\"text-align: justify;\">Os\u00a0modelos de gesso\u00a0s\u00e3o montados em articuladores profissionais, os quais permitem a visualiza\u00e7\u00e3o artificial da mordida do paciente.<\/p>\n<p style=\"text-align: justify;\">Desta maneira, os dentes artificiais poder\u00e3o ser\u00e3o montados ou de modo a respeitar a forma como se contatam os dentes superiores e inferiores remanescentes do paciente ou de forma a modificar esse padr\u00e3o de contato.<\/p>\n<p style=\"text-align: justify;\">A modifica\u00e7\u00e3o do padr\u00e3o de contato dos dentes geralmente \u00e9 realizada para aumentar a altura da mordida do paciente, a qual geralmente apresenta-se diminu\u00edda pela perda pr\u00e9via de uma quantidade significativa de de dentes naturais,<\/p>\n<p style=\"text-align: justify;\">Algumas consultas\u00a0s\u00e3o necess\u00e1rias para a confec\u00e7\u00e3o das <strong><span style=\"text-decoration: underline;\">pr\u00f3teses m\u00f3veis<\/span>\u00a0<\/strong>pr\u00f3tese e envio dos moldes para o t\u00e9cnico em pr\u00f3teses dent\u00e1rias (prot\u00e9tico), para confec\u00e7\u00e3o da arma\u00e7\u00e3o met\u00e1lica.<\/p>\n<p style=\"text-align: justify;\">Ap\u00f3s o recebimento da arma\u00e7\u00e3o met\u00e1lica, ser\u00e1 realizada uma consulta para instala\u00e7\u00e3o e ajuste da arma\u00e7\u00e3o met\u00e1lica, para incluir os dentes definitivos e fazer os ajustes finais.<\/p>\n<p style=\"text-align: justify;\">\u00c9 importante ressaltar que a ponte m\u00f3vel tem uma durabilidade curta e pode apresentar instabilidade, dessa forma a coloca\u00e7\u00e3o da pr\u00f3tese definitiva \u00e9 fundamental para o sucesso do tratamento.<\/p>\n<p>&nbsp;<\/p>\n<h4 style=\"text-align: justify;\"><span style=\"color: #0000ff;\"><strong>Pr\u00f3teses Dent\u00e1rias M\u00f3veis &#8211; Cuidados ap\u00f3s suas instala\u00e7\u00f5es:<\/strong><\/span><\/h4>\n<ul>\n<li style=\"text-align: justify;\">O per\u00edodo de adapta\u00e7\u00e3o com a nova pr\u00f3tese \u00e9 muito importante, voc\u00ea ter\u00e1 que reaprender a falar e se alimentar, evite alimentos muito duros ou fibrosos, tais como carnes;<\/li>\n<\/ul>\n<ul>\n<li style=\"text-align: justify;\">\u00c9 importante que a pr\u00f3tese n\u00e3o lhe machuque. \u00c9 comum ter que voltar ao dentista para realizar determinados ajustes;<\/li>\n<\/ul>\n<ul>\n<li style=\"text-align: justify;\">Quando fora da boca, guarde sua pr\u00f3tese num recipiente com \u00e1gua, ela foi feita para ficar em ambiente \u00famido, caso contr\u00e1rio ela poder\u00e1 ressecar e quebrar facilmente;<\/li>\n<\/ul>\n<ul>\n<li style=\"text-align: justify;\">Higienize diariamente sua pr\u00f3tese com uma escova dental macia.<\/li>\n<\/ul>\n<ul>\n<li style=\"text-align: justify;\">Recomenda-se massagear a gengiva e o c\u00e9u da boca (palato) para promover a circula\u00e7\u00e3o sangu\u00ednea e remover placas bacterianas aderidas \u00e0 mucosa.<\/li>\n<\/ul>\n<p><a class=\"dt-single-image\" href=\"https:\/\/odontoapeles.com.br\/dentista\/clinica-odontologica\/zona-sul\/wp-content\/uploads\/2018\/08\/cabecalho-11.png\" data-dt-img-description=\"\"><img loading=\"lazy\" decoding=\"async\" class=\"aligncenter wp-image-10843 size-full\" title=\"Pontes Dentais M\u00f3veis, Pontes Dentais M\u00f3veis Zona Sul, Pontes Dentais M\u00f3veis Zona Sul SP, \" src=\"https:\/\/odontoapeles.com.br\/dentista\/clinica-odontologica\/zona-sul\/wp-content\/uploads\/2018\/08\/cabecalho-11.png\" alt=\"Pontes Dentais M\u00f3veis, Pontes Dentais M\u00f3veis Zona Sul, Pontes Dentais M\u00f3veis Zona Sul SP, \" width=\"910\" height=\"272\" srcset=\"https:\/\/odontoapeles.com.br\/dentista\/clinica-odontologica\/zona-sul\/wp-content\/uploads\/2018\/08\/cabecalho-11.png 910w, https:\/\/odontoapeles.com.br\/dentista\/clinica-odontologica\/zona-sul\/wp-content\/uploads\/2018\/08\/cabecalho-11-300x90.png 300w, https:\/\/odontoapeles.com.br\/dentista\/clinica-odontologica\/zona-sul\/wp-content\/uploads\/2018\/08\/cabecalho-11-768x230.png 768w, https:\/\/odontoapeles.com.br\/dentista\/clinica-odontologica\/zona-sul\/wp-content\/uploads\/2018\/08\/cabecalho-11-600x179.png 600w\" sizes=\"(max-width: 910px) 100vw, 910px\" \/><\/a><\/p>\n<p>&nbsp;<\/p>\n<div class=\"caldera-grid\" id=\"caldera_form_1\" data-cf-ver=\"1.9.7\" data-cf-form-id=\"CF5b00382b5a25d\"><div id=\"caldera_notices_1\" data-spinner=\"https:\/\/odontoapeles.com.br\/dentista\/clinica-odontologica\/zona-sul\/wp-admin\/images\/spinner.gif\"><\/div><form data-instance=\"1\" class=\"CF5b00382b5a25d caldera_forms_form cfajax-trigger\" method=\"POST\" enctype=\"multipart\/form-data\" id=\"CF5b00382b5a25d_1\" data-form-id=\"CF5b00382b5a25d\" aria-label=\"FALE CONOSCO\" data-target=\"#caldera_notices_1\" data-template=\"#cfajax_CF5b00382b5a25d-tmpl\" data-cfajax=\"CF5b00382b5a25d\" data-load-element=\"_parent\" data-load-class=\"cf_processing\" data-post-disable=\"0\" data-action=\"cf_process_ajax_submit\" data-request=\"https:\/\/odontoapeles.com.br\/dentista\/clinica-odontologica\/zona-sul\/cf-api\/CF5b00382b5a25d\" data-hiderows=\"true\">\r\n<input type=\"hidden\" id=\"_cf_verify_CF5b00382b5a25d\" name=\"_cf_verify\" value=\"8d273d72f2\"  data-nonce-time=\"1777501010\" \/><input type=\"hidden\" name=\"_wp_http_referer\" value=\"\/dentista\/clinica-odontologica\/zona-sul\/wp-json\/wp\/v2\/pages\/1164\" \/><div id=\"cf2-CF5b00382b5a25d_1\"><\/div><input type=\"hidden\" name=\"_cf_frm_id\" value=\"CF5b00382b5a25d\">\r\n<input type=\"hidden\" name=\"_cf_frm_ct\" value=\"1\">\r\n<input type=\"hidden\" name=\"cfajax\" value=\"CF5b00382b5a25d\">\r\n<input type=\"hidden\" name=\"_cf_cr_pst\" value=\"1164\">\r\n<div class=\"hide\" style=\"display:none; overflow:hidden;height:0;width:0;\">\r\n<label>Order Number<\/label><input type=\"text\" name=\"order_number\" value=\"\" autocomplete=\"off\">\r\n<\/div><div id=\"CF5b00382b5a25d_1-row-1\"  class=\"row  first_row\"><div  class=\"col-sm-12  single\"><div class=\"\"><\/div><\/div><\/div><div id=\"CF5b00382b5a25d_1-row-2\"  class=\"row \"><div  class=\"col-sm-4  first_col\"><div data-field-wrapper=\"fld_8768091\" class=\"form-group\" id=\"fld_8768091_1-wrap\">\r\n\t<label id=\"fld_8768091Label\" for=\"fld_8768091_1\" class=\"control-label\">Nome <span aria-hidden=\"true\" role=\"presentation\" class=\"field_required\" style=\"color:#ee0000;\">*<\/span><\/label>\r\n\t<div class=\"\">\r\n\t\t<input   required type=\"text\" data-field=\"fld_8768091\" class=\" form-control\" id=\"fld_8768091_1\" name=\"fld_8768091\" value=\"\" data-type=\"text\" aria-required=\"true\"   aria-labelledby=\"fld_8768091Label\" >\t\t\t<\/div>\r\n<\/div>\r\n<div data-field-wrapper=\"fld_9286608\" class=\"form-group\" id=\"fld_9286608_1-wrap\">\r\n\t<label id=\"fld_9286608Label\" for=\"fld_9286608_1\" class=\"control-label\">WhatsApp<\/label>\r\n\t<div class=\"\">\r\n\t\t<input    type=\"text\" data-field=\"fld_9286608\" class=\" form-control\" id=\"fld_9286608_1\" name=\"fld_9286608\" value=\"\" data-type=\"text\"   aria-labelledby=\"fld_9286608Label\" >\t\t\t<\/div>\r\n<\/div>\r\n<\/div><div  class=\"col-sm-4 \"><div data-field-wrapper=\"fld_9970286\" class=\"form-group\" id=\"fld_9970286_1-wrap\">\r\n\t<label id=\"fld_9970286Label\" for=\"fld_9970286_1\" class=\"control-label\">Telefone <span aria-hidden=\"true\" role=\"presentation\" class=\"field_required\" style=\"color:#ee0000;\">*<\/span><\/label>\r\n\t<div class=\"\">\r\n\t\t<input   required type=\"text\" data-field=\"fld_9970286\" class=\" form-control\" id=\"fld_9970286_1\" name=\"fld_9970286\" value=\"\" data-type=\"text\" aria-required=\"true\"   aria-labelledby=\"fld_9970286Label\" >\t\t\t<\/div>\r\n<\/div>\r\n<div data-field-wrapper=\"fld_8026901\" class=\"form-group\" id=\"fld_8026901_1-wrap\">\r\n\t<label id=\"fld_8026901Label\" for=\"fld_8026901_1\" class=\"control-label\">Como nos Conheceu?<\/label>\r\n\t<div class=\"\">\r\n\t\t<select name=\"fld_8026901\" value=\"opt1754659\" data-field=\"fld_8026901\" class=\"form-control\" id=\"fld_8026901_1\"    aria-labelledby=\"fld_8026901Label\" >\n\t\t\t\t\t\t\t<option value=\"Google\" selected=\"selected\" data-calc-value=\"Google\" >\n\t\t\t\t\t\tGoogle\t\t\t\t\t<\/option>\n\t\t\t\t\t\t\t\t\t\t<option value=\"Facebook\"  data-calc-value=\"Facebook\" >\n\t\t\t\t\t\tFacebook\t\t\t\t\t<\/option>\n\t\t\t\t\t\t\t\t\t\t<option value=\"Instagram\"  data-calc-value=\"Instagram\" >\n\t\t\t\t\t\tInstagram\t\t\t\t\t<\/option>\n\t\t\t\t\t\t\t\t\t\t<option value=\"Indica\u00e7\u00e3o\"  data-calc-value=\"Indica\u00e7\u00e3o\" >\n\t\t\t\t\t\tIndica\u00e7\u00e3o\t\t\t\t\t<\/option>\n\t\t\t\t\t\t\t\t\t\t<option value=\"Placa\"  data-calc-value=\"Placa\" >\n\t\t\t\t\t\tPlaca\t\t\t\t\t<\/option>\n\t\t\t\t\t\t\t\t\t\t<option value=\"Outros\"  data-calc-value=\"Outros\" >\n\t\t\t\t\t\tOutros\t\t\t\t\t<\/option>\n\t\t\t\t\t\t\t<\/select>\n\t\t\t<\/div>\r\n<\/div>\r\n<\/div><div  class=\"col-sm-4  last_col\"><div data-field-wrapper=\"fld_6009157\" class=\"form-group\" id=\"fld_6009157_1-wrap\">\r\n\t<label id=\"fld_6009157Label\" for=\"fld_6009157_1\" class=\"control-label\">Endere\u00e7o de E-mail <span aria-hidden=\"true\" role=\"presentation\" class=\"field_required\" style=\"color:#ee0000;\">*<\/span><\/label>\r\n\t<div class=\"\">\r\n\t\t<input   required type=\"email\" data-field=\"fld_6009157\" class=\" form-control\" id=\"fld_6009157_1\" name=\"fld_6009157\" value=\"\" data-type=\"email\" aria-required=\"true\"   aria-labelledby=\"fld_6009157Label\" >\t\t\t<\/div>\r\n<\/div>\r\n<div data-field-wrapper=\"fld_2601416\" class=\"form-group\" id=\"fld_2601416_1-wrap\">\r\n\t<label id=\"fld_2601416Label\" for=\"fld_2601416_1\" class=\"control-label\">Que Tratamento Deseja Realizar?<\/label>\r\n\t<div class=\"\">\r\n\t\t<select name=\"fld_2601416\" value=\"\" data-field=\"fld_2601416\" class=\"form-control\" id=\"fld_2601416_1\"    aria-labelledby=\"fld_2601416Label\" >\n\t\t<option value=\"\"><\/option>\r\n\t\t\t\t\t<option value=\"Harmoniza\u00e7\u00e3o Orofacial\"  data-calc-value=\"Harmoniza\u00e7\u00e3o Orofacial\" >\n\t\t\t\t\t\tHarmoniza\u00e7\u00e3o Orofacial\t\t\t\t\t<\/option>\n\t\t\t\t\t\t\t\t\t\t<option value=\"Botox e Preenchimento Facial\"  data-calc-value=\"Botox e Preenchimento Facial\" >\n\t\t\t\t\t\tBotox e Preenchimento Facial\t\t\t\t\t<\/option>\n\t\t\t\t\t\t\t\t\t\t<option value=\"Bichectomia\"  data-calc-value=\"Bichectomia\" >\n\t\t\t\t\t\tBichectomia\t\t\t\t\t<\/option>\n\t\t\t\t\t\t\t\t\t\t<option value=\"Lipo de Papada\"  data-calc-value=\"Lipo de Papada\" >\n\t\t\t\t\t\tLipo de Papada\t\t\t\t\t<\/option>\n\t\t\t\t\t\t\t\t\t\t<option value=\"Jato de Plasma\"  data-calc-value=\"Jato de Plasma\" >\n\t\t\t\t\t\tJato de Plasma\t\t\t\t\t<\/option>\n\t\t\t\t\t\t\t\t\t\t<option value=\"Odontologia Est\u00e9tica\"  data-calc-value=\"Odontologia Est\u00e9tica\" >\n\t\t\t\t\t\tOdontologia Est\u00e9tica\t\t\t\t\t<\/option>\n\t\t\t\t\t\t\t\t\t\t<option value=\"Rinomodela\u00e7\u00e3o\"  data-calc-value=\"Rinomodela\u00e7\u00e3o\" >\n\t\t\t\t\t\tRinomodela\u00e7\u00e3o\t\t\t\t\t<\/option>\n\t\t\t\t\t\t\t\t\t\t<option value=\"Implantes Dent\u00e1rios\"  data-calc-value=\"Implantes Dent\u00e1rios\" >\n\t\t\t\t\t\tImplantes Dent\u00e1rios\t\t\t\t\t<\/option>\n\t\t\t\t\t\t\t\t\t\t<option value=\"Clareamento Dental\"  data-calc-value=\"Clareamento Dental\" >\n\t\t\t\t\t\tClareamento Dental\t\t\t\t\t<\/option>\n\t\t\t\t\t\t\t\t\t\t<option value=\"Ortodontia\"  data-calc-value=\"Ortodontia\" >\n\t\t\t\t\t\tOrtodontia\t\t\t\t\t<\/option>\n\t\t\t\t\t\t\t\t\t\t<option value=\"Endodontia\"  data-calc-value=\"Endodontia\" >\n\t\t\t\t\t\tEndodontia\t\t\t\t\t<\/option>\n\t\t\t\t\t\t\t\t\t\t<option value=\"Pr\u00f3tese Dental\"  data-calc-value=\"Pr\u00f3tese Dental\" >\n\t\t\t\t\t\tPr\u00f3tese Dental\t\t\t\t\t<\/option>\n\t\t\t\t\t\t\t\t\t\t<option value=\"Periodontia\"  data-calc-value=\"Periodontia\" >\n\t\t\t\t\t\tPeriodontia\t\t\t\t\t<\/option>\n\t\t\t\t\t\t\t\t\t\t<option value=\"Cirurgia Oral\"  data-calc-value=\"Cirurgia Oral\" >\n\t\t\t\t\t\tCirurgia Oral\t\t\t\t\t<\/option>\n\t\t\t\t\t\t\t<\/select>\n\t\t\t<\/div>\r\n<\/div>\r\n<\/div><\/div><div id=\"CF5b00382b5a25d_1-row-3\"  class=\"row \"><div  class=\"col-sm-12  single\"><div data-field-wrapper=\"fld_8340154\" class=\"form-group\" id=\"fld_8340154_1-wrap\">\r\n\t<label id=\"fld_8340154Label\" for=\"fld_8340154_1\" class=\"control-label\">Sua Mensagem<\/label>\r\n\t<div class=\"\">\r\n\t\t<textarea name=\"fld_8340154\" value=\"\" data-field=\"fld_8340154\" class=\"form-control\" id=\"fld_8340154_1\" rows=\"4\"    aria-labelledby=\"fld_8340154Label\" ><\/textarea>\n\t\t\t<\/div>\r\n<\/div>\r\n<div class=\"\"><p><\/p>\n<\/div><\/div><\/div><div id=\"CF5b00382b5a25d_1-row-4\"  class=\"row  last_row\"><div  class=\"col-sm-12  single\"><div data-field-wrapper=\"fld_7908577\" class=\"form-group\" id=\"fld_7908577_1-wrap\">\r\n<div class=\"\">\r\n\t<input  class=\"btn btn-default\" type=\"submit\" name=\"fld_7908577\" id=\"fld_7908577_1\" value=\"Enviar Mensagem\" data-field=\"fld_7908577\"  >\n<\/div>\r\n<\/div>\r\n\t<input class=\"button_trigger_1\" type=\"hidden\" name=\"fld_7908577\" id=\"fld_7908577_1_btn\" value=\"\" data-field=\"fld_7908577\"  \/>\n<\/div><\/div><\/form>\r\n<\/div>\r\n\n<h2 style=\"text-align: justify;\"><span style=\"color: #ffffff;\"><strong>Pr\u00f3teses Dent\u00e1rias M\u00f3veis perto de mim e perto daqui Zona Sul SP, Pr\u00f3teses Dent\u00e1rias M\u00f3veis perto da minha casa e perto do meu local Zona Sul SP,<\/strong><\/span><\/h2>\n<h2 style=\"text-align: justify;\"><span style=\"color: #ffffff;\"><strong>Pr\u00f3teses Dent\u00e1rias M\u00f3veis, Melhores Pr\u00f3teses Dentarias M\u00f3veis,\u00a0<\/strong><strong>Pr\u00f3teses Dent\u00e1rias M\u00f3veis Zona Sul, Pr\u00f3teses Dent\u00e1rias M\u00f3veis na Zona Sul, Pr\u00f3teses Dent\u00e1rias M\u00f3veis Zona Sul SP, Pr\u00f3teses Dent\u00e1rias M\u00f3veis na Zona Sul SP, Pr\u00f3teses Dent\u00e1rias M\u00f3veis Zona Sul de SP, Pr\u00f3teses Dent\u00e1rias M\u00f3veis na Zona Sul de SP, Pr\u00f3teses Dent\u00e1rias M\u00f3veis Zona Sul de S\u00e3o Paulo, Pr\u00f3teses Dent\u00e1rias M\u00f3veis na Zona Sul de S\u00e3o Paulo,\u00a0<\/strong><strong>Pr\u00f3teses Dent\u00e1rias M\u00f3veis SP, Pr\u00f3teses Dent\u00e1rias M\u00f3veis em SP, <\/strong><strong>Pr\u00f3teses Dent\u00e1rias M\u00f3veis S\u00e3o Paulo, Pr\u00f3teses Dent\u00e1rias M\u00f3veis em S\u00e3o Paulo,\u00a0<\/strong><\/span><\/h2>\n<h2 style=\"text-align: justify;\"><span style=\"color: #ffffff;\"><strong>Pr\u00f3teses Dent\u00e1rias M\u00f3veis, Melhores Pr\u00f3teses Dentarias M\u00f3veis,\u00a0<\/strong><strong>Pr\u00f3teses Dent\u00e1rias M\u00f3veis Zona Sul, Pr\u00f3teses Dent\u00e1rias M\u00f3veis na Zona Sul, Pr\u00f3teses Dent\u00e1rias M\u00f3veis Zona Sul SP, Pr\u00f3teses Dent\u00e1rias M\u00f3veis na Zona Sul SP, Pr\u00f3teses Dent\u00e1rias M\u00f3veis Zona Sul de SP, Pr\u00f3teses Dent\u00e1rias M\u00f3veis na Zona Sul de SP, Pr\u00f3teses Dent\u00e1rias M\u00f3veis Zona Sul de S\u00e3o Paulo, Pr\u00f3teses Dent\u00e1rias M\u00f3veis na Zona Sul de S\u00e3o Paulo,\u00a0<\/strong><strong>Pr\u00f3teses Dent\u00e1rias M\u00f3veis SP, Pr\u00f3teses Dent\u00e1rias M\u00f3veis em SP, <\/strong><strong>Pr\u00f3teses Dent\u00e1rias M\u00f3veis S\u00e3o Paulo, Pr\u00f3teses Dent\u00e1rias M\u00f3veis em S\u00e3o Paulo,\u00a0<\/strong><\/span><\/h2>\n<h2 style=\"text-align: justify;\"><span style=\"color: #ffffff;\"><strong>Pr\u00f3teses Dent\u00e1rias Remov\u00edveis, Melhores\u00a0<\/strong><strong>Pr\u00f3teses Dent\u00e1rias Remov\u00edveis,\u00a0<\/strong><strong>Pr\u00f3teses Dent\u00e1rias Remov\u00edveis Zona Sul, Pr\u00f3teses Dent\u00e1rias Remov\u00edveis na Zona Sul, Pr\u00f3teses Dent\u00e1rias Remov\u00edveis Zona Sul SP, Pr\u00f3teses Dent\u00e1rias Remov\u00edveis na Zona Sul SP, Pr\u00f3teses Dent\u00e1rias Remov\u00edveis Zona Sul de SP, Pr\u00f3teses Dent\u00e1rias Remov\u00edveis na Zona Sul de SP, Pr\u00f3teses Dent\u00e1rias Remov\u00edveis Zona Sul de S\u00e3o Paulo, Pr\u00f3teses Dent\u00e1rias Remov\u00edveis na Zona Sul de S\u00e3o Paulo,\u00a0<\/strong><strong>Pr\u00f3teses Dent\u00e1rias Remov\u00edveis Dent\u00e1rias M\u00f3veis SP, Pr\u00f3teses Dent\u00e1rias Remov\u00edveis em SP,\u00a0<\/strong><strong>Pr\u00f3teses Dent\u00e1rias Remov\u00edveis S\u00e3o Paulo, Pr\u00f3teses Dent\u00e1rias Remov\u00edveis em S\u00e3o Paulo,\u00a0<\/strong><\/span><\/h2>\n<h2><span style=\"color: #ffffff;\"><strong>Pr\u00f3teses Dent\u00e1rias M\u00f3veis,\u00a0<\/strong><\/span><\/h2>\n<h2 style=\"text-align: justify;\"><span style=\"color: #ffffff;\"><strong>Pr\u00f3teses Dent\u00e1rias Remov\u00edveis, Melhores\u00a0<\/strong><strong>Pr\u00f3teses Dent\u00e1rias Remov\u00edveis, <\/strong><strong>Pr\u00f3teses Dent\u00e1rias Remov\u00edveis Zona Sul, Pr\u00f3teses Dent\u00e1rias Remov\u00edveis na Zona Sul, Pr\u00f3teses Dent\u00e1rias Remov\u00edveis Zona Sul SP, Pr\u00f3teses Dent\u00e1rias Remov\u00edveis na Zona Sul SP, Pr\u00f3teses Dent\u00e1rias Remov\u00edveis Zona Sul de SP, Pr\u00f3teses Dent\u00e1rias Remov\u00edveis na Zona Sul de SP, Pr\u00f3teses Dent\u00e1rias Remov\u00edveis Zona Sul de S\u00e3o Paulo, Pr\u00f3teses Dent\u00e1rias Remov\u00edveis na Zona Sul de S\u00e3o Paulo,\u00a0<\/strong><strong>Pr\u00f3teses Dent\u00e1rias Remov\u00edveis Dent\u00e1rias M\u00f3veis SP, Pr\u00f3teses Dent\u00e1rias Remov\u00edveis em SP,\u00a0<\/strong><strong>P<\/strong><strong>r\u00f3teses Dent\u00e1rias Remov\u00edveis S\u00e3o Paulo, Pr\u00f3teses Dent\u00e1rias Remov\u00edveis em S\u00e3o Paulo,\u00a0<\/strong><\/span><\/h2>\n<h2 style=\"text-align: justify;\"><span style=\"color: #ffffff;\"><strong>Pr\u00f3teses Dent\u00e1rias Parciais Remov\u00edveis,\u00a0<\/strong><strong>Melhores Pr\u00f3teses Dent\u00e1rias Parciais Remov\u00edveis, <\/strong><strong>Pr\u00f3teses Dent\u00e1rias Parciais Remov\u00edveis Zona Sul, Pr\u00f3teses Dent\u00e1rias Parciais Remov\u00edveis na Zona Sul, Pr\u00f3teses Dent\u00e1rias Parciais Remov\u00edveis Zona Sul SP, Pr\u00f3teses Dent\u00e1rias Parciais Remov\u00edveis na Zona Sul SP, Pr\u00f3teses Dent\u00e1rias Parciais Remov\u00edveis Zona Sul de SP, Pr\u00f3teses Dent\u00e1rias Parciais Remov\u00edveis na Zona Sul de SP, Pr\u00f3teses Dent\u00e1rias Parciais Remov\u00edveis Zona Sul de S\u00e3o Paulo, Pr\u00f3teses Dent\u00e1rias Parciais Remov\u00edveis na Zona Sul de S\u00e3o Paulo,\u00a0<\/strong><strong>Pr\u00f3teses Dent\u00e1rias Parciais Remov\u00edveis Dent\u00e1rias M\u00f3veis SP, Pr\u00f3teses Dent\u00e1rias Parciais Remov\u00edveis em SP,\u00a0<\/strong><strong>Pr\u00f3teses Dent\u00e1rias Parciais Remov\u00edveis S\u00e3o Paulo, Pr\u00f3teses Dent\u00e1rias Parciais Remov\u00edveis em S\u00e3o Paulo,\u00a0<\/strong><\/span><\/h2>\n<h2><span style=\"color: #ffffff;\"><strong>Pr\u00f3teses Dent\u00e1rias M\u00f3veis,\u00a0<\/strong><\/span><\/h2>\n<h2 style=\"text-align: justify;\"><span style=\"color: #ffffff;\"><strong>Pr\u00f3teses Dent\u00e1rias Flex\u00edveis, Melhores\u00a0<\/strong><strong>Pr\u00f3teses Dent\u00e1rias Flex\u00edveis, <\/strong><strong>Pr\u00f3teses Dent\u00e1rias Flex\u00edveis Zona Sul, Pr\u00f3teses Dent\u00e1rias Flex\u00edveis na Zona Sul, Pr\u00f3teses Dent\u00e1rias Flex\u00edveis Zona Sul SP, Pr\u00f3teses Dent\u00e1rias Flex\u00edveis na Zona Sul SP, Pr\u00f3teses Dent\u00e1rias Flex\u00edveis Zona Sul de SP, Pr\u00f3teses Dent\u00e1rias Flex\u00edveis na Zona Sul de SP, Pr\u00f3teses Dent\u00e1rias Flex\u00edveis Zona Sul de S\u00e3o Paulo, Pr\u00f3teses Dent\u00e1rias Flex\u00edveis na Zona Sul de S\u00e3o Paulo,\u00a0<\/strong><strong>Pr\u00f3teses Dent\u00e1rias Flex\u00edveis SP, Pr\u00f3teses Dent\u00e1rias Flex\u00edveis em SP,\u00a0<\/strong><strong>Pr\u00f3teses Dent\u00e1rias Flex\u00edveis S\u00e3o Paulo, Pr\u00f3teses Dent\u00e1rias Flex\u00edveis em S\u00e3o Paulo,\u00a0<\/strong><\/span><\/h2>\n<h2 style=\"text-align: justify;\"><span style=\"color: #ffffff;\"><strong>Pr\u00f3teses Dent\u00e1rias Flex\u00edveis, Melhores\u00a0<\/strong><strong>Pr\u00f3teses Dent\u00e1rias Flex\u00edveis, <\/strong><strong>Pr\u00f3teses Dent\u00e1rias Flex\u00edveis Zona Sul, Pr\u00f3teses Dent\u00e1rias Flex\u00edveis na Zona Sul, Pr\u00f3teses Dent\u00e1rias Flex\u00edveis Zona Sul SP, Pr\u00f3teses Dent\u00e1rias Flex\u00edveis na Zona Sul SP, Pr\u00f3teses Dent\u00e1rias Flex\u00edveis Zona Sul de SP, Pr\u00f3teses Dent\u00e1rias Flex\u00edveis na Zona Sul de SP, Pr\u00f3teses Dent\u00e1rias Flex\u00edveis Zona Sul de S\u00e3o Paulo, Pr\u00f3teses Dent\u00e1rias Flex\u00edveis na Zona Sul de S\u00e3o Paulo,\u00a0<\/strong><strong>Pr\u00f3teses Dent\u00e1rias Flex\u00edveis SP, Pr\u00f3teses Dent\u00e1rias Flex\u00edveis em SP,\u00a0<\/strong><strong>Pr\u00f3teses Dent\u00e1rias Flex\u00edveis S\u00e3o Paulo, Pr\u00f3teses Dent\u00e1rias Flex\u00edveis em S\u00e3o Paulo,\u00a0<\/strong><\/span><\/h2>\n<h2><span style=\"color: #ffffff;\"><strong>Pr\u00f3teses Dent\u00e1rias M\u00f3veis,\u00a0<\/strong><\/span><\/h2>\n<h2 style=\"text-align: justify;\"><span style=\"color: #ffffff;\"><strong>Pr\u00f3teses Dent\u00e1rias com Grampos Est\u00e9ticos,\u00a0<\/strong><strong>Melhores Pr\u00f3teses Dent\u00e1rias com Grampos Est\u00e9ticos, <\/strong><strong>Pr\u00f3teses Dent\u00e1rias com Grampos Est\u00e9ticos Zona Sul, Pr\u00f3teses Dent\u00e1rias com Grampos Est\u00e9ticos na Zona Sul, Pr\u00f3teses Dent\u00e1rias com Grampos Est\u00e9ticos Zona Sul SP, Pr\u00f3teses Dent\u00e1rias com Grampos Est\u00e9ticos na Zona Sul SP, Pr\u00f3teses Dent\u00e1rias com Grampos Est\u00e9ticos Zona Sul de SP, Pr\u00f3teses Dent\u00e1rias com Grampos Est\u00e9ticos na Zona Sul de SP, Pr\u00f3teses Dent\u00e1rias com Grampos Est\u00e9ticos Zona Sul de S\u00e3o Paulo, Pr\u00f3teses Dent\u00e1rias com Grampos Est\u00e9ticos na Zona Sul de S\u00e3o Paulo,\u00a0<\/strong><strong>Pr\u00f3teses Dent\u00e1ria com Grampos Est\u00e9ticos SP, Pr\u00f3teses Dent\u00e1rias com Grampos Est\u00e9ticos em SP,\u00a0<\/strong><strong>Pr\u00f3teses Dent\u00e1rias com Grampos Est\u00e9ticos S\u00e3o Paulo, Pr\u00f3teses Dent\u00e1rias com Grampos Est\u00e9ticos em S\u00e3o Paulo,\u00a0<\/strong><\/span><\/h2>\n<h2><span style=\"color: #ffffff;\"><strong>Pr\u00f3teses Dent\u00e1rias M\u00f3veis,<\/strong><\/span><\/h2>\n<h2 style=\"text-align: justify;\"><span style=\"color: #ffffff;\"><strong>Pr\u00f3teses Dent\u00e1rias com Grampos Met\u00e1licos, Melhores\u00a0<\/strong><strong>Pr\u00f3teses Dent\u00e1rias com Grampos Met\u00e1licos,\u00a0<\/strong><strong>Pr\u00f3teses Dent\u00e1rias com Grampos Met\u00e1licos Zona Sul, Pr\u00f3teses Dent\u00e1rias com Grampos Met\u00e1licos na Zona Sul, Pr\u00f3teses Dent\u00e1rias com Grampos Met\u00e1licos Zona Sul SP, Pr\u00f3teses Dent\u00e1rias com Grampos Met\u00e1licos na Zona Sul SP, Pr\u00f3teses Dent\u00e1rias com Grampos Met\u00e1licos Zona Sul de SP, Pr\u00f3teses Dent\u00e1rias com Grampos Met\u00e1licos na Zona Sul de SP, Pr\u00f3teses Dent\u00e1rias com Met\u00e1licos Est\u00e9ticos Zona Sul de S\u00e3o Paulo, Pr\u00f3teses Dent\u00e1rias com Grampos Met\u00e1licos na Zona Sul de S\u00e3o Paulo,\u00a0<\/strong><strong>Pr\u00f3teses Dent\u00e1rias com Grampos Met\u00e1licos SP, Pr\u00f3teses Dent\u00e1rias com Grampos Met\u00e1licos em SP,\u00a0<\/strong><strong>Pr\u00f3teses Dent\u00e1rias com Grampos Met\u00e1licos S\u00e3o Paulo, Pr\u00f3teses Dent\u00e1rias com Grampos Met\u00e1licos em S\u00e3o Paulo,\u00a0<\/strong><\/span><\/h2>\n<h2 style=\"text-align: justify;\"><span style=\"color: #ffffff;\"><strong>Pr\u00f3teses Dent\u00e1rias com Grampos Met\u00e1licos, Melhores\u00a0<\/strong><strong>Pr\u00f3teses Dent\u00e1rias com Grampos Met\u00e1licos,\u00a0<\/strong><strong>Pr\u00f3teses Dent\u00e1rias com Grampos Met\u00e1licos Zona Sul, Pr\u00f3teses Dent\u00e1rias com Grampos Met\u00e1licos na Zona Sul, Pr\u00f3teses Dent\u00e1rias com Grampos Met\u00e1licos Zona Sul SP, Pr\u00f3teses Dent\u00e1rias com Grampos Met\u00e1licos na Zona Sul SP, Pr\u00f3teses Dent\u00e1rias com Grampos Met\u00e1licos Zona Sul de SP, Pr\u00f3teses Dent\u00e1rias com Grampos Met\u00e1licos na Zona Sul de SP, Pr\u00f3teses Dent\u00e1rias com Met\u00e1licos Est\u00e9ticos Zona Sul de S\u00e3o Paulo, Pr\u00f3teses Dent\u00e1rias com Grampos Met\u00e1licos na Zona Sul de S\u00e3o Paulo,\u00a0<\/strong><strong>Pr\u00f3teses Dent\u00e1rias com Grampos Met\u00e1licos SP, Pr\u00f3teses Dent\u00e1rias com Grampos Met\u00e1licos em SP,\u00a0<\/strong><strong>Pr\u00f3teses Dent\u00e1rias com Grampos Met\u00e1licos S\u00e3o Paulo, Pr\u00f3teses Dent\u00e1rias com Grampos Met\u00e1licos em S\u00e3o Paulo,\u00a0<\/strong><\/span><\/h2>\n<h2 style=\"text-align: justify;\"><span style=\"color: #ffffff;\"><strong>Pr\u00f3teses Dent\u00e1rias Acr\u00edlicas,\u00a0<\/strong><strong>Melhores Pr\u00f3teses Dent\u00e1rias Acr\u00edlicas, <\/strong><strong>\u00a0Pr\u00f3teses Dent\u00e1rias Acr\u00edlicas Zona Sul, Pr\u00f3teses Dent\u00e1rias Acr\u00edlicas na Zona Sul, Pr\u00f3teses Dent\u00e1rias Acr\u00edlicas Zona Sul SP, Pr\u00f3teses Dent\u00e1rias Acr\u00edlicas na Zona Sul SP, Pr\u00f3teses Dent\u00e1rias Acr\u00edlicas Zona Sul de SP, Pr\u00f3teses Dent\u00e1rias Acr\u00edlicas na Zona Sul de SP, Pr\u00f3teses Dent\u00e1rias Acr\u00edlicas Zona Sul de S\u00e3o Paulo, Pr\u00f3teses Dent\u00e1rias Acr\u00edlicas na Zona Sul de S\u00e3o Paulo,\u00a0<\/strong><strong>Pr\u00f3teses Dent\u00e1rias Acr\u00edlicas SP, Pr\u00f3teses Dent\u00e1rias Acr\u00edlicas em SP,\u00a0<\/strong><strong>Pr\u00f3teses Dent\u00e1rias Acr\u00edlicas S\u00e3o Paulo, Pr\u00f3teses Dent\u00e1rias Acr\u00edlicas em S\u00e3o Paulo,\u00a0<\/strong><\/span><\/h2>\n<h2 style=\"text-align: justify;\"><span style=\"color: #ffffff;\"><strong>Pr\u00f3teses Dent\u00e1rias Acr\u00edlicas,\u00a0<\/strong><strong>Melhores Pr\u00f3teses Dent\u00e1rias Acr\u00edlicas, <\/strong><strong>\u00a0Pr\u00f3teses Dent\u00e1rias Acr\u00edlicas Zona Sul, Pr\u00f3teses Dent\u00e1rias Acr\u00edlicas na Zona Sul, Pr\u00f3teses Dent\u00e1rias Acr\u00edlicas Zona Sul SP, Pr\u00f3teses Dent\u00e1rias Acr\u00edlicas na Zona Sul SP, Pr\u00f3teses Dent\u00e1rias Acr\u00edlicas Zona Sul de SP, Pr\u00f3teses Dent\u00e1rias Acr\u00edlicas na Zona Sul de SP, Pr\u00f3teses Dent\u00e1rias Acr\u00edlicas Zona Sul de S\u00e3o Paulo, Pr\u00f3teses Dent\u00e1rias Acr\u00edlicas na Zona Sul de S\u00e3o Paulo,\u00a0<\/strong><strong>Pr\u00f3teses Dent\u00e1rias Acr\u00edlicas SP, Pr\u00f3teses Dent\u00e1rias Acr\u00edlicas em SP,\u00a0<\/strong><strong>Pr\u00f3teses Dent\u00e1rias Acr\u00edlicas S\u00e3o Paulo, Pr\u00f3teses Dent\u00e1rias Acr\u00edlicas em S\u00e3o Paulo,\u00a0<\/strong><\/span><\/h2>\n<h2 style=\"text-align: justify;\"><span style=\"color: #ffffff;\"><strong>Pr\u00f3teses Dentais M\u00f3veis, Melhores\u00a0<\/strong><strong>Pr\u00f3teses Dentais M\u00f3veis, <\/strong><strong>Pr\u00f3teses Dentais M\u00f3veis Zona Sul, Pr\u00f3teses Dentais M\u00f3veis na Zona Sul, Pr\u00f3teses Dentais M\u00f3veis Zona Sul SP, Pr\u00f3teses Dentais M\u00f3veis na Zona Sul SP, Pr\u00f3teses Dentais M\u00f3veis Zona Sul de SP, Pr\u00f3teses Dentais M\u00f3veis na Zona Sul de SP, Pr\u00f3teses Dentais M\u00f3veis Zona Sul de S\u00e3o Paulo, Pr\u00f3teses Dentais M\u00f3veis na Zona Sul de S\u00e3o Paulo,\u00a0<\/strong><strong>Pr\u00f3teses Dentais M\u00f3veis SP, Pr\u00f3teses Dentais M\u00f3veis em SP,\u00a0<\/strong><strong>Pr\u00f3teses Dentais M\u00f3veis S\u00e3o Paulo, Pr\u00f3teses Dentais M\u00f3veis em S\u00e3o Paulo,\u00a0<\/strong><\/span><\/h2>\n<h2 style=\"text-align: justify;\"><span style=\"color: #ffffff;\"><strong>Pr\u00f3teses Dentais Remov\u00edveis, Melhores\u00a0<\/strong><strong>Pr\u00f3teses Dentais Remov\u00edveis, <\/strong><strong>Pr\u00f3teses Dentais Remov\u00edveis Zona Sul, Pr\u00f3teses Dentais Remov\u00edveis na Zona Sul, Pr\u00f3teses Dentais Remov\u00edveis Zona Sul SP, Pr\u00f3teses Dentais Remov\u00edveis na Zona Sul SP, Pr\u00f3teses Dentais Remov\u00edveis Zona Sul de SP, Pr\u00f3teses Dentais Remov\u00edveis na Zona Sul de SP, Pr\u00f3teses Dentais Remov\u00edveis Zona Sul de S\u00e3o Paulo, Pr\u00f3teses Dentais Remov\u00edveis na Zona Sul de S\u00e3o Paulo,\u00a0<\/strong><strong>Pr\u00f3teses Dentais Remov\u00edveis SP, Pr\u00f3teses Dentais Remov\u00edveis em SP,\u00a0<\/strong><strong>Pr\u00f3teses Dentais Remov\u00edveis S\u00e3o Paulo, Pr\u00f3teses Dentais Remov\u00edveis em S\u00e3o Paulo,\u00a0<\/strong><\/span><\/h2>\n<h2 style=\"text-align: justify;\"><span style=\"color: #ffffff;\"><strong>Pr\u00f3teses Dentais Parciais Remov\u00edveis, Melhores\u00a0<\/strong><strong>Pr\u00f3teses Dentais Parciais Remov\u00edveis, <\/strong><strong>Pr\u00f3teses Dentais Parciais Remov\u00edveis Zona Sul, Pr\u00f3teses Dentais Parciais Remov\u00edveis na Zona Sul, Pr\u00f3teses Dentais Parciais Remov\u00edveis Zona Sul SP, Pr\u00f3teses Dentais Parciais Remov\u00edveis na Zona Sul SP, Pr\u00f3teses Dentais Parciais Remov\u00edveis Zona Sul de SP, Pr\u00f3teses Dentais Parciais Remov\u00edveis na Zona Sul de SP, Pr\u00f3teses Dentais Parciais Remov\u00edveis Zona Sul de S\u00e3o Paulo,\u00a0<\/strong><strong>Pr\u00f3teses Dentais Parciais Remov\u00edveis SP, Pr\u00f3teses Dentais Parciais Remov\u00edveis em SP,\u00a0<\/strong><strong>Pr\u00f3teses Dentais Parciais Remov\u00edveis na Zona Sul de S\u00e3o Paulo, P<\/strong><strong>r\u00f3teses Dentais Parciais Remov\u00edveis S\u00e3o Paulo, Pr\u00f3teses Dentais Parciais Remov\u00edveis em S\u00e3o Paulo,\u00a0<\/strong><\/span><\/h2>\n<h2 style=\"text-align: justify;\"><span style=\"color: #ffffff;\"><strong>Pr\u00f3teses Dent\u00e1rias M\u00f3veis,\u00a0<\/strong><\/span><\/h2>\n<h2 style=\"text-align: justify;\"><span style=\"color: #ffffff;\"><strong>Pr\u00f3teses Dentais Flex\u00edveis,\u00a0<\/strong><strong>Melhores Pr\u00f3teses Dentais Flex\u00edveis, <\/strong><strong>Pr\u00f3teses Dentais Flex\u00edveis Zona Sul, Pr\u00f3teses Dentais Flex\u00edveis na Zona Sul, Pr\u00f3teses Dentais Flex\u00edveis Zona Sul SP, Pr\u00f3teses Dentais Flex\u00edveis na Zona Sul SP, Pr\u00f3teses Dentais Flex\u00edveis Zona Sul de SP, Pr\u00f3teses Dentais Flex\u00edveis na Zona Sul de SP, Pr\u00f3teses Dentais Flex\u00edveis Zona Sul de S\u00e3o Paulo, Pr\u00f3teses Dentais Flex\u00edveis na Zona Sul de S\u00e3o Paulo,\u00a0<\/strong><strong>Pr\u00f3teses Dentais Flex\u00edveis SP, Pr\u00f3teses Dentais Remov\u00edveis em SP,\u00a0<\/strong><strong>Pr\u00f3teses Dentais Flex\u00edveis S\u00e3o Paulo, Pr\u00f3teses Dentais Flex\u00edveis em S\u00e3o Paulo,\u00a0<\/strong><\/span><\/h2>\n<h2 style=\"text-align: justify;\"><span style=\"color: #ffffff;\"><strong>Pr\u00f3teses Dentais com Grampos Est\u00e9ticos, Melhores <\/strong><strong>Pr\u00f3teses Dentais com Grampos Est\u00e9ticos, <\/strong><strong>Pr\u00f3teses Dentais com Grampos Est\u00e9ticos Zona Sul, Pr\u00f3teses Dentais com Grampos Est\u00e9ticos na Zona Sul, Pr\u00f3teses Dentais com Grampos Est\u00e9ticos Zona Sul SP, Pr\u00f3teses Dentais com Grampos Est\u00e9ticos na Zona Sul SP, Pr\u00f3teses Dentais com Grampos Est\u00e9ticos Zona Sul de SP, Pr\u00f3teses Dentais com Grampos Est\u00e9ticos na Zona Sul de SP, Pr\u00f3teses Dentais com Grampos Est\u00e9ticos Zona Sul de S\u00e3o Paulo, Pr\u00f3teses Dentais com Grampos Est\u00e9ticos na Zona Sul de S\u00e3o Paulo,\u00a0<\/strong><strong>Pr\u00f3teses Dentais com Grampos Est\u00e9ticos SP, Pr\u00f3teses Dentais com Grampos Est\u00e9ticos em SP,\u00a0<\/strong><strong>Pr\u00f3teses Dentais com Grampos Est\u00e9ticos S\u00e3o Paulo, Pr\u00f3teses Dentais com Grampos Est\u00e9ticos em S\u00e3o Paulo,\u00a0<\/strong><\/span><\/h2>\n<h2 style=\"text-align: justify;\"><span style=\"color: #ffffff;\"><strong>Pr\u00f3teses Dentais com Grampos Met\u00e1licos,\u00a0<\/strong><strong>Melhores Pr\u00f3teses Dentais com Grampos Met\u00e1licos, <\/strong><strong>Pr\u00f3teses Dentais com Grampos Met\u00e1licos Zona Sul, Pr\u00f3teses Dentais com Grampos Met\u00e1licos na Zona Sul, Pr\u00f3teses Dentais com Grampos Met\u00e1licos Zona Sul SP, Pr\u00f3teses Dentais com Grampos Met\u00e1licos na Zona Sul SP, Pr\u00f3teses Dentais com Grampos Met\u00e1licos Zona Sul de SP, Pr\u00f3teses Dentais com Grampos Met\u00e1licos na Zona Sul de SP, Pr\u00f3teses Dentais com Met\u00e1licos Est\u00e9ticos Zona Sul de S\u00e3o Paulo, Pr\u00f3teses Dentais com Grampos Met\u00e1licos na Zona Sul de S\u00e3o Paulo,\u00a0<\/strong><strong>Pr\u00f3teses Dentais com Grampos Met\u00e1licos SP, Pr\u00f3teses Dentais com Grampos Met\u00e1licos em SP,\u00a0<\/strong><strong>Pr\u00f3teses Dentais com Grampos Met\u00e1licos S\u00e3o Paulo, Pr\u00f3teses Dentais com Grampos Met\u00e1licos em S\u00e3o Paulo,\u00a0<\/strong><\/span><\/h2>\n<h2 style=\"text-align: justify;\"><span style=\"color: #ffffff;\"><strong>Pr\u00f3teses Dentais Acr\u00edlicas, Melhores\u00a0<\/strong><strong>Pr\u00f3teses Dentais Acr\u00edlicas, <\/strong><strong>Pr\u00f3teses Dentais Acr\u00edlicas Zona Sul, Pr\u00f3teses Dentais Acr\u00edlicas na Zona Sul, Pr\u00f3teses Dentais Acr\u00edlicas Zona Sul SP, Pr\u00f3teses Dentais Acr\u00edlicas na Zona Sul SP, Pr\u00f3teses Dentais Acr\u00edlicas Zona Sul de SP, Pr\u00f3teses Dentais Acr\u00edlicas na Zona Sul de SP, Pr\u00f3teses Dentais Acr\u00edlicas Zona Sul de S\u00e3o Paulo, Pr\u00f3teses Dentais Acr\u00edlicas na Zona Sul de S\u00e3o Paulo,\u00a0<\/strong><strong>Pr\u00f3teses Dentais Acr\u00edlicas SP, Pr\u00f3teses Dentais Acr\u00edlicas em SP,\u00a0<\/strong><strong>P<\/strong><strong>r\u00f3teses Dentais Acr\u00edlicas S\u00e3o Paulo, Pr\u00f3teses Dentais Acr\u00edlicas em S\u00e3o Paulo,\u00a0<\/strong><\/span><\/h2>\n<h2 style=\"text-align: justify;\"><span style=\"color: #ffffff;\"><strong>Aclima\u00e7\u00e3o, American\u00f3polis, Avenida Cupec\u00ea, Avenida Nossa Senhora do Sabar\u00e1, Avenida Sargento Geraldo Santana, Avenida Washington Luiz, Avenida Yervant, Avenida Yervant Kissajikian, Campo Belo, Campininha, Campo Grande, Casa Palma, Ch\u00e1cara Flora, Ch\u00e1cara Santo Antonio, Cidade Ademar, Cidade Domitila, Cidade Dutra, Cidade J\u00falia, Cidade Leonor, Cidade Vargas, Cupec\u00ea, Graja\u00fa, Granja Julieta, Interlagos, Jabaquara, Jardim Aeroporto, Jardim Alto Congonhas, Jardim Alvorada, Jardim Anchieta, Jardim B\u00e9lgica, Jardim Bom Clima, Jardim Bransley, Jardim Campina, Jardim Castelo, Jardim Cid\u00e1lia, Jardim Cl\u00e9lia, Jardim Cons\u00f3rcio, Jardim Cupec\u00ea, Jardim da Sa\u00fade, Jardim das Oliveiras, Jardim do Carmo, Jardim dos Prados, Jardim Ernestina, Jardim Gra\u00fana, Jardim Ip\u00ea, Jardim Itacolomi, Jardim Itapura, Jardim Los Angeles, Jardim Lourdes, Jardim Luanda, Jardim Luso, Jardim Manac\u00e1, Jardim Marajoara, Jardim Martini, Jardim Miriam, Jardim Niter\u00f3i, Jardim Nosso Lar, Jardim Olinda, Jardim Oliveira, Jardim Orly, Jardim Pedreira, Jardim Prud\u00eancia, Jardim Santo Antonio, Jardim S\u00e3o Carlos, Jardim S\u00e3o Jorge, Jardim Sat\u00e9lite, Jardim Scaff, Jardim Selma, Jardim Sofia, Jardim Suzana, Jardim Taquaral, Jardim Uberaba, Jardim Ubirajara, Jardim Umuarama, Jurubatuba, Moema, Parque Cocaia, Parque Colonial, Parque Dorot\u00e9ia, Pedreira, Sa\u00fade, Santo Amaro, Socorro, Vila Aeroporto, Vila Andrade, Vila Arriete, Vila Campestre, Vila Campo Grande, Vila Capela, Vila Castelo, Vila Celeste, Vila Clara, Vila Clementino, Vila Constan\u00e7a, Vila do Castelo, Vila do Cruzeiro, Vila \u00c9lida, Vila Cruzeiro, Vila Emir, Vila Facchini, Vila Filomena, Vila Gea, Vila Guarani, Vila Imp\u00e9rio, Vila Inglesa, Vila Jabaquara, Vila Joaniza, Vila Maiara, Vila Marari, Vila Mariana, Vila Mascote, Vila Mira, Vila Mission\u00e1ria, Vila Nova Caled\u00f4nia, Vila Nova Sabar\u00e1, Vila Romano, Vila Rubi, Vila Santa Catarina, Vila S\u00e3o Jos\u00e9, Vila Socorro, Vila Cabral, Yervant, Yervant Kissajikian, em, na, no, nas proximidades, nas proximidades de, nas proximidades da, nas redondezas, nas redondezas de, nas redondezas da, na regi\u00e3o, na regi\u00e3o de, na regi\u00e3o da, perto, perto de, perto da, por perto, aqui perto, perto de mim, perto daqui, perto do meu local, perto de casa, perto da minha casa, perto do meu bairro, pr\u00f3ximo, pr\u00f3ximo de, pr\u00f3ximo da, aqui pr\u00f3ximo, pr\u00f3ximo de mim, pr\u00f3ximo daqui, pr\u00f3ximo do meu local,\u00a0 pr\u00f3ximo de casa, pr\u00f3ximo da minha casa, pr\u00f3ximo do meu bairro, perto do Aeroporto de Congonhas, perto do Shopping Interlagos, perto do Mercado Extra Interlagos, pr\u00f3ximo do Aeroporto de Congonhas, pr\u00f3ximo do Shopping Interlagos, pr\u00f3ximo do Mercado Extra Interlagos, em American\u00f3polis, na regi\u00e3o de American\u00f3polis, na Av. Cupec\u00ea,\u00a0 na regi\u00e3o da Av. Cupec\u00ea, em Diadema, na regi\u00e3o de Diadema, na Av. Nossa Senhora do Sabar\u00e1, na regi\u00e3o da Av. Nossa Senhora do Sabar\u00e1, na Av. Washington Luiz, na regi\u00e3o da Av. Washington Luiz, na Cupec\u00ea, na regi\u00e3o da Cupec\u00ea, na Av. Cupec\u00ea, na Cidade Ademar, na regi\u00e3o da Cidade Ademar, em Interlagos, perto de Interlagos, na regi\u00e3o de Interlagos, na regi\u00e3o da Av. Interlagos, na Sabar\u00e1, na regi\u00e3o da Sabar\u00e1, em Santo Amaro, perto de Santo Amaro, na regi\u00e3o de Santo Amaro, na regi\u00e3o da Av. Santo Amaro, na Vila Mission\u00e1ria, na regi\u00e3o da Vila Mission\u00e1ria, na Washington Luiz, na regi\u00e3o da Av. Washington Luiz,\u00a0<\/strong><\/span><\/h2>\n<h2 style=\"text-align: justify;\"><span style=\"color: #ffffff;\"><strong>Zona Sul, na Zona Sul, Zona Sul SP, na Zona Sul SP, Zona Sul de SP, na Zona Sul de SP, Zona Sul de S\u00e3o Paulo, na Zona Sul de S\u00e3o Paulo, SP, em SP, SP Zona Sul, em SP Zona Sul, SP na Zona Sul, em SP na Zona Sul, S\u00e3o Paulo Zona Sul, S\u00e3o Paulo na Zona Sul, em S\u00e3o Paulo Zona Sul, em S\u00e3o Paulo na Zona Sul, S\u00e3o Paulo, em S\u00e3o Paulo, Cidade de S\u00e3o Paulo Zona Sul, na Cidade de S\u00e3o Paulo na Zona Sul,\u00a0Cidade de S\u00e3o Paulo, na Cidade de S\u00e3o Paulo,\u00a0Regi\u00e3o da Zona Sul, na Regi\u00e3o da Zona Sul, Regi\u00e3o da Zona Sul SP, na Regi\u00e3o da Zona Sul SP,\u00a0Regi\u00e3o da Zona Sul de S\u00e3o Paulo,\u00a0na Regi\u00e3o da Zona Sul de S\u00e3o Paulo,<\/strong><\/span><\/h2>\n","protected":false},"excerpt":{"rendered":"<p>1. Pr\u00f3teses Dent\u00e1rias M\u00f3veis &#8211; Introdu\u00e7\u00e3o: As pr\u00f3teses m\u00f3veis, tamb\u00e9m chamadas de pontes m\u00f3veis ou pontes remov\u00edveis, s\u00e3o pr\u00f3teses dent\u00e1rias que, ao contr\u00e1rio das pr\u00f3teses fixas, podem e devem ser removidas diariamente da cavidade bucal do paciente. A remo\u00e7\u00e3o deve ser feita ap\u00f3s as refei\u00e7\u00f5es, de modo que os dentes naturais remanescentes e a pr\u00f3pria&hellip;<\/p>\n","protected":false},"author":1,"featured_media":0,"parent":0,"menu_order":0,"comment_status":"open","ping_status":"open","template":"","meta":{"_joinchat":[],"footnotes":""},"tags":[],"class_list":["post-1164","page","type-page","status-publish","hentry","description-off"],"yoast_head":"<!-- This site is optimized with the Yoast SEO Premium plugin v22.1 (Yoast SEO v25.8) - https:\/\/yoast.com\/wordpress\/plugins\/seo\/ -->\n<title>Pr\u00f3teses Dent\u00e1rias M\u00f3veis Zona Sul SP - Odontologia Apeles Lemos<\/title>\n<meta name=\"description\" content=\"Refer\u00eancia, Conceito e Tradi\u00e7\u00e3o h\u00e1 30 anos em todos os tipos de Pr\u00f3teses Dent\u00e1rias M\u00f3veis, Parciais ou Totais na Zona Sul de S\u00e3o Paulo SP.\" \/>\n<meta name=\"robots\" content=\"index, follow, max-snippet:-1, max-image-preview:large, max-video-preview:-1\" \/>\n<link rel=\"canonical\" href=\"https:\/\/odontoapeles.com.br\/dentista\/clinica-odontologica\/zona-sul\/proteses-dentarias-moveis\/\" \/>\n<meta name=\"twitter:label1\" content=\"Est. tempo de leitura\" \/>\n\t<meta name=\"twitter:data1\" content=\"23 minutos\" \/>\n<script type=\"application\/ld+json\" class=\"yoast-schema-graph\">{\"@context\":\"https:\/\/schema.org\",\"@graph\":[{\"@type\":\"WebPage\",\"@id\":\"https:\/\/odontoapeles.com.br\/dentista\/clinica-odontologica\/zona-sul\/proteses-dentarias-moveis\/\",\"url\":\"https:\/\/odontoapeles.com.br\/dentista\/clinica-odontologica\/zona-sul\/proteses-dentarias-moveis\/\",\"name\":\"Pr\u00f3teses Dent\u00e1rias M\u00f3veis Zona Sul SP - Odontologia Apeles Lemos\",\"isPartOf\":{\"@id\":\"https:\/\/odontoapeles.com.br\/dentista\/clinica-odontologica\/zona-sul\/#website\"},\"primaryImageOfPage\":{\"@id\":\"https:\/\/odontoapeles.com.br\/dentista\/clinica-odontologica\/zona-sul\/proteses-dentarias-moveis\/#primaryimage\"},\"image\":{\"@id\":\"https:\/\/odontoapeles.com.br\/dentista\/clinica-odontologica\/zona-sul\/proteses-dentarias-moveis\/#primaryimage\"},\"thumbnailUrl\":\"https:\/\/odontoapeles.com.br\/dentista\/clinica-odontologica\/zona-sul\/wp-content\/uploads\/2020\/07\/MOLDEIRAS.jpg\",\"datePublished\":\"2015-11-19T21:50:06+00:00\",\"dateModified\":\"2022-02-27T05:37:17+00:00\",\"description\":\"Refer\u00eancia, Conceito e Tradi\u00e7\u00e3o h\u00e1 30 anos em todos os tipos de Pr\u00f3teses Dent\u00e1rias M\u00f3veis, Parciais ou Totais na Zona Sul de S\u00e3o Paulo SP.\",\"breadcrumb\":{\"@id\":\"https:\/\/odontoapeles.com.br\/dentista\/clinica-odontologica\/zona-sul\/proteses-dentarias-moveis\/#breadcrumb\"},\"inLanguage\":\"pt-BR\",\"potentialAction\":[{\"@type\":\"ReadAction\",\"target\":[\"https:\/\/odontoapeles.com.br\/dentista\/clinica-odontologica\/zona-sul\/proteses-dentarias-moveis\/\"]}]},{\"@type\":\"ImageObject\",\"inLanguage\":\"pt-BR\",\"@id\":\"https:\/\/odontoapeles.com.br\/dentista\/clinica-odontologica\/zona-sul\/proteses-dentarias-moveis\/#primaryimage\",\"url\":\"https:\/\/odontoapeles.com.br\/dentista\/clinica-odontologica\/zona-sul\/wp-content\/uploads\/2020\/07\/MOLDEIRAS.jpg\",\"contentUrl\":\"https:\/\/odontoapeles.com.br\/dentista\/clinica-odontologica\/zona-sul\/wp-content\/uploads\/2020\/07\/MOLDEIRAS.jpg\",\"width\":225,\"height\":225,\"caption\":\"MOLDEIRAS\"},{\"@type\":\"BreadcrumbList\",\"@id\":\"https:\/\/odontoapeles.com.br\/dentista\/clinica-odontologica\/zona-sul\/proteses-dentarias-moveis\/#breadcrumb\",\"itemListElement\":[{\"@type\":\"ListItem\",\"position\":1,\"name\":\"In\u00edcio\",\"item\":\"https:\/\/odontoapeles.com.br\/dentista\/clinica-odontologica\/zona-sul\/\"},{\"@type\":\"ListItem\",\"position\":2,\"name\":\"Pr\u00f3teses Dent\u00e1rias M\u00f3veis &#8211; Odontologia Apeles Lemos &#8211; (11) 5563-5471\"}]},{\"@type\":\"WebSite\",\"@id\":\"https:\/\/odontoapeles.com.br\/dentista\/clinica-odontologica\/zona-sul\/#website\",\"url\":\"https:\/\/odontoapeles.com.br\/dentista\/clinica-odontologica\/zona-sul\/\",\"name\":\"Dentista Zona Sul SP - Odontologia Apeles Lemos - 5563-5471\",\"description\":\"Refer\u00eancia h\u00e1 30 anos em Odontologia, Cl\u00ednica Odontol\u00f3gica, Cl\u00ednica Dent\u00e1ria e Dentista Zona Sul SP. Whats App: 9 4624-0000. Dentista Zona Sul SP - Odontologia Apeles Lemos - 5563-5471\",\"publisher\":{\"@id\":\"https:\/\/odontoapeles.com.br\/dentista\/clinica-odontologica\/zona-sul\/#organization\"},\"potentialAction\":[{\"@type\":\"SearchAction\",\"target\":{\"@type\":\"EntryPoint\",\"urlTemplate\":\"https:\/\/odontoapeles.com.br\/dentista\/clinica-odontologica\/zona-sul\/?s={search_term_string}\"},\"query-input\":{\"@type\":\"PropertyValueSpecification\",\"valueRequired\":true,\"valueName\":\"search_term_string\"}}],\"inLanguage\":\"pt-BR\"},{\"@type\":\"Organization\",\"@id\":\"https:\/\/odontoapeles.com.br\/dentista\/clinica-odontologica\/zona-sul\/#organization\",\"name\":\"Dentista Zona Sul SP - Odontologia Apeles Lemos - 5563-5471\",\"url\":\"https:\/\/odontoapeles.com.br\/dentista\/clinica-odontologica\/zona-sul\/\",\"logo\":{\"@type\":\"ImageObject\",\"inLanguage\":\"pt-BR\",\"@id\":\"https:\/\/odontoapeles.com.br\/dentista\/clinica-odontologica\/zona-sul\/#\/schema\/logo\/image\/\",\"url\":\"https:\/\/odontoapeles.com.br\/dentista\/clinica-odontologica\/zona-sul\/wp-content\/uploads\/2018\/05\/logo.png\",\"contentUrl\":\"https:\/\/odontoapeles.com.br\/dentista\/clinica-odontologica\/zona-sul\/wp-content\/uploads\/2018\/05\/logo.png\",\"width\":443,\"height\":190,\"caption\":\"Dentista Zona Sul SP - Odontologia Apeles Lemos - 5563-5471\"},\"image\":{\"@id\":\"https:\/\/odontoapeles.com.br\/dentista\/clinica-odontologica\/zona-sul\/#\/schema\/logo\/image\/\"},\"sameAs\":[\"https:\/\/www.facebook.com\/odontoapeles\"]}]}<\/script>\n<!-- \/ Yoast SEO Premium plugin. -->","yoast_head_json":{"title":"Pr\u00f3teses Dent\u00e1rias M\u00f3veis Zona Sul SP - Odontologia Apeles Lemos","description":"Refer\u00eancia, Conceito e Tradi\u00e7\u00e3o h\u00e1 30 anos em todos os tipos de Pr\u00f3teses Dent\u00e1rias M\u00f3veis, Parciais ou Totais na Zona Sul de S\u00e3o Paulo SP.","robots":{"index":"index","follow":"follow","max-snippet":"max-snippet:-1","max-image-preview":"max-image-preview:large","max-video-preview":"max-video-preview:-1"},"canonical":"https:\/\/odontoapeles.com.br\/dentista\/clinica-odontologica\/zona-sul\/proteses-dentarias-moveis\/","twitter_misc":{"Est. tempo de leitura":"23 minutos"},"schema":{"@context":"https:\/\/schema.org","@graph":[{"@type":"WebPage","@id":"https:\/\/odontoapeles.com.br\/dentista\/clinica-odontologica\/zona-sul\/proteses-dentarias-moveis\/","url":"https:\/\/odontoapeles.com.br\/dentista\/clinica-odontologica\/zona-sul\/proteses-dentarias-moveis\/","name":"Pr\u00f3teses Dent\u00e1rias M\u00f3veis Zona Sul SP - Odontologia Apeles Lemos","isPartOf":{"@id":"https:\/\/odontoapeles.com.br\/dentista\/clinica-odontologica\/zona-sul\/#website"},"primaryImageOfPage":{"@id":"https:\/\/odontoapeles.com.br\/dentista\/clinica-odontologica\/zona-sul\/proteses-dentarias-moveis\/#primaryimage"},"image":{"@id":"https:\/\/odontoapeles.com.br\/dentista\/clinica-odontologica\/zona-sul\/proteses-dentarias-moveis\/#primaryimage"},"thumbnailUrl":"https:\/\/odontoapeles.com.br\/dentista\/clinica-odontologica\/zona-sul\/wp-content\/uploads\/2020\/07\/MOLDEIRAS.jpg","datePublished":"2015-11-19T21:50:06+00:00","dateModified":"2022-02-27T05:37:17+00:00","description":"Refer\u00eancia, Conceito e Tradi\u00e7\u00e3o h\u00e1 30 anos em todos os tipos de Pr\u00f3teses Dent\u00e1rias M\u00f3veis, Parciais ou Totais na Zona Sul de S\u00e3o Paulo SP.","breadcrumb":{"@id":"https:\/\/odontoapeles.com.br\/dentista\/clinica-odontologica\/zona-sul\/proteses-dentarias-moveis\/#breadcrumb"},"inLanguage":"pt-BR","potentialAction":[{"@type":"ReadAction","target":["https:\/\/odontoapeles.com.br\/dentista\/clinica-odontologica\/zona-sul\/proteses-dentarias-moveis\/"]}]},{"@type":"ImageObject","inLanguage":"pt-BR","@id":"https:\/\/odontoapeles.com.br\/dentista\/clinica-odontologica\/zona-sul\/proteses-dentarias-moveis\/#primaryimage","url":"https:\/\/odontoapeles.com.br\/dentista\/clinica-odontologica\/zona-sul\/wp-content\/uploads\/2020\/07\/MOLDEIRAS.jpg","contentUrl":"https:\/\/odontoapeles.com.br\/dentista\/clinica-odontologica\/zona-sul\/wp-content\/uploads\/2020\/07\/MOLDEIRAS.jpg","width":225,"height":225,"caption":"MOLDEIRAS"},{"@type":"BreadcrumbList","@id":"https:\/\/odontoapeles.com.br\/dentista\/clinica-odontologica\/zona-sul\/proteses-dentarias-moveis\/#breadcrumb","itemListElement":[{"@type":"ListItem","position":1,"name":"In\u00edcio","item":"https:\/\/odontoapeles.com.br\/dentista\/clinica-odontologica\/zona-sul\/"},{"@type":"ListItem","position":2,"name":"Pr\u00f3teses Dent\u00e1rias M\u00f3veis &#8211; Odontologia Apeles Lemos &#8211; (11) 5563-5471"}]},{"@type":"WebSite","@id":"https:\/\/odontoapeles.com.br\/dentista\/clinica-odontologica\/zona-sul\/#website","url":"https:\/\/odontoapeles.com.br\/dentista\/clinica-odontologica\/zona-sul\/","name":"Dentista Zona Sul SP - Odontologia Apeles Lemos - 5563-5471","description":"Refer\u00eancia h\u00e1 30 anos em Odontologia, Cl\u00ednica Odontol\u00f3gica, Cl\u00ednica Dent\u00e1ria e Dentista Zona Sul SP. Whats App: 9 4624-0000. Dentista Zona Sul SP - Odontologia Apeles Lemos - 5563-5471","publisher":{"@id":"https:\/\/odontoapeles.com.br\/dentista\/clinica-odontologica\/zona-sul\/#organization"},"potentialAction":[{"@type":"SearchAction","target":{"@type":"EntryPoint","urlTemplate":"https:\/\/odontoapeles.com.br\/dentista\/clinica-odontologica\/zona-sul\/?s={search_term_string}"},"query-input":{"@type":"PropertyValueSpecification","valueRequired":true,"valueName":"search_term_string"}}],"inLanguage":"pt-BR"},{"@type":"Organization","@id":"https:\/\/odontoapeles.com.br\/dentista\/clinica-odontologica\/zona-sul\/#organization","name":"Dentista Zona Sul SP - Odontologia Apeles Lemos - 5563-5471","url":"https:\/\/odontoapeles.com.br\/dentista\/clinica-odontologica\/zona-sul\/","logo":{"@type":"ImageObject","inLanguage":"pt-BR","@id":"https:\/\/odontoapeles.com.br\/dentista\/clinica-odontologica\/zona-sul\/#\/schema\/logo\/image\/","url":"https:\/\/odontoapeles.com.br\/dentista\/clinica-odontologica\/zona-sul\/wp-content\/uploads\/2018\/05\/logo.png","contentUrl":"https:\/\/odontoapeles.com.br\/dentista\/clinica-odontologica\/zona-sul\/wp-content\/uploads\/2018\/05\/logo.png","width":443,"height":190,"caption":"Dentista Zona Sul SP - Odontologia Apeles Lemos - 5563-5471"},"image":{"@id":"https:\/\/odontoapeles.com.br\/dentista\/clinica-odontologica\/zona-sul\/#\/schema\/logo\/image\/"},"sameAs":["https:\/\/www.facebook.com\/odontoapeles"]}]}},"_links":{"self":[{"href":"https:\/\/odontoapeles.com.br\/dentista\/clinica-odontologica\/zona-sul\/wp-json\/wp\/v2\/pages\/1164","targetHints":{"allow":["GET"]}}],"collection":[{"href":"https:\/\/odontoapeles.com.br\/dentista\/clinica-odontologica\/zona-sul\/wp-json\/wp\/v2\/pages"}],"about":[{"href":"https:\/\/odontoapeles.com.br\/dentista\/clinica-odontologica\/zona-sul\/wp-json\/wp\/v2\/types\/page"}],"author":[{"embeddable":true,"href":"https:\/\/odontoapeles.com.br\/dentista\/clinica-odontologica\/zona-sul\/wp-json\/wp\/v2\/users\/1"}],"replies":[{"embeddable":true,"href":"https:\/\/odontoapeles.com.br\/dentista\/clinica-odontologica\/zona-sul\/wp-json\/wp\/v2\/comments?post=1164"}],"version-history":[{"count":0,"href":"https:\/\/odontoapeles.com.br\/dentista\/clinica-odontologica\/zona-sul\/wp-json\/wp\/v2\/pages\/1164\/revisions"}],"wp:attachment":[{"href":"https:\/\/odontoapeles.com.br\/dentista\/clinica-odontologica\/zona-sul\/wp-json\/wp\/v2\/media?parent=1164"}],"wp:term":[{"taxonomy":"post_tag","embeddable":true,"href":"https:\/\/odontoapeles.com.br\/dentista\/clinica-odontologica\/zona-sul\/wp-json\/wp\/v2\/tags?post=1164"}],"curies":[{"name":"wp","href":"https:\/\/api.w.org\/{rel}","templated":true}]}}