{"id":1158,"date":"2015-11-19T21:48:59","date_gmt":"2015-11-19T21:48:59","guid":{"rendered":"http:\/\/odontoapeles.com.br\/clinica-odontologica\/dentista\/zona-sul\/\/?page_id=1158"},"modified":"2023-07-27T19:22:00","modified_gmt":"2023-07-27T19:22:00","slug":"odontologia-estetica","status":"publish","type":"page","link":"https:\/\/odontoapeles.com.br\/dentista\/clinica-odontologica\/zona-sul\/odontologia-estetica\/","title":{"rendered":"Odontologia Est\u00e9tica &#8211; Odontologia Apeles Lemos &#8211; (11) 5563-5471"},"content":{"rendered":"<h4 style=\"text-align: justify;\"><span style=\"color: #0000ff;\"><strong>1. Odontologia Est\u00e9tica &#8211; Introdu\u00e7\u00e3o:<\/strong><\/span><\/h4>\n<p style=\"text-align: justify;\"><strong>A Odontologia Est\u00e9tica constitui um conjunto de tratamentos envolvendo v\u00e1rias especialidades odontol\u00f3gicas.\u00a0<\/strong><span style=\"color: #ffffff;\">Refer\u00eancia em Odontologia Est\u00e9tica, Est\u00e9tica Dental, Restaura\u00e7\u00f5es, Facetas em Resina e Facetas em Porcelana na Zona Sul de S\u00e3o Paulo SP.<\/span><\/p>\n<div id=\"attachment_9689\" style=\"width: 370px\" class=\"wp-caption alignleft\"><a class=\"dt-single-image\" href=\"https:\/\/odontoapeles.com.br\/dentista\/clinica-odontologica\/zona-sul\/wp-content\/uploads\/2018\/05\/SORRISOS-PEERFEITOS.jpg\" data-dt-img-description=\"\"><img fetchpriority=\"high\" decoding=\"async\" aria-describedby=\"caption-attachment-9689\" class=\"wp-image-9689\" title=\"Odontologia Est\u00e9tica, Est\u00e9tica Dental, Restaura\u00e7\u00f5es, Facetas em Resina e Facetas em Porcelana na Zona Sul de S\u00e3o Paulo SP e Av Yervant Kissajikian\" src=\"https:\/\/odontoapeles.com.br\/dentista\/clinica-odontologica\/zona-sul\/wp-content\/uploads\/2018\/05\/SORRISOS-PEERFEITOS.jpg\" alt=\"Odontologia Est\u00e9tica, Odontologia Est\u00e9tica na Zona Sul,\u00a0Odontologia Est\u00e9tica na Zona Sul SP, Odontologia Est\u00e9tica em SP, Odontologia Est\u00e9tica em S\u00e3o Paulo, Restaura\u00e7\u00f5es em Resina, Facetas em Porcelana.\" width=\"360\" height=\"168\" srcset=\"https:\/\/odontoapeles.com.br\/dentista\/clinica-odontologica\/zona-sul\/wp-content\/uploads\/2018\/05\/SORRISOS-PEERFEITOS.jpg 328w, https:\/\/odontoapeles.com.br\/dentista\/clinica-odontologica\/zona-sul\/wp-content\/uploads\/2018\/05\/SORRISOS-PEERFEITOS-300x140.jpg 300w\" sizes=\"(max-width: 360px) 100vw, 360px\" \/><\/a><p id=\"caption-attachment-9689\" class=\"wp-caption-text\"><strong><span style=\"color: #ff6600;\">SORRISOS BELOS E HARM\u00d4NICOS<\/span><\/strong><\/p><\/div>\n<p style=\"text-align: justify;\">Estas especialidades, em constante evolu\u00e7\u00e3o, t\u00eam por objetivo restabelecer n\u00e3o apenas a est\u00e9tica dos dentes, proporcionando sorrisos belos e harm\u00f4nicos.<\/p>\n<p style=\"text-align: justify;\">Atualmente, uma nova especialidade odontol\u00f3gica, a Harmoniza\u00e7\u00e3o Orofacial, promove tamb\u00e9m a corre\u00e7\u00e3o de in\u00fameras imperfei\u00e7\u00f5es faciais.<\/p>\n<p style=\"text-align: justify;\">Como resultado, tamb\u00e9m \u00e9 poss\u00edvel a conquista de perfis faciais muito mais est\u00e9ticos, sim\u00e9tricos e elegantes.<\/p>\n<p style=\"text-align: justify;\">Dentre as terapias no \u00e2mbito da Harmoniza\u00e7\u00e3o Orofacial, pode-se destacar: <strong>Toxina Botul\u00ednica, Preenchimento Facial, Bichectomia, Lipo de Papada, Jato de Plasma e Eletrocaut\u00e9rio, Microagulhamento, Fios de Sustenta\u00e7\u00e3o e Rinomodela\u00e7\u00e3o.<\/strong><\/p>\n<p style=\"text-align: justify;\">Todas estas especialidades e seus procedimentos est\u00e3o atualmente muito valorizadas em nosso meio social.<\/p>\n<div id=\"attachment_12602\" style=\"width: 285px\" class=\"wp-caption alignleft\"><a class=\"dt-single-image\" href=\"https:\/\/odontoapeles.com.br\/dentista\/clinica-odontologica\/zona-sul\/wp-content\/uploads\/2018\/07\/clinica-odontologica-zona-sul.jpg\" data-dt-img-description=\"PERFIL FACIAL SIM\u00c9TRICO E ELEGANTE\"><img decoding=\"async\" aria-describedby=\"caption-attachment-12602\" class=\"wp-image-12602 size-full\" title=\"Odontologia Est\u00e9tica, Est\u00e9tica Dental, Restaura\u00e7\u00f5es, Facetas em Resina e Facetas em Porcelana na Zona Sul de S\u00e3o Paulo SP e Av Yervant Kissajikian\" src=\"https:\/\/odontoapeles.com.br\/dentista\/clinica-odontologica\/zona-sul\/wp-content\/uploads\/2018\/07\/clinica-odontologica-zona-sul.jpg\" alt=\"\u00a0Odontologia Est\u00e9tica, Odontologia Est\u00e9tica Zona Sul,\u00a0Odontologia Est\u00e9tica Zona Sul SP, Odontologia Est\u00e9tica SP, Odontologia Est\u00e9tica S\u00e3o Paulo, Restaura\u00e7\u00f5es em Resina, Facetas em Porcelana.\" width=\"275\" height=\"183\" \/><\/a><p id=\"caption-attachment-12602\" class=\"wp-caption-text\"><strong><span style=\"color: #ff6600;\">PERFIL FACIAL SIM\u00c9TRICO E ELEGANTE<\/span><\/strong><\/p><\/div>\n<p style=\"text-align: justify;\">Como resultado, \u00e9 uma realidade incontest\u00e1vel o aumento da autoestima das pessoas que submetem-se aos benef\u00edcios de todas estas terapias oferecidas atualmente pela Odontologia.<\/p>\n<p style=\"text-align: justify;\">Importante reiterar que parte desses tratamentos s\u00e3o confeccionados no interior da cavidade bucal, enquanto outros s\u00e3o realizados ao longo das mais diversas \u00e1reas da face.<\/p>\n<p style=\"text-align: justify;\">Nesta p\u00e1gina deste site, intitulada &#8220;Odontologia Est\u00e9tica, ser\u00e3o retratadas apenas as terapias que se realizam na boca dos pacientes.<\/p>\n<p style=\"text-align: justify;\">Os procedimentos realizados ao longo da face s\u00e3o detalhadamente descritos em outra p\u00e1gina, nomeada &#8221; Harmoniza\u00e7\u00e3o Orofacial&#8221;, podendo ser encontrados no Link &#8220;Tratamentos&#8221;.<\/p>\n<p>&nbsp;<\/p>\n<h4 style=\"text-align: justify;\"><span style=\"color: #0000ff;\"><strong>2. Odontologia Est\u00e9tica &#8211; Terapias Est\u00e9ticas:<\/strong><\/span><span style=\"color: #ffffff;\">..<\/span><\/h4>\n<h4 style=\"text-align: justify;\"><span style=\"color: #0000ff;\"><strong>2.1 Limpeza Dent\u00e1ria Profissional:<\/strong><\/span><\/h4>\n<div id=\"attachment_3103\" style=\"width: 160px\" class=\"wp-caption alignleft\"><a class=\"dt-single-image\" href=\"https:\/\/odontoapeles.com.br\/dentista\/clinica-odontologica\/zona-sul\/wp-content\/uploads\/2016\/04\/limpeza-profissional-dos-dentes.jpg\" data-dt-img-description=\"LIMPEZA DENT\u00c1RIA PROFISSIONAL\"><img decoding=\"async\" aria-describedby=\"caption-attachment-3103\" class=\"wp-image-3103 size-thumbnail\" title=\"Odontologia Est\u00e9tica, Est\u00e9tica Dental, Restaura\u00e7\u00f5es, Facetas em Resina e Facetas em Porcelana na Zona Sul de S\u00e3o Paulo SP e Av Yervant Kissajikian\" src=\"https:\/\/odontoapeles.com.br\/dentista\/clinica-odontologica\/zona-sul\/wp-content\/uploads\/2016\/04\/limpeza-profissional-dos-dentes-150x150.jpg\" alt=\"\u00a0Odontologia Est\u00e9tica, Odontologia Est\u00e9tica na Zona Sul,\u00a0Odontologia Est\u00e9tica na Zona Sul SP, Odontologia Est\u00e9tica em SP, Odontologia Est\u00e9tica em S\u00e3o Paulo, Restaura\u00e7\u00f5es em Resina, Facetas em Porcelana.\" width=\"150\" height=\"150\" \/><\/a><p id=\"caption-attachment-3103\" class=\"wp-caption-text\"><span style=\"color: #ff6600;\"><strong>LIMPEZA DENT\u00c1RIA PROFISSIONAL<\/strong><\/span><\/p><\/div>\n<p style=\"text-align: justify;\"><span style=\"color: #000000;\">A <strong>Limpeza Dent\u00e1ria Profissional<\/strong> realizada pelo dentista \u00e9 denominada profilaxia dent\u00e1ria.<\/span><\/p>\n<p style=\"text-align: justify;\"><span style=\"color: #000000;\">A limpeza profissional dos dentes remove manchas superficiais de origem externa. Dentre elas, podemos destacar aquelas causadas pelo fumo, pela ingest\u00e3o de excessiva de caf\u00e9 e de alimentos portadores de subst\u00e2ncias corantes. <\/span><\/p>\n<p style=\"text-align: justify;\"><span style=\"color: #000000;\">Portanto. profilaxias dent\u00e1rias peri\u00f3dicas s\u00e3o extremamente importantes para a manuten\u00e7\u00e3o de dentes mais claros.<\/span><\/p>\n<p style=\"text-align: justify;\"><span style=\"color: #000000;\">Mas, sua import\u00e2ncia n\u00e3o se resume \u00e0 remo\u00e7\u00e3o de manchas dos dentes.<\/span><\/p>\n<p style=\"text-align: justify;\"><span style=\"color: #000000;\">Limpezas dent\u00e1rias removem a placa bacteriana (massas de bact\u00e9rias aderidas aos dentes) e o t\u00e1rtaro dental.\u00a0<\/span><span style=\"color: #000000;\">Deste modo, atua decisivamente na manuten\u00e7\u00e3o de dentes saud\u00e1veis, na medida que previne as c\u00e1ries dent\u00e1rias e as doen\u00e7as gengivais.<\/span><\/p>\n<p style=\"text-align: justify;\">Importante frisar a import\u00e2ncia da higiene bucal caseira di\u00e1ria. Se esta pr\u00e1tica \u00e9 deficiente, as limpezas dent\u00e1rias peri\u00f3dicas pouco contribuir\u00e3o para a manuten\u00e7\u00e3o da est\u00e9tica e para a preven\u00e7\u00e3o de doen\u00e7as bucais.<span style=\"color: #000000;\"><span style=\"color: #ffffff;\">.<\/span><br \/>\n<span style=\"color: #ffffff;\">.<\/span><\/span><\/p>\n<h4 style=\"text-align: justify;\"><strong><span style=\"color: #008000;\"><span style=\"color: #0000ff;\">2.2 Restaura\u00e7\u00f5es Est\u00e9ticas em Resina:<\/span> <span style=\"color: #ffffff;\">Odontologia Est\u00e9tica<\/span><\/span><\/strong><\/h4>\n<p><strong>Restaura\u00e7\u00f5es Est\u00e9ticas em Resina<\/strong> x Restaura\u00e7\u00f5es Met\u00e1licas:<\/p>\n<div id=\"attachment_14956\" style=\"width: 255px\" class=\"wp-caption alignleft\"><a class=\"dt-single-image\" href=\"https:\/\/odontoapeles.com.br\/dentista\/clinica-odontologica\/zona-sul\/wp-content\/uploads\/2020\/07\/RESTAURA\u00c7\u00d5ES-EM-AM\u00c1LGAMA-DE-PRATA.jpg\" data-dt-img-description=\"RESTAURA\u00c7\u00d5ES EM AM\u00c1LGAMA DE PRATA\"><img loading=\"lazy\" decoding=\"async\" aria-describedby=\"caption-attachment-14956\" class=\"wp-image-14956\" title=\"Odontologia Est\u00e9tica, Est\u00e9tica Dental, Restaura\u00e7\u00f5es, Facetas em Resina e Facetas em Porcelana na Zona Sul de S\u00e3o Paulo SP e Av Yervant Kissajikian\" src=\"https:\/\/odontoapeles.com.br\/dentista\/clinica-odontologica\/zona-sul\/wp-content\/uploads\/2020\/07\/RESTAURA\u00c7\u00d5ES-EM-AM\u00c1LGAMA-DE-PRATA.jpg\" alt=\"Odontologia Est\u00e9tica, Odontologia Est\u00e9tica Zona Sul,\u00a0Odontologia Est\u00e9tica Zona Sul SP, Odontologia Est\u00e9tica SP, Odontologia Est\u00e9tica S\u00e3o Paulo, Restaura\u00e7\u00f5es em Resina, Facetas em Porcelana.\" width=\"245\" height=\"146\" \/><\/a><p id=\"caption-attachment-14956\" class=\"wp-caption-text\"><strong><span style=\"color: #ff6600;\">ANTIGAS RESTAURA\u00c7\u00d5ES EM AM\u00c1LGAMA DE PRATA<\/span><\/strong><\/p><\/div>\n<p style=\"text-align: justify;\">Em tempos passados, os dentes mais posteriores recebiam restaura\u00e7\u00f5es met\u00e1licas (confeccionadas em am\u00e1lgama de prata).<\/p>\n<p style=\"text-align: justify;\">Estas restaura\u00e7\u00f5es n\u00e3o proporcionavam qualquer est\u00e9tica aos dentes restaurados.<\/p>\n<p style=\"text-align: justify;\">Portanto, n\u00e3o contribu\u00edam para um sorriso est\u00e9tico e elegante, condi\u00e7\u00e3o que em \u00e9pocas passadas n\u00e3o era t\u00e3o importante em nosso meio social.<\/p>\n<p style=\"text-align: justify;\">Al\u00e9m disso, estas restaura\u00e7\u00f5es met\u00e1licas, causavam o aparecimento de graves manchas acinzentadas nos tecidos calcificados dos dentes restaurados, tornando seus aspectos manchados e escurecidos.<\/p>\n<p style=\"text-align: justify;\">A remo\u00e7\u00e3o completa dessas manchas anti-est\u00e9ticas sempre constituiu um problema de dif\u00edcil solu\u00e7\u00e3o.<\/p>\n<p style=\"text-align: justify;\">Al\u00e9m disso, as restaura\u00e7\u00f5es em am\u00e1lgama de prata apresentam merc\u00fario em sua composi\u00e7\u00e3o, elemento qu\u00edmico pass\u00edvel de causar toxicidade ao pr\u00f3prio organismo e ao meio ambiente, a despeito de algumas contesta\u00e7\u00f5es contr\u00e1rias.<\/p>\n<div id=\"attachment_16825\" style=\"width: 242px\" class=\"wp-caption alignleft\"><a class=\"dt-pswp-item\" href=\"https:\/\/odontoapeles.com.br\/dentista\/clinica-odontologica\/zona-sul\/wp-content\/uploads\/2021\/09\/images-1.jpg\" data-dt-img-description=\"RE\" data-large_image_width=\"232\" data-large_image_height=\"218\"><img loading=\"lazy\" decoding=\"async\" aria-describedby=\"caption-attachment-16825\" class=\"wp-image-16825 size-full\" title=\"Odontologia Est\u00e9tica, Est\u00e9tica Dental, Restaura\u00e7\u00f5es, Facetas em Resina e Facetas em Porcelana na Zona Sul de S\u00e3o Paulo SP e Av Yervant Kissajikian\" src=\"https:\/\/odontoapeles.com.br\/dentista\/clinica-odontologica\/zona-sul\/wp-content\/uploads\/2021\/09\/images-1.jpg\" alt=\"Restaura\u00e7\u00f5es em Resina, Facetas em Porcelana.\" width=\"232\" height=\"218\" srcset=\"https:\/\/odontoapeles.com.br\/dentista\/clinica-odontologica\/zona-sul\/wp-content\/uploads\/2021\/09\/images-1.jpg 232w, https:\/\/odontoapeles.com.br\/dentista\/clinica-odontologica\/zona-sul\/wp-content\/uploads\/2021\/09\/images-1-13x12.jpg 13w\" sizes=\"(max-width: 232px) 100vw, 232px\" \/><\/a><p id=\"caption-attachment-16825\" class=\"wp-caption-text\"><strong><span style=\"color: #ff6600;\">SUBSTITUI\u00c7\u00c3O DE AM\u00c1LGAMA DE PRATA POR RESINA<\/span><\/strong><\/p><\/div>\n<p style=\"text-align: justify;\">Por\u00e9m, com o passar dos anos, a condi\u00e7\u00e3o de sorrisos belos e harm\u00f4nicos tornaram-se condi\u00e7\u00f5es extremamente valorizadas em nossa sociedade.<\/p>\n<p style=\"text-align: justify;\">Entretanto, as restaura\u00e7\u00f5es met\u00e1licas ainda eram muito mais duradouras e resistentes quando comparadas \u00e0s primeiras resinas restauradoras est\u00e9ticas dispon\u00edveis na \u00e9poca passada.<\/p>\n<p style=\"text-align: justify;\">Essas primeiras resinas apresentavam baixa resist\u00eancia \u00e0s for\u00e7as mastigat\u00f3ria e pouca durabilidade.<\/p>\n<p style=\"text-align: justify;\">A partir deste dilema, a Odontologia Moderna, ci\u00eancia em constante evolu\u00e7\u00e3o, desenvolveu recursos para contornar esta situa\u00e7\u00e3o.<\/p>\n<p style=\"text-align: justify;\">In\u00fameros novos materiais est\u00e9ticos e novas t\u00e9cnicas de tratamento foram desenvolvidas, possibilitando o surgimento de terapias capazes de atender \u00e0 crescente exig\u00eancia das pessoas na busca de sorrisos mais brancos, elegantes e est\u00e9ticos.<\/p>\n<p>&nbsp;<\/p>\n<div id=\"attachment_14959\" style=\"width: 230px\" class=\"wp-caption alignleft\"><a class=\"dt-single-image\" href=\"https:\/\/odontoapeles.com.br\/dentista\/clinica-odontologica\/zona-sul\/wp-content\/uploads\/2020\/07\/RESTAURA\u00c7\u00d5ES-DENT\u00c1RIAS-EM-RESINA-I.jpg\" data-dt-img-description=\"RESTAURA\u00c7\u00d5ES EM RESINA \"><img loading=\"lazy\" decoding=\"async\" aria-describedby=\"caption-attachment-14959\" class=\"wp-image-14959\" title=\"Odontologia Est\u00e9tica, Est\u00e9tica Dental, Restaura\u00e7\u00f5es, Facetas em Resina e Facetas em Porcelana na Zona Sul de S\u00e3o Paulo SP e Av Yervant Kissajikian\" src=\"https:\/\/odontoapeles.com.br\/dentista\/clinica-odontologica\/zona-sul\/wp-content\/uploads\/2020\/07\/RESTAURA\u00c7\u00d5ES-DENT\u00c1RIAS-EM-RESINA-I.jpg\" alt=\"Melhor Odontologia Est\u00e9tica, Melhor Odontologia Est\u00e9tica na Zona Sul,\u00a0Melhor Odontologia Est\u00e9tica na Zona Sul SP, Melhor Odontologia Est\u00e9tica em SP, Melhor Odontologia Est\u00e9tica em S\u00e3o Paulo, Restaura\u00e7\u00f5es em Resina, Facetas em Porcelana.\" width=\"220\" height=\"156\" \/><\/a><p id=\"caption-attachment-14959\" class=\"wp-caption-text\"><strong><span style=\"color: #ff6600;\">RESTAURA\u00c7\u00d5ES EM RESINA<\/span><\/strong><\/p><\/div>\n<p style=\"text-align: justify;\">Atualmente, a evolu\u00e7\u00e3o da qualidade das resinas compostas est\u00e9ticas fotopolimeriz\u00e1veis (ativadas por luz espec\u00edfica), possibilita seu uso para restaurar dentes danificados por c\u00e1ries, fraturas ou manchas cong\u00eanitas, independentemente de suas posi\u00e7\u00f5es nas arcadas dent\u00e1rias.<\/p>\n<p style=\"text-align: justify;\">Ou seja, as modernas resinas est\u00e9ticas restauradoras s\u00e3o muito mais resistentes e duradouras e j\u00e1 n\u00e3o s\u00e3o mais utilizadas apenas para restaurar dentes posteriores, como ocorria antigamente.<\/p>\n<p style=\"text-align: justify;\">Nos dias atuais, existe um consenso praticamente universal entre os profissionais da Odontologia quanto ao uso de elei\u00e7\u00e3o das resinas em detrimento do emprego de restaura\u00e7\u00f5es met\u00e1licas.<\/p>\n<p style=\"text-align: justify;\">Tal afirma\u00e7\u00e3o est\u00e1 embasada na necessidade de alcan\u00e7ar a excel\u00eancia est\u00e9tica e satisfazer a expectativa dos pacientes quanto \u00e0 beleza de seus sorrisos, assim como na necessidade de garantir suas biosseguran\u00e7as.<\/p>\n<p>&nbsp;<\/p>\n<h4><span style=\"color: #0000ff;\"><strong>2.3 Clareamento Dental Caseiro &#8211; Introdu\u00e7\u00e3o:<\/strong><\/span><\/h4>\n<div id=\"attachment_2643\" class=\"wp-caption alignleft\">\n<p><strong><a class=\"dt-single-image mfp-ready\" href=\"http:\/\/odontoapeles.com.br\/dentista\/clinica-odontologica\/zona-sul\/\/\/wp-content\/uploads\/2016\/02\/CLAREAMENTO.jpg\" rel=\"attachment wp-att-2643\" data-dt-img-description=\"CLAREAMENTO DENTAL CASEIRO\"><img loading=\"lazy\" decoding=\"async\" class=\"alignleft wp-image-2643 size-thumbnail\" title=\"Odontologia Est\u00e9tica, Est\u00e9tica Dental, Restaura\u00e7\u00f5es, Facetas em Resina e Facetas em Porcelana na Zona Sul de S\u00e3o Paulo SP e Av Yervant Kissajikian\" src=\"https:\/\/odontoapeles.com.br\/dentista\/clinica-odontologica\/zona-sul\/wp-content\/uploads\/2016\/02\/CLAREAMENTO-150x150.jpg\" alt=\"Clareamento Dental, Clareamento Dental Zona Sul, Clareamento Dental na Zona Sul, Clareamento Dental Zona Sul SP, Clareamento Dental na Zona Sul SP, Clareamento Dental Zona Sul de SP, Clareamento Dental na Zona Sul de SP\" width=\"150\" height=\"150\" srcset=\"https:\/\/odontoapeles.com.br\/dentista\/clinica-odontologica\/zona-sul\/wp-content\/uploads\/2016\/02\/CLAREAMENTO-150x150.jpg 150w, https:\/\/odontoapeles.com.br\/dentista\/clinica-odontologica\/zona-sul\/wp-content\/uploads\/2016\/02\/CLAREAMENTO-32x32.jpg 32w, https:\/\/odontoapeles.com.br\/dentista\/clinica-odontologica\/zona-sul\/wp-content\/uploads\/2016\/02\/CLAREAMENTO-45x45.jpg 45w\" sizes=\"(max-width: 150px) 100vw, 150px\" \/><\/a><\/strong><\/p>\n<p class=\"wp-caption-text\"><span style=\"color: #ff6600;\"><strong>CLAREAMENTO DENTAL CASEIRO<\/strong><\/span><\/p>\n<\/div>\n<p style=\"text-align: justify;\">Apesar de sua denomina\u00e7\u00e3o, o <strong>Clareamento Dental Caseiro<\/strong>, tamb\u00e9m conhecido como clareamento dental dom\u00e9stico<b><u>,<\/u><\/b>\u00a0come\u00e7a no consult\u00f3rio do dentista e deve ser por ele monitorado at\u00e9 sua conclus\u00e3o;<\/p>\n<p style=\"text-align: justify;\">Este m\u00e9todo, tamb\u00e9m chamado de clareamento dom\u00e9stico oferece algumas vantagens, como custos menores;<\/p>\n<p style=\"text-align: justify;\">Al\u00e9m disso, parte desta modalidade de clareamento pode ser realizado no conforto da pr\u00f3pria casa do paciente;<\/p>\n<p style=\"text-align: justify;\">Quando o clareamento caseiro n\u00e3o produz o efeito esperado pelo paciente, pode-se recorrer a outros m\u00e9todos;<\/p>\n<p style=\"text-align: justify;\">Nestes casos espec\u00edficos, pode-se recorrer sequencialmente ao m\u00e9todo de clareamento a laser;<\/p>\n<p style=\"text-align: justify;\">A associa\u00e7\u00e3o das duas t\u00e9cnicas \u00e9 denominada clareamento dental conjugado.<\/p>\n<p>&nbsp;<\/p>\n<h4><span style=\"color: #0000ff;\"><strong>2.3.1 Clareamento Dental Caseiro &#8211; T\u00e9cnica:<\/strong><\/span><\/h4>\n<p style=\"text-align: justify;\">A t\u00e9cnica consiste basicamente na moldagem profissional das arcadas dent\u00e1rias do paciente;<\/p>\n<p style=\"text-align: justify;\">A partir dos moldes, \u00e9 confeccionada um par de placas clareadoras de silicone, as quais ajustam-se perfeitamente aos dentes superiores e inferiores do paciente;<\/p>\n<div id=\"attachment_2860\" style=\"width: 190px\" class=\"wp-caption alignleft\"><a class=\"dt-single-image\" href=\"http:\/\/odontoapeles.com.br\/dentista\/clinica-odontologica\/zona-sul\/\/wp-content\/uploads\/2016\/02\/Clareamento-Dental-Caseiro-150x1501-2.jpg\" data-dt-img-description=\"KIT CLAREADOR CASEIRO\"><img loading=\"lazy\" decoding=\"async\" aria-describedby=\"caption-attachment-2860\" class=\"wp-image-2860\" title=\"Odontologia Est\u00e9tica, Est\u00e9tica Dental, Restaura\u00e7\u00f5es, Facetas em Resina e Facetas em Porcelana na Zona Sul de S\u00e3o Paulo SP e Av Yervant Kissajikian\" src=\"http:\/\/odontoapeles.com.br\/dentista\/clinica-odontologica\/zona-sul\/\/wp-content\/uploads\/2016\/02\/Clareamento-Dental-Caseiro-150x1501-2.jpg\" alt=\"Produtos para Clareamento Dental, Produtos para Clareamento Dental Zona Sul, Produtos para Clareamento Dental Zona Sul SP, Produtos para Clareamento Dental Zona Sul de SP, \" width=\"180\" height=\"180\" \/><\/a><p id=\"caption-attachment-2860\" class=\"wp-caption-text\"><span style=\"color: #ff6600;\"><strong>KIT CLAREADOR CASEIRO<\/strong><\/span><\/p><\/div>\n<p style=\"text-align: justify;\">As placas s\u00e3o usadas em casa pelo paciente, o qual as carrega pequenas qauntidades de gel clareador;<\/p>\n<p style=\"text-align: justify;\">O profissional demonstrar\u00e1 previamente a quantidade de gel a ser depositada no espa\u00e7o correspondente \u00e0 cada dente na placa clareadora;<strong>\u00a0<\/strong><\/p>\n<p style=\"text-align: justify;\">\u00c9 importante evitar o extravasamento do gel das placas de clareamento, pois poder\u00e1 acarretar irrita\u00e7\u00e3o na gengiva;<\/p>\n<p style=\"text-align: justify;\">Ap\u00f3s o carregamento das placas com o gel, o paciente adapta as mesmas sobre suas arcadas dentais superiores e inferiores;<\/p>\n<p style=\"text-align: justify;\">A quantidade de horas di\u00e1rias determinada para o uso das placas clareadora depender\u00e1 da concentra\u00e7\u00e3o do gel;<br \/>\n<span style=\"color: #ffffff;\">.<\/span><\/p>\n<div id=\"attachment_7178\" style=\"width: 190px\" class=\"wp-caption alignleft\"><a class=\"dt-single-image\" href=\"http:\/\/odontoapeles.com.br\/dentista\/clinica-odontologica\/zona-sul\/\/wp-content\/uploads\/2016\/07\/1-cl.jpg\" data-dt-img-description=\"POSICIONAMENTO DA PLACA CLAREADORA\"><img loading=\"lazy\" decoding=\"async\" aria-describedby=\"caption-attachment-7178\" class=\"wp-image-7178\" title=\"Odontologia Est\u00e9tica, Est\u00e9tica Dental, Restaura\u00e7\u00f5es, Facetas em Resina e Facetas em Porcelana na Zona Sul de S\u00e3o Paulo SP.\" src=\"https:\/\/odontoapeles.com.br\/dentista\/clinica-odontologica\/zona-sul\/wp-content\/uploads\/2016\/07\/1-cl.jpg\" alt=\"M\u00e9todos de Clareamento Dental Caseiro, M\u00e9todos de Clareamento Dental Caseiro Zona Sul, M\u00e9todos de Clareamento Dental Caseiro Zona Sul SP, M\u00e9todos de Clareamento Dental Caseiro Zona Sul de SP, \" width=\"180\" height=\"145\" \/><\/a><p id=\"caption-attachment-7178\" class=\"wp-caption-text\"><span style=\"color: #ff6600;\"><strong>POSICIONAMENTO DA PLACA CLAREADORA<\/strong><\/span><\/p><\/div>\n<p style=\"text-align: justify;\">Quanto maior a concentra\u00e7\u00e3o do gel clareador, menor a quantidade de horas di\u00e1rias de tratamento;<\/p>\n<p style=\"text-align: justify;\">O gel \u00e9 um composto \u00e0 base de per\u00f3xido de carbamida, dispon\u00edvel nas concentra\u00e7\u00f5es: 10%, 16% e 22%;<span style=\"color: #ffffff;\">.<\/span><\/p>\n<p style=\"text-align: justify;\">O tempo de uso di\u00e1rio do produto cerca de 2 a 4 horas para concentra\u00e7\u00f5es de 10% e 16% e de 1 hora di\u00e1ria para a concentra\u00e7\u00e3o de 22%;<\/p>\n<p style=\"text-align: justify;\">O tratamento dura em m\u00e9dia 14 dias, per\u00edodo que poder\u00e1 ser alterado sob supervis\u00e3o profissional.<\/p>\n<p style=\"text-align: justify;\"><span style=\"color: #ffffff;\">.<\/span><br \/>\n<span style=\"color: #ffffff;\">.<\/span><\/p>\n<h4><span style=\"color: #0000ff;\"><strong>2.3.2\u00a0 Clareamento Dental Caseiro &#8211; Recomenda\u00e7\u00f5es:<\/strong><\/span><\/h4>\n<p style=\"text-align: justify;\">\u00c9 \u00a0preciso seguir rigorosamente as recomenda\u00e7\u00f5es do dentista quanto \u00e0 t\u00e9cnica do clareamento caseiro;<\/p>\n<p style=\"text-align: justify;\">A n\u00e3o observa\u00e7\u00e3o das orienta\u00e7\u00f5es profissionais poder\u00e1 n\u00e3o apenas comprometer o sucesso do tratamento;<\/p>\n<p style=\"text-align: justify;\">Poder\u00e1 tamb\u00e9m agravar seus eventuais efeitos colaterais indesej\u00e1veis: a sensibilidade dent\u00e1ria e a irrita\u00e7\u00e3o gengival;<\/p>\n<div id=\"attachment_3371\" style=\"width: 255px\" class=\"wp-caption alignleft\"><a class=\"dt-single-image\" href=\"http:\/\/odontoapeles.com.br\/dentista\/clinica-odontologica\/zona-sul\/\/wp-content\/uploads\/2016\/04\/dor-orofacial.jpg\" data-dt-img-description=\"SENSIBILIDADE DENT\u00c1RIA\"><img loading=\"lazy\" decoding=\"async\" aria-describedby=\"caption-attachment-3371\" class=\"wp-image-3371 size-full\" title=\"Odontologia Est\u00e9tica, Est\u00e9tica Dental, Restaura\u00e7\u00f5es, Facetas em Resina e Facetas em Porcelana na Zona Sul de S\u00e3o Paulo SP.\" src=\"https:\/\/odontoapeles.com.br\/dentista\/clinica-odontologica\/zona-sul\/wp-content\/uploads\/2016\/04\/dor-orofacial.jpg\" alt=\"Sensibilidade Dent\u00e1ria e Clareamento Dental, Sensibilidade Dent\u00e1ria e Clareamento Dental Zona Sul, Sensibilidade Dent\u00e1ria e Clareamento Dental Zona Sul SP, Sensibilidade Dent\u00e1ria e Clareamento Dental Zona Sul de SP, \" width=\"245\" height=\"178\" \/><\/a><p id=\"caption-attachment-3371\" class=\"wp-caption-text\"><span style=\"color: #ff6600;\"><strong>SENSIBILIDADE DENT\u00c1RIA<\/strong><\/span><\/p><\/div>\n<p style=\"text-align: justify;\">O aumento da sensibilidade dent\u00e1ria \u00e9 um efeito indesej\u00e1vel comum que aparece durante o tratamento, tornando os dentes especialmente sens\u00edveis ao frio;<\/p>\n<p style=\"text-align: justify;\">Em casos de extrema sensibilidade, o uso do gel clareador dever\u00e1 deixar de ser di\u00e1rio e consecutivo;<\/p>\n<p style=\"text-align: justify;\">Nestes casos, o gel dever\u00e1 ser utilizado em dias alternados ou a cada dois ou tr\u00eas dias;<\/p>\n<p style=\"text-align: justify;\">Paralelamente a esta medida, o uso do fl\u00faor indicado pelo dentista pode atenuar os sintomas dolorosos;<\/p>\n<p style=\"text-align: justify;\">Esta sensibilidade costuma ser revers\u00edvel, desaparecendo gradualmente ao final do tratamento.<\/p>\n<p>&nbsp;<\/p>\n<p style=\"text-align: justify;\"><span style=\"color: #ffffff;\">.<\/span><\/p>\n<div id=\"attachment_2868\" style=\"width: 290px\" class=\"wp-caption alignleft\"><a class=\"dt-single-image\" href=\"http:\/\/odontoapeles.com.br\/dentista\/clinica-odontologica\/zona-sul\/\/wp-content\/uploads\/2016\/02\/Aplica\u00e7\u00e3o-de-Fl\u00faor-1.jpg\" data-dt-img-description=\"APLICA\u00c7\u00c3O DE FL\u00daOR\"><img loading=\"lazy\" decoding=\"async\" aria-describedby=\"caption-attachment-2868\" class=\"wp-image-2868\" title=\"Odontologia Est\u00e9tica, Est\u00e9tica Dental, Restaura\u00e7\u00f5es, Facetas em Resina e Facetas em Porcelana na Zona Sul de S\u00e3o Paulo SP.\" src=\"http:\/\/odontoapeles.com.br\/dentista\/clinica-odontologica\/zona-sul\/\/wp-content\/uploads\/2016\/02\/Aplica\u00e7\u00e3o-de-Fl\u00faor-1.jpg\" alt=\"Restaura\u00e7\u00f5es em Resina, Facetas em Porcelana.\" width=\"280\" height=\"188\" \/><\/a><p id=\"caption-attachment-2868\" class=\"wp-caption-text\"><span style=\"color: #ff6600;\"><strong>APLICA\u00c7\u00c3O DE FL\u00daOR<\/strong><\/span><\/p><\/div>\n<p style=\"text-align: justify;\">Outro efeito colateral do clareamento caseiro<strong>\u00a0<\/strong>\u00e9 a irrita\u00e7\u00e3o dos tecidos moles bucais e peribucais;<\/p>\n<p style=\"text-align: justify;\">A irrita\u00e7\u00e3o gengival \u00e9 a mais observada, podendo estender-se tamb\u00e9m para outros tecidos moles bucais e peribucais, como as mucosas da l\u00edngua e dos l\u00e1bios;<\/p>\n<p style=\"text-align: justify;\">Nestes casos, o dentista poder\u00e1 prescrever medica\u00e7\u00e3o com propriedades analg\u00e9sicas e anti-inflamat\u00f3rias de uso local para al\u00edvio dos sintomas dolorosos;<\/p>\n<p style=\"text-align: justify;\">Estas desagrad\u00e1veis situa\u00e7\u00f5es resultam do uso de quantidades excessivas do gel clareador,\u00a0 a qual deves ser ajustada\u00a0 para n\u00e3o extravasar para fora da placa clareadora.<\/p>\n<p>&nbsp;<\/p>\n<h4 style=\"text-align: justify;\"><span style=\"color: #ffffff;\"><strong>.<\/strong><\/span><br \/>\n<span style=\"color: #0000ff;\"><strong>2.4\u00a0 Clareamento Dental a Laser &#8211; Introdu\u00e7\u00e3o:\u00a0<\/strong><\/span><\/h4>\n<p style=\"text-align: justify;\">O m\u00e9todo de <strong>Clareamento Dental a Laser<\/strong><u>,<\/u><strong>\u00a0<\/strong>realizado inteiramente no consult\u00f3rio do dentista, \u00e9 um sistema moderno e seguro;<\/p>\n<p style=\"text-align: justify;\">Al\u00e9m disso \u00e9 simples e pr\u00e1tico, uma vez que clareia as duas arcadas simultaneamente;<\/p>\n<div id=\"attachment_2540\" class=\"wp-caption alignleft\">\n<div id=\"attachment_2540\" style=\"width: 320px\" class=\"wp-caption alignleft\"><a class=\"dt-single-image mfp-ready\" href=\"http:\/\/odontoapeles.com.br\/dentista\/clinica-odontologica\/zona-sul\/\/\/wp-content\/uploads\/2016\/02\/Clareamento-Dental-a-Laser.jpg\" rel=\"attachment wp-att-2540\" data-dt-img-description=\"\"><img loading=\"lazy\" decoding=\"async\" aria-describedby=\"caption-attachment-2540\" class=\"wp-image-2540\" title=\"Clareamento Dental a Laser, Clareamento Dental a Laser na Zona Sul, Clareamento Dental a Laser na Zona Sul SP, Clareamento Dental a Laser na Zona Sul de SP,\" src=\"http:\/\/odontoapeles.com.br\/dentista\/clinica-odontologica\/zona-sul\/\/wp-content\/uploads\/2016\/02\/Clareamento-Dental-a-Laser.jpg\" alt=\"Clareamento Dental a Laser, Clareamento Dental a Laser Zona Sul, Clareamento Dental a Laser Zona Sul SP, Clareamento Dental a Laser Zona Sul de SP,\" width=\"310\" height=\"189\" \/><\/a><p id=\"caption-attachment-2540\" class=\"wp-caption-text\"><span style=\"color: #ff6600;\"><strong>CLAREAMENTO DENTAL A LASER<\/strong><\/span><\/p><\/div>\n<p class=\"wp-caption-text\">\n<\/div>\n<p style=\"text-align: justify;\">Os equipamentos que emitem luz laser t\u00eam como fun\u00e7\u00f5es principal acelerar e potencializar a a\u00e7\u00e3o de um gel clareador concentrado;<\/p>\n<p style=\"text-align: justify;\">Este gel (<a href=\"https:\/\/www.dentaltix.com\/pt\/blog\/diferencas-entre-branqueamentos-com-peroxido-hidrogenio-e-peroxido-carbamida\">per\u00f3xido de hidrog\u00eanio<\/a>) \u00e9 aplicado diretamente sobre as superf\u00edcies\u00a0 externas dos dentes durante a terapia clareadora;<\/p>\n<p style=\"text-align: justify;\">O laser tamb\u00e9m atua no sentido de prevenir ou atenuar a sensibilidade dent\u00e1ria;<\/p>\n<p style=\"text-align: justify;\">Uma das vantagens desta t\u00e9cnica relaciona-se \u00e0 aus\u00eancia das placas clareadoras, as quais, em alguns casos, podem gerar desconforto;<\/p>\n<p style=\"text-align: justify;\"><span style=\"color: #ffffff;\">.<\/span><br \/>\n<span style=\"color: #ffffff;\">.<\/span><\/p>\n<h4 style=\"text-align: justify;\"><span style=\"color: #0000ff;\"><strong>2.4.1\u00a0 Clareamento Dental a Laser &#8211; T\u00e9cnica:\u00a0<\/strong><\/span><\/h4>\n<div id=\"attachment_3924\" style=\"width: 310px\" class=\"wp-caption alignleft\"><a class=\"dt-single-image\" href=\"http:\/\/odontoapeles.com.br\/dentista\/clinica-odontologica\/zona-sul\/\/wp-content\/uploads\/2016\/04\/Prote\u00e7\u00e3o-dos-tecidos-moles.jpg\" data-dt-img-description=\"PROTE\u00c7\u00c3O DOS TECIDOS MOLES\"><img loading=\"lazy\" decoding=\"async\" aria-describedby=\"caption-attachment-3924\" class=\"wp-image-3924\" title=\"Clareamento Dental a Laser, Clareamento Dental a Laser Zona Sul, Clareamento Dental a Laser Zona Sul SP, Clareamento Dental SP, Clareamento Dental S\u00e3o Paulo\" src=\"http:\/\/odontoapeles.com.br\/dentista\/clinica-odontologica\/zona-sul\/\/wp-content\/uploads\/2016\/04\/Prote\u00e7\u00e3o-dos-tecidos-moles.jpg\" alt=\"Clareamento Dental a Laser, Clareamento Dental a Laser na Zona Sul, Clareamento Dental a Laser na Zona Sul SP, Clareamento Dental em SP, Clareamento Dental em S\u00e3o Paulo\" width=\"300\" height=\"200\" \/><\/a><p id=\"caption-attachment-3924\" class=\"wp-caption-text\"><span style=\"color: #ff6600;\"><strong>PROTE\u00c7\u00c3O DOS TECIDOS MOLES<\/strong><\/span><\/p><\/div>\n<p style=\"text-align: justify;\">Para evitar les\u00f5es, tecidos moles bucais e peribucais (l\u00edngua, l\u00e1bios, bochechas) devem ser protegidos da a\u00e7\u00e3o do agente clareador;<\/p>\n<p style=\"text-align: justify;\">A gengiva \u00e9 isolada do contato com o gel por meio de barreira gengival. Os tecidos moles restantes s\u00e3o protegidos por meio de afastadores especiais;<\/p>\n<p style=\"text-align: justify;\">A quantidade de sess\u00f5es para o clareamento a laser<strong>\u00a0<\/strong>ser\u00e1 estabelecida pelo profissional;<\/p>\n<p style=\"text-align: justify;\">Em geral, varia de uma a quatro e depende de fatores relacionados \u00e0s condi\u00e7\u00f5es de colora\u00e7\u00e3o e manchamento dos dentes.<\/p>\n<p style=\"text-align: justify;\"><span style=\"color: #ffffff;\">.<\/span><br \/>\n<span style=\"color: #ffffff;\"><strong> .<\/strong><\/span><\/p>\n<h4><span style=\"color: #339966;\"><strong><span style=\"color: #0000ff;\">2.5. \u00a0Clareamento Dental Conjugado:<\/span>\u00a0<\/strong><\/span><\/h4>\n<p style=\"text-align: justify;\">O <strong>Clareamento Dental Conjugado<\/strong>\u00a0consiste na realiza\u00e7\u00e3o sequencial ou concomitante das t\u00e9cnicas de clareamento caseiro e de clareamento a laser;<\/p>\n<div id=\"attachment_15038\" style=\"width: 294px\" class=\"wp-caption alignleft\"><a class=\"dt-single-image\" href=\"https:\/\/odontoapeles.com.br\/dentista\/clinica-odontologica\/zona-sul\/wp-content\/uploads\/2020\/07\/DENTES-INTENSAMENTE-CLAREADOS-1.jpg\" data-dt-img-description=\"DENTES INTENSAMENTE CLAREADOS\"><img loading=\"lazy\" decoding=\"async\" aria-describedby=\"caption-attachment-15038\" class=\"wp-image-15038 size-full\" src=\"https:\/\/odontoapeles.com.br\/dentista\/clinica-odontologica\/zona-sul\/wp-content\/uploads\/2020\/07\/DENTES-INTENSAMENTE-CLAREADOS-1.jpg\" alt=\"Odontologia Est\u00e9tica, Est\u00e9tica Dental, Restaura\u00e7\u00f5es, Facetas em Resina e Facetas em Porcelana na Zona Sul de S\u00e3o Paulo SP.\" width=\"284\" height=\"178\" \/><\/a><p id=\"caption-attachment-15038\" class=\"wp-caption-text\"><strong><span style=\"color: #ff6600;\">CLAREAMENTO CONJUGADO &#8211; DENTES INTENSAMENTE CLAREADOS<\/span><\/strong><\/p><\/div>\n<p style=\"text-align: justify;\">A maioria dos profissionais preferem iniciar o tratamento com o m\u00e9todo caseiro, enquanto outros optam por come\u00e7ar pelo m\u00e9todo a laser;<\/p>\n<p style=\"text-align: justify;\">Parece haver um consenso de que a utiliza\u00e7\u00e3o concomitante das duas t\u00e9cnicas tende a produzir sensibilidade dent\u00e1ria aumentada;<\/p>\n<p style=\"text-align: justify;\">Este fato deve ser considerado, em especial em pacientes portadores de retra\u00e7\u00f5es gengivais extensas.<\/p>\n<p style=\"text-align: justify;\">Ra\u00edzes dent\u00e1rias expostas tornam os dentes ainda mais sens\u00edveis;<\/p>\n<p style=\"text-align: justify;\">Esta alternativa de tratamento clareador objetiva atingir n\u00edveis de clareamento dental superiores aos conquistados pelas t\u00e9cnicas caseira e laser utilizadas isoladamente;<\/p>\n<p style=\"text-align: justify;\">O clareamento conjugado\u00a0tamb\u00e9m \u00e9 indicado para o clareamento de dentes com colora\u00e7\u00f5es mais escuras ou intensamente manchados. Estas caracter\u00edsticas tornam estes dentes mais resistentes \u00e0 a\u00e7\u00e3o dos agentes clareadores.<\/p>\n<p><span style=\"color: #ffffff;\"><strong>.<\/strong><\/span><\/p>\n<h4><span style=\"color: #339966;\"><strong><span style=\"color: #0000ff;\">2.6 Clareamento Dental Interno &#8211; Introdu\u00e7\u00e3o:<\/span>\u00a0<\/strong><\/span><\/h4>\n<p style=\"text-align: justify;\">O <strong>Clareamento Dental Interno<\/strong>\u00a0\u00e9 geralmente indicado para dentes individuais, que apresentam escurecimento s\u00fabito ou gradual;<\/p>\n<div id=\"attachment_4783\" style=\"width: 300px\" class=\"wp-caption alignleft\"><a class=\"dt-single-image\" href=\"http:\/\/odontoapeles.com.br\/dentista\/clinica-odontologica\/zona-sul\/\/wp-content\/uploads\/2016\/05\/Tratamento-de-Canal-Incorreto.jpg\" data-dt-img-description=\"ESCURECIMENTO DENTAL\"><img loading=\"lazy\" decoding=\"async\" aria-describedby=\"caption-attachment-4783\" class=\"wp-image-4783\" title=\"Clareamento Dental Interno, Clareamento Dental Interno Zona Sul, Clareamento Dental Interno Zona Sul SP, Clareamento Dental Interno Zona Sul de SP\" src=\"http:\/\/odontoapeles.com.br\/dentista\/clinica-odontologica\/zona-sul\/\/wp-content\/uploads\/2016\/05\/Tratamento-de-Canal-Incorreto-150x150.jpg\" alt=\"Odontologia Est\u00e9tica, Est\u00e9tica Dental, Restaura\u00e7\u00f5es, Facetas em Resina e Facetas em Porcelana na Zona Sul de S\u00e3o Paulo SP.\" width=\"290\" height=\"142\" srcset=\"https:\/\/odontoapeles.com.br\/dentista\/clinica-odontologica\/zona-sul\/wp-content\/uploads\/2016\/05\/Tratamento-de-Canal-Incorreto-300x147.jpg 300w, https:\/\/odontoapeles.com.br\/dentista\/clinica-odontologica\/zona-sul\/wp-content\/uploads\/2016\/05\/Tratamento-de-Canal-Incorreto.jpg 321w\" sizes=\"(max-width: 290px) 100vw, 290px\" \/><\/a><p id=\"caption-attachment-4783\" class=\"wp-caption-text\"><span style=\"color: #ff6600;\"><strong>ESCURECIMENTO DENTAL<\/strong><\/span><\/p><\/div>\n<p style=\"text-align: justify;\">O escurecimento de dentes isolados geralmente est\u00e1 associado \u00e0 decomposi\u00e7\u00e3o e morte do nervo dent\u00e1rio, processo conhecido como necrose;<\/p>\n<p style=\"text-align: justify;\">A necrose do nervo dent\u00e1rio \u00e9 frequentemente resultado da a\u00e7\u00e3o de c\u00e1ries profundas e de traumatismos dentais (golpes, pancadas);<\/p>\n<p style=\"text-align: justify;\">O escurecimento dental pode ser resultado de tratamentos de canal mal realizados, durante os quais o dentista n\u00e3o removeu completamente o material org\u00e2nico do canal dent\u00e1rio ou as subst\u00e2ncias qu\u00edmicas utilizadas na terapia.\u00a0A decomposi\u00e7\u00e3o do nervo e das subst\u00e2ncias n\u00e3o removidas durante o tratamento do canal produz pigmentos que escurecem os dentes;<\/p>\n<p style=\"text-align: justify;\">Restaura\u00e7\u00f5es dent\u00e1rias realizadas com alguns materiais met\u00e1licos em sua composi\u00e7\u00e3o, como a prata, tamb\u00e9m levam ao escurecimento dental;<\/p>\n<p style=\"text-align: justify;\">O clareamento interno \u00e9 uma alternativa interessante para a corre\u00e7\u00e3o do escurecimento dental;<\/p>\n<p style=\"text-align: justify;\">Por\u00e9m, deve-se ressalvar que pode n\u00e3o ser eficaz para a totalidade dos casos.<br \/>\n<span style=\"color: #ffffff;\">.<\/span><\/p>\n<h4 style=\"text-align: justify;\"><span style=\"color: #0000ff;\"><strong>2.6.1\u00a0 Clareamento Dental Interno &#8211; T\u00e9cnica:<\/strong><\/span><\/h4>\n<p style=\"text-align: justify;\">Nesta t\u00e9cnica, ao contr\u00e1rio das t\u00e9cnicas caseira e laser, o agente clareador \u00e9 aplicado numa cavidade aberta dentro do dente;<\/p>\n<p style=\"text-align: justify;\">Por conta desse procedimento, este m\u00e9todo \u00e9 classificado como Clareamento Interno;<\/p>\n<div id=\"attachment_2642\" style=\"width: 324px\" class=\"wp-caption alignleft\"><a class=\"dt-single-image\" href=\"http:\/\/odontoapeles.com.br\/dentista\/clinica-odontologica\/zona-sul\/\/wp-content\/uploads\/2016\/02\/Clareamento-dental-interno-2.jpg\" data-dt-img-description=\"CLAREAMENTO DENTAL INTERNO\"><img loading=\"lazy\" decoding=\"async\" aria-describedby=\"caption-attachment-2642\" class=\"wp-image-2642\" title=\"Clareamento Dental de Dentes Escurecidos, Clareamento Dental de Dentes Escurecidos na Zona Sul, Clareamento Dental de Dentes Escurecidos na Zona Sul SP, Clareamento Dental de Dentes Escurecidos em SP, Clareamento Dental Escurecidos em S\u00e3o Paulo\" src=\"http:\/\/odontoapeles.com.br\/dentista\/clinica-odontologica\/zona-sul\/\/wp-content\/uploads\/2016\/02\/Clareamento-dental-interno-2.jpg\" alt=\"Odontologia Est\u00e9tica, Est\u00e9tica Dental, Restaura\u00e7\u00f5es, Facetas em Resina e Facetas em Porcelana na Zona Sul de S\u00e3o Paulo SP.\" width=\"314\" height=\"235\" \/><\/a><p id=\"caption-attachment-2642\" class=\"wp-caption-text\"><span style=\"color: #ff6600;\"><strong>CLAREAMENTO DENTAL INTERNO<\/strong><\/span><\/p><\/div>\n<p style=\"text-align: justify;\">O\u00a0procedimento do clareamento interno \u00e9 realizado em v\u00e1rias\u00a0sess\u00f5es;<\/p>\n<p style=\"text-align: justify;\">O agente clareador \u00e9 introduzido no interior do dente seja por meio da abertura de uma nova cavidade de acesso, seja pela reabertura de cavidade j\u00e1 acessada nos casos em que o canal do dente foi previamente tratado;<\/p>\n<p style=\"text-align: justify;\">Uma vez inserido no interior do dente, o agente clareador decomp\u00f5e os pigmentos respons\u00e1veis pelo escurecimento dental;<\/p>\n<p style=\"text-align: justify;\">A cada sess\u00e3o \u00e9 procedida a troca do agente clareador;<\/p>\n<p style=\"text-align: justify;\">As trocas do agente clareador s\u00e3o realizadas at\u00e9 a obten\u00e7\u00e3o do resultado satisfat\u00f3rio.<\/p>\n<p>&nbsp;<\/p>\n<p>&nbsp;<\/p>\n<h4><strong><span style=\"color: #0000ff;\">2.7 Facetas Diretas em Resina<\/span><\/strong><\/h4>\n<p style=\"text-align: justify;\">A aplica\u00e7\u00e3o de <strong>Facetas Diretas em Resina<\/strong> Composta sobre as superf\u00edcies dent\u00e1rias \u00e9 uma t\u00e9cnica que tem sido muito utilizada para corrigir seus defeitos est\u00e9ticos, como por exemplo, pequenas fraturas, cores indesej\u00e1veis, formatos irregulares e desiguais, assim como para preencher espa\u00e7os entre dentes vizinhos (diastemas).<\/p>\n<div id=\"attachment_16809\" style=\"width: 357px\" class=\"wp-caption alignleft\"><a class=\"dt-pswp-item\" href=\"https:\/\/odontoapeles.com.br\/dentista\/clinica-odontologica\/zona-sul\/wp-content\/uploads\/2021\/05\/images-1.jpg\" data-dt-img-description=\"\" data-large_image_width=\"347\" data-large_image_height=\"145\"><img loading=\"lazy\" decoding=\"async\" aria-describedby=\"caption-attachment-16809\" class=\"wp-image-16809 size-medium\" title=\"Facetas Diretas em Resina Zona Sul SP\" src=\"https:\/\/odontoapeles.com.br\/dentista\/clinica-odontologica\/zona-sul\/wp-content\/uploads\/2021\/05\/images-1-300x125.jpg\" alt=\"Odontologia Est\u00e9tica, Est\u00e9tica Dental, Restaura\u00e7\u00f5es, Facetas em Resina e Facetas em Porcelana na Zona Sul de S\u00e3o Paulo SP.\" width=\"300\" height=\"125\" srcset=\"https:\/\/odontoapeles.com.br\/dentista\/clinica-odontologica\/zona-sul\/wp-content\/uploads\/2021\/05\/images-1-300x125.jpg 300w, https:\/\/odontoapeles.com.br\/dentista\/clinica-odontologica\/zona-sul\/wp-content\/uploads\/2021\/05\/images-1-18x8.jpg 18w, https:\/\/odontoapeles.com.br\/dentista\/clinica-odontologica\/zona-sul\/wp-content\/uploads\/2021\/05\/images-1.jpg 347w\" sizes=\"(max-width: 300px) 100vw, 300px\" \/><\/a><p id=\"caption-attachment-16809\" class=\"wp-caption-text\"><strong><span style=\"color: #ff6600;\">FACETAS DIRETAS EM RESINA<\/span><\/strong><\/p><\/div>\n<p style=\"text-align: justify;\">Facetas diretas em resina s\u00e3o confeccionadas exclusivamente no consult\u00f3rio odontol\u00f3gico.<\/p>\n<p style=\"text-align: justify;\">Portanto, n\u00e3o necessitam da atua\u00e7\u00e3o de laborat\u00f3rios de pr\u00f3tese dentaria, ao contr\u00e1rio das facetas laminadas e lentes de contato dentais em porcelana.<\/p>\n<p style=\"text-align: justify;\">As facetas e lentes de contato em porcelana apresentam vantagens de maior durabilidade e estabilidade de cor, enquanto as facetas diretas em resina duram menos e podem pigmentar-se, dependendo dos h\u00e1bitos alimentares e outros da pessoa.<\/p>\n<p style=\"text-align: justify;\">Entretanto, a durabilidade desses procedimentos e dispositivos est\u00e9ticos depende tamb\u00e9m de outros fatores que n\u00e3o dependem do paciente.<\/p>\n<p style=\"text-align: justify;\">Dentre estes, pode-se citar, por exemplo, a indica\u00e7\u00e3o correta para suas confec\u00e7\u00f5es, a habilidade do profissional, a qualidade dos materiais empregados em suas fabrica\u00e7\u00f5es e o grau de especializa\u00e7\u00e3o dos laborat\u00f3rios de pr\u00f3tese, quando envolvidos na elabora\u00e7\u00e3o desses relevantes trabalhos est\u00e9ticos.<\/p>\n<p style=\"text-align: justify;\">Contudo, as facetas diretas em <a href=\"https:\/\/blog.suryadental.com.br\/resina-composta-odontologia\/\">resina composta<\/a> t\u00eam sido muito procuradas pelos pacientes, pois, apesar de algumas desvantagens em rela\u00e7\u00e3o \u00e0s facetas e lentes de porcelana, apresentam custo muito mais baixo e podem ser confeccionadas pelo dentista em intervalo de tempo muito menor.<\/p>\n<p style=\"text-align: justify;\">A durabilidade dos laminados em porcelana e das facetas diretas em resina \u00e9 objeto de estudos e debates entre pesquisadores e dentistas.<\/p>\n<p style=\"text-align: justify;\">Estima-se que as pe\u00e7as fabricadas em porcelana duram em torno de 06 a 10 anos.<\/p>\n<p style=\"text-align: justify;\">Quanto \u00e0s facetas diretas em resina, estudos atuais apontam que, na depend\u00eancia de fatores como a qualidade da resina e t\u00e9cnica empregadas, sua durabilidade m\u00e9dia est\u00e1 entre 2,5 a 3,5 anos, podendo ser ainda maior.<\/p>\n<p>&nbsp;<\/p>\n<h4 style=\"text-align: justify;\"><strong><span style=\"color: #008000;\"><span style=\"color: #0000ff;\">2.8 Lentes de Contato e Facetas Laminadas:<\/span> <span style=\"color: #ffffff;\">Odontologia Est\u00e9tica<\/span><\/span><\/strong><\/h4>\n<p style=\"text-align: justify;\"><span style=\"color: #000000;\">A est\u00e9tica do sorriso, conforme j\u00e1 foi amplamente comentado em itens anteriores, \u00e9 muito valorizada em nossa sociedade moderna.<\/span><\/p>\n<p style=\"text-align: justify;\"><span style=\"color: #000000;\"><strong>Lentes de Contato Dentais e Facetas Laminadas<\/strong> s\u00e3o finas l\u00e2minas confeccionadas em porcelana para recobrir a superf\u00edcie externa vis\u00edvel dos dentes e corrigir imperfei\u00e7\u00f5es naturais ou adquiridas.<\/span><\/p>\n<div id=\"attachment_14965\" style=\"width: 210px\" class=\"wp-caption alignleft\"><a class=\"dt-single-image\" href=\"https:\/\/odontoapeles.com.br\/dentista\/clinica-odontologica\/zona-sul\/wp-content\/uploads\/2020\/07\/SORRISO-BELO.jpg\" data-dt-img-description=\"SORRISO BELO E HARM\u00d4NICO\"><img loading=\"lazy\" decoding=\"async\" aria-describedby=\"caption-attachment-14965\" class=\"wp-image-14965\" title=\"Lentes de Contato Dentais, Lentes de Contato Dentais Zona Sul, Lentes de Contato Dentais Zona Sul SP, Lentes de Contato Dentais Zona Sul de SP. Lentes de Contato Dentais SP, Lentes de Contato Dentais S\u00e3o Paulo\" src=\"https:\/\/odontoapeles.com.br\/dentista\/clinica-odontologica\/zona-sul\/wp-content\/uploads\/2020\/07\/SORRISO-BELO.jpg\" alt=\"Odontologia Est\u00e9tica, Est\u00e9tica Dental, Restaura\u00e7\u00f5es, Facetas em Resina e Facetas em Porcelana na Zona Sul de S\u00e3o Paulo SP.\" width=\"200\" height=\"133\" \/><\/a><p id=\"caption-attachment-14965\" class=\"wp-caption-text\"><strong><span style=\"color: #ff6600;\">SORRISO BELO E HARM\u00d4NICO<\/span><\/strong><\/p><\/div>\n<p style=\"text-align: justify;\">Muitas pessoas j\u00e1 nascem com os dentes desenvolvidos com boa calcifica\u00e7\u00e3o, formatos regulares, correto alinhamento e colora\u00e7\u00f5es apropriadas, condi\u00e7\u00f5es que proporcionam naturalmente um sorriso belo e harm\u00f4nico.<\/p>\n<p style=\"text-align: justify;\">Estas condi\u00e7\u00f5es s\u00e3o determinadas principalmente por fatores de ordem gen\u00e9tica e tendem a contribuir para a auto-estima e auto-confian\u00e7a, especialmente durante o ato de falar e sorrir.<\/p>\n<p style=\"text-align: justify;\">Contudo, esta n\u00e3o \u00e9 uma regra quanto ao desenvolvimento da denti\u00e7\u00e3o.<\/p>\n<p style=\"text-align: justify;\">Muitos indiv\u00edduos, tamb\u00e9m pelas mesmas quest\u00f5es de ordem gen\u00e9tica, n\u00e3o t\u00eam a mesma sorte, e desenvolvem uma denti\u00e7\u00e3o com imperfei\u00e7\u00f5es vis\u00edveis e aspecto anti-est\u00e9tico, igualmente de ordem natural.<\/p>\n<div id=\"attachment_14967\" style=\"width: 210px\" class=\"wp-caption alignleft\"><a class=\"dt-single-image\" href=\"https:\/\/odontoapeles.com.br\/dentista\/clinica-odontologica\/zona-sul\/wp-content\/uploads\/2020\/07\/DENTES-DESALINHADOS-E-COM-FORMATOS-IRREGULARES.jpg\" data-dt-img-description=\"DENTES DESALINHADOS E COM FORMATOS IRREGULARES\"><img loading=\"lazy\" decoding=\"async\" aria-describedby=\"caption-attachment-14967\" class=\"wp-image-14967\" title=\"Lentes de Contato Dentais, Lentes de Contato Dentais Zona Sul, Lentes de Contato Dentais Zona Sul SP, Lentes de Contato Dentais Zona Sul de SP. Lentes de Contato Dentais SP, Lentes de Contato Dentais S\u00e3o Paulo\" src=\"https:\/\/odontoapeles.com.br\/dentista\/clinica-odontologica\/zona-sul\/wp-content\/uploads\/2020\/07\/DENTES-DESALINHADOS-E-COM-FORMATOS-IRREGULARES.jpg\" alt=\"Odontologia Est\u00e9tica, Est\u00e9tica Dental, Restaura\u00e7\u00f5es, Facetas em Resina e Facetas em Porcelana na Zona Sul de S\u00e3o Paulo SP.\" width=\"200\" height=\"134\" \/><\/a><p id=\"caption-attachment-14967\" class=\"wp-caption-text\"><strong><span style=\"color: #ff6600;\">DENTES DESALINHADOS E COM FORMATOS IRREGULARES<\/span><\/strong><\/p><\/div>\n<p style=\"text-align: justify;\">Nestes casos, especialmente na adolesc\u00eancia, \u00e9poca em que a preocupa\u00e7\u00e3o com uma boa apar\u00eancia \u00e9 uma realidade, estes indiv\u00edduos podem, ao contr\u00e1rio, adquirir baixa auto-estima e comportamentos introvertidos.<\/p>\n<p style=\"text-align: justify;\"><span style=\"color: #000000;\">Lamentavelmente, muitas pessoas nascem com dentes mal alinhados e com formatos irregulares.<\/span><\/p>\n<p style=\"text-align: justify;\"><span style=\"color: #000000;\">Outras vezes apresentam espa\u00e7os anormais, conhecidos como diastemas.<\/span><\/p>\n<p style=\"text-align: justify;\"><span style=\"color: #000000;\">Existem situa\u00e7\u00f5es, ainda mais comprometedoras, nas quais os dentes anteriores apresentam-se extremamente manchados por conta de dist\u00farbios na fase de calcifica\u00e7\u00e3o.<\/span><\/p>\n<p>&nbsp;<\/p>\n<div id=\"attachment_14972\" style=\"width: 210px\" class=\"wp-caption alignleft\"><a class=\"dt-single-image\" href=\"https:\/\/odontoapeles.com.br\/dentista\/clinica-odontologica\/zona-sul\/wp-content\/uploads\/2020\/07\/DIASTEMAS-DENTAIS.jpg\" data-dt-img-description=\"DIASTEMAS DENTAIS\"><img loading=\"lazy\" decoding=\"async\" aria-describedby=\"caption-attachment-14972\" class=\"wp-image-14972\" title=\"Lentes de Contato Dentais, Lentes de Contato Dentais Zona Sul, Lentes de Contato Dentais Zona Sul SP, Lentes de Contato Dentais Zona Sul de SP. Lentes de Contato Dentais SP, Lentes de Contato Dentais S\u00e3o Paulo\" src=\"https:\/\/odontoapeles.com.br\/dentista\/clinica-odontologica\/zona-sul\/wp-content\/uploads\/2020\/07\/DIASTEMAS-DENTAIS.jpg\" alt=\"Odontologia Est\u00e9tica, Est\u00e9tica Dental, Restaura\u00e7\u00f5es, Facetas em Resina e Facetas em Porcelana na Zona Sul de S\u00e3o Paulo SP.\" width=\"200\" height=\"134\" \/><\/a><p id=\"caption-attachment-14972\" class=\"wp-caption-text\"><strong><span style=\"color: #ff6600;\">DIASTEMAS DENTAIS<\/span><\/strong><\/p><\/div>\n<p style=\"text-align: justify;\">\u00c9 necess\u00e1rio esclarecer que, independentemente do grupo em que alguns pacientes se enquadram, quanto \u00e0 apresenta\u00e7\u00e3o de suas condi\u00e7\u00f5es dent\u00e1rias naturais, est\u00e9ticas ou n\u00e3o, estas podem ser perdidas ou ainda mais comprometidas com o passar dos anos.<\/p>\n<p style=\"text-align: justify;\">In\u00fameros fatores, agora adquiridos pelo tempo, podem concorrer para a piora da apar\u00eancia est\u00e9tica do sorriso.<\/p>\n<p style=\"text-align: justify;\">Dentre estes fatores,\u00a0 pode-se citar as c\u00e1ries dent\u00e1rias, restaura\u00e7\u00f5es est\u00e9ticas mal realizadas, desgaste dos dentes pelo h\u00e1bito de ranger (bruxismo), manchamentos dent\u00e1rios causados pelo tabagismo ou seu amarelamento pelo passar dos anos.<\/p>\n<div id=\"attachment_14969\" style=\"width: 210px\" class=\"wp-caption alignleft\"><a class=\"dt-single-image\" href=\"https:\/\/odontoapeles.com.br\/dentista\/clinica-odontologica\/zona-sul\/wp-content\/uploads\/2020\/07\/DENTES-MANCHADOS-PELA-IDADE.jpg\" data-dt-img-description=\"DENTES AMARELADOS PELA IDADE\"><img loading=\"lazy\" decoding=\"async\" aria-describedby=\"caption-attachment-14969\" class=\"wp-image-14969\" title=\"Odontologia Est\u00e9tica, Odontologia Est\u00e9tica Zona Sul,\u00a0Odontologia Est\u00e9tica Zona Sul SP, Odontologia Est\u00e9tica SP, Odontologia Est\u00e9tica S\u00e3o Paulo\" src=\"https:\/\/odontoapeles.com.br\/dentista\/clinica-odontologica\/zona-sul\/wp-content\/uploads\/2020\/07\/DENTES-MANCHADOS-PELA-IDADE.jpg\" alt=\"Odontologia Est\u00e9tica, Est\u00e9tica Dental, Restaura\u00e7\u00f5es, Facetas em Resina e Facetas em Porcelana na Zona Sul de S\u00e3o Paulo SP, Restaura\u00e7\u00f5es em Resina, Facetas em Porcelana.\" width=\"200\" height=\"132\" \/><\/a><p id=\"caption-attachment-14969\" class=\"wp-caption-text\"><strong><span style=\"color: #ff6600;\">DENTES AMARELADOS PELA IDADE<\/span><\/strong><\/p><\/div>\n<p style=\"text-align: justify;\">Com o passar dos anos os dentes tornam-se naturalmente amarelados pela produ\u00e7\u00e3o de dentina, tecido mineralizado localizado internamente ao esmalte.<\/p>\n<p style=\"text-align: justify;\">Esta situa\u00e7\u00e3o \u00e9 particularmente comum em pessoas mais idosas.<\/p>\n<p style=\"text-align: justify;\">Este manchamento pode ser corrigido por meio da instala\u00e7\u00e3o de facetas laminadas quando o clareamento dental, primeira op\u00e7\u00e3o de tratamento, n\u00e3o produz resultados satisfat\u00f3rios.<\/p>\n<p style=\"text-align: justify;\"><span style=\"color: #000000;\">Todas estas imperfei\u00e7\u00f5es dent\u00e1rias descritas, conforme j\u00e1 foi explicado, podem resultar em baixa-estima e falta de confian\u00e7a junto ao meio social, comprometendo e modificando o comportamento das pessoas.<\/span><\/p>\n<div id=\"attachment_8619\" style=\"width: 160px\" class=\"wp-caption alignleft\"><a class=\"dt-single-image\" href=\"https:\/\/odontoapeles.com.br\/dentista\/clinica-odontologica\/zona-sul\/wp-content\/uploads\/2015\/11\/LENTE-DE-CONTATO-DENTAL.jpg\" data-dt-img-description=\"\"><img loading=\"lazy\" decoding=\"async\" aria-describedby=\"caption-attachment-8619\" class=\"wp-image-8619 size-thumbnail\" title=\"Odontologia Est\u00e9tica Zona Sul de SP, Lentes de Contato Dentais Zona Sul SP,\" src=\"https:\/\/odontoapeles.com.br\/dentista\/clinica-odontologica\/zona-sul\/wp-content\/uploads\/2015\/11\/LENTE-DE-CONTATO-DENTAL-150x150.jpg\" alt=\"Odontologia Est\u00e9tica Zona Sul de SP, Lentes de Contato Dentais Zona Sul SP, Restaura\u00e7\u00f5es em Resina, Facetas em Porcelana.\" width=\"150\" height=\"150\" srcset=\"https:\/\/odontoapeles.com.br\/dentista\/clinica-odontologica\/zona-sul\/wp-content\/uploads\/2015\/11\/LENTE-DE-CONTATO-DENTAL-150x150.jpg 150w, https:\/\/odontoapeles.com.br\/dentista\/clinica-odontologica\/zona-sul\/wp-content\/uploads\/2015\/11\/LENTE-DE-CONTATO-DENTAL-32x32.jpg 32w\" sizes=\"(max-width: 150px) 100vw, 150px\" \/><\/a><p id=\"caption-attachment-8619\" class=\"wp-caption-text\"><strong><span style=\"color: #ff6600;\">LENTES DE CONTATO<\/span><\/strong><\/p><\/div>\n<p style=\"text-align: justify;\"><span style=\"color: #000000;\">Lentes de contato dentais e facetas laminadas quando corretamente indicadas, cobrem a camada externa e vis\u00edvel dos dentes a fim de corrigir as imperfei\u00e7\u00f5es dent\u00e1rias cong\u00eanitas ou adquiridas acima descritas.\u00a0<\/span><\/p>\n<p style=\"text-align: justify;\"><span style=\"color: #000000;\">S\u00e3o confeccionadas em porcelana e mais usadas nos dentes da frente da cavidade bucal.<\/span><\/p>\n<p style=\"text-align: justify;\"><span style=\"color: #000000;\">Seus objetivos visam sempre melhorar as condi\u00e7\u00f5es est\u00e9ticas dos dentes e a eleg\u00e2ncia do sorriso.<\/span><\/p>\n<p style=\"text-align: justify;\"><span style=\"color: #000000;\">As diferen\u00e7as b\u00e1sicas entre as lentes e as facetas laminadas s\u00e3o suas espessuras, indica\u00e7\u00f5es e contra-indica\u00e7\u00f5es.\u00a0<\/span><\/p>\n<p style=\"text-align: justify;\"><span style=\"color: #000000;\">As facetas laminadas s\u00e3o mais espessas e indicadas para a corre\u00e7\u00e3o de problemas est\u00e9ticos mais graves. <\/span><\/p>\n<p style=\"text-align: justify;\"><span style=\"color: #000000;\">As lentes de contato dentais s\u00e3o muito finas e mais apropriadas para a resolu\u00e7\u00e3o de danos est\u00e9ticos menos severos.<\/span><\/p>\n<div id=\"attachment_8622\" style=\"width: 160px\" class=\"wp-caption alignleft\"><a class=\"dt-single-image\" href=\"https:\/\/odontoapeles.com.br\/dentista\/clinica-odontologica\/zona-sul\/wp-content\/uploads\/2015\/11\/FACETAS-LAMINADAS-EM-PORCELANA.jpg\" data-dt-img-description=\"\"><img loading=\"lazy\" decoding=\"async\" aria-describedby=\"caption-attachment-8622\" class=\"wp-image-8622 size-thumbnail\" title=\"Facetas Laminadas, Facetas Laminadas Zona Sul,\u00a0Facetas Laminadas Zona Sul SP, Facetas Laminadas SP, Facetas Laminadas S\u00e3o Paulo, \" src=\"https:\/\/odontoapeles.com.br\/dentista\/clinica-odontologica\/zona-sul\/wp-content\/uploads\/2015\/11\/FACETAS-LAMINADAS-EM-PORCELANA-150x150.jpg\" alt=\"Odontologia Est\u00e9tica, Odontologia Est\u00e9tica Zona Sul,\u00a0Odontologia Est\u00e9tica Zona Sul SP, Odontologia Est\u00e9tica SP, Odontologia Est\u00e9tica S\u00e3o Paulo, Restaura\u00e7\u00f5es em Resina, Facetas em Porcelana.\" width=\"150\" height=\"150\" srcset=\"https:\/\/odontoapeles.com.br\/dentista\/clinica-odontologica\/zona-sul\/wp-content\/uploads\/2015\/11\/FACETAS-LAMINADAS-EM-PORCELANA-150x150.jpg 150w, https:\/\/odontoapeles.com.br\/dentista\/clinica-odontologica\/zona-sul\/wp-content\/uploads\/2015\/11\/FACETAS-LAMINADAS-EM-PORCELANA-32x32.jpg 32w\" sizes=\"(max-width: 150px) 100vw, 150px\" \/><\/a><p id=\"caption-attachment-8622\" class=\"wp-caption-text\"><span style=\"color: #ff6600;\"><strong>FACETAS LAMINADAS<\/strong><\/span><\/p><\/div>\n<p style=\"text-align: justify;\"><span style=\"color: #000000;\">Recomenda-se a realiza\u00e7\u00e3o do clareamento dental antes da confec\u00e7\u00e3o de lentes e facetas. <\/span><\/p>\n<p style=\"text-align: justify;\"><span style=\"color: #000000;\">Dentes mais claros certamente produzir\u00e3o um resultado est\u00e9tico melhor ap\u00f3s a cimenta\u00e7\u00e3o dessas l\u00e2minas.<\/span><\/p>\n<p style=\"text-align: justify;\"><span style=\"color: #000000;\">As porcelanas s\u00e3o o material mais utilizado para suas confec\u00e7\u00f5es, pois\u00a0<\/span><span style=\"color: #000000;\">apresentam maior durabilidade e resist\u00eancia ao manchamento.\u00a0<\/span><\/p>\n<p style=\"text-align: justify;\"><span style=\"color: #000000;\">As ultrafinas lentes de contato exigem nenhum ou m\u00ednimo desgaste desta superf\u00edcies (cerca de 0,25 mm) para seu assentamento sobre as superf\u00edcies dent\u00e1rias preparadas.\u00a0<\/span><\/p>\n<p>&nbsp;<\/p>\n<div id=\"attachment_8640\" style=\"width: 160px\" class=\"wp-caption alignleft\"><a class=\"dt-single-image\" href=\"https:\/\/odontoapeles.com.br\/dentista\/clinica-odontologica\/zona-sul\/wp-content\/uploads\/2015\/11\/DESGASTE-DENTAL.jpg\" data-dt-img-description=\"\"><img loading=\"lazy\" decoding=\"async\" aria-describedby=\"caption-attachment-8640\" class=\"wp-image-8640 size-thumbnail\" title=\"Facetas Laminadas, Facetas Laminadas Zona Sul,\u00a0Facetas Laminadas Zona Sul SP, Facetas Laminadas SP, Facetas Laminadas S\u00e3o Paulo, \" src=\"https:\/\/odontoapeles.com.br\/dentista\/clinica-odontologica\/zona-sul\/wp-content\/uploads\/2015\/11\/DESGASTE-DENTAL-150x150.jpg\" alt=\"Odontologia Est\u00e9tica, Odontologia Est\u00e9tica Zona Sul,\u00a0Odontologia Est\u00e9tica Zona Sul SP, Odontologia Est\u00e9tica SP, Odontologia Est\u00e9tica S\u00e3o Paulo, \" width=\"150\" height=\"150\" srcset=\"https:\/\/odontoapeles.com.br\/dentista\/clinica-odontologica\/zona-sul\/wp-content\/uploads\/2015\/11\/DESGASTE-DENTAL-150x150.jpg 150w, https:\/\/odontoapeles.com.br\/dentista\/clinica-odontologica\/zona-sul\/wp-content\/uploads\/2015\/11\/DESGASTE-DENTAL-32x32.jpg 32w\" sizes=\"(max-width: 150px) 100vw, 150px\" \/><\/a><p id=\"caption-attachment-8640\" class=\"wp-caption-text\"><span style=\"color: #ff6600;\"><strong>DENTES DESGASTADOS PARA FACETAS<\/strong><\/span><\/p><\/div>\n<p style=\"text-align: justify;\">As f<span style=\"color: #000000;\">acetas de porcelana, mais espessas, necessitam de um maior desgaste do tecido dental para sua adapta\u00e7\u00e3o sobre os dentes desgastados.\u00a0<\/span><\/p>\n<p style=\"text-align: justify;\"><span style=\"color: #000000;\">Deve-se salientar que estes desgastes, quando necess\u00e1rios, seja para a adapta\u00e7\u00e3o das lentes de contato dentais, seja para as facetas, s\u00e3o irrevers\u00edveis.<br \/>\n<\/span><\/p>\n<p style=\"text-align: justify;\"><span style=\"color: #000000;\">Existem controv\u00e9rsias entre os dentistas sobre qual das duas t\u00e9cnicas \u00e9 melhor indicada para cada caso.<\/span><\/p>\n<p style=\"text-align: justify;\"><span style=\"color: #000000;\">A escolha da t\u00e9cnica deve ter um planejamento cuidadoso.<\/span><\/p>\n<p style=\"text-align: justify;\"><span style=\"color: #000000;\">Planejamentos incorretos podem gerar <\/span><span style=\"color: #000000;\">insucesso no tratamento e frustra\u00e7\u00e3o para o paciente.<\/span><\/p>\n<p>&nbsp;<\/p>\n<div id=\"attachment_14973\" style=\"width: 210px\" class=\"wp-caption alignleft\"><a class=\"dt-single-image\" href=\"https:\/\/odontoapeles.com.br\/dentista\/clinica-odontologica\/zona-sul\/wp-content\/uploads\/2020\/07\/FACETAS-LAMINADAS-EM-PORCELANA-II.jpg\" data-dt-img-description=\"FACETAS LAMINADAS EM PORCELANA\"><img loading=\"lazy\" decoding=\"async\" aria-describedby=\"caption-attachment-14973\" class=\"wp-image-14973\" title=\"Facetas Laminadas, Facetas Laminadas Zona Sul,\u00a0Facetas Laminadas Zona Sul SP, Facetas Laminadas SP, Facetas Laminadas S\u00e3o Paulo, \" src=\"https:\/\/odontoapeles.com.br\/dentista\/clinica-odontologica\/zona-sul\/wp-content\/uploads\/2020\/07\/FACETAS-LAMINADAS-EM-PORCELANA-II.jpg\" alt=\"Facetas Laminadas, Facetas Laminadas Zona Sul,\u00a0Facetas Laminadas Zona Sul SP, Facetas Laminadas SP, Facetas Laminadas S\u00e3o Paulo, Restaura\u00e7\u00f5es em Resina, Facetas em Porcelana.\" width=\"200\" height=\"120\" \/><\/a><p id=\"caption-attachment-14973\" class=\"wp-caption-text\"><strong><span style=\"color: #ff6600;\">FACETAS LAMINADAS\u00a0<\/span><\/strong><\/p><\/div>\n<p>V\u00e1rios fatores contribuem para a maior ou menor durabilidade das lentes de contato e das facetas laminadas.<\/p>\n<p style=\"text-align: justify;\">O importante \u00e9 saber que esta durabilidade t\u00eam limites e que o resultado dos tratamentos com estes laminados de porcelana n\u00e3o \u00e9, nem de longe, eterno.<\/p>\n<p style=\"text-align: justify;\">Baixa durabilidade das lentes e facetas relaciona-se a v\u00e1rios fatores, em especial a erros em suas indica\u00e7\u00f5es.<\/p>\n<p style=\"text-align: justify;\">Estes laminados n\u00e3o est\u00e3o indicados para todos os casos, nem para todos as pessoas.<\/p>\n<p style=\"text-align: justify;\">Outras causas de suas baixas longevidades associam-se \u00e0 falhas em suas fabrica\u00e7\u00f5es.<\/p>\n<p style=\"text-align: justify;\">As falhas nas confec\u00e7\u00f5es destes dispositivos dent\u00e1rios est\u00e9ticos podem relacionar-se tanto \u00e0 t\u00e9cnica inadequada empregada pelo dentista, quanto a erros cometidos pelo t\u00e9cnico em pr\u00f3tese dent\u00e1ria (prot\u00e9tico), durante a fase conduzida em laborat\u00f3rio.<\/p>\n<div id=\"attachment_14976\" style=\"width: 210px\" class=\"wp-caption alignleft\"><a class=\"dt-single-image\" href=\"https:\/\/odontoapeles.com.br\/dentista\/clinica-odontologica\/zona-sul\/wp-content\/uploads\/2020\/07\/LENTES-DE-CONTATO-DENTAIS-IV.jpg\" data-dt-img-description=\"LENTES DE CONTATO DENTAIS\"><img loading=\"lazy\" decoding=\"async\" aria-describedby=\"caption-attachment-14976\" class=\"wp-image-14976\" title=\"Facetas Laminadas, Facetas Laminadas Zona Sul,\u00a0Facetas Laminadas Zona Sul SP, Facetas Laminadas SP, Facetas Laminadas S\u00e3o Paulo\" src=\"https:\/\/odontoapeles.com.br\/dentista\/clinica-odontologica\/zona-sul\/wp-content\/uploads\/2020\/07\/LENTES-DE-CONTATO-DENTAIS-IV.jpg\" alt=\"Facetas Laminadas, Facetas Laminadas Zona Sul,\u00a0Facetas Laminadas Zona Sul SP, Facetas Laminadas SP, Facetas Laminadas S\u00e3o Paulo, Restaura\u00e7\u00f5es em Resina, Facetas em Porcelana.\" width=\"200\" height=\"113\" \/><\/a><p id=\"caption-attachment-14976\" class=\"wp-caption-text\"><strong><span style=\"color: #ff6600;\">LENTES DE CONTATO\u00a0<\/span><\/strong><\/p><\/div>\n<p style=\"text-align: justify;\">A fadiga dos laminados de porcelana ocorre inevitavelmente, como resultado do uso\u00a0 ao longo do tempo.<\/p>\n<p style=\"text-align: justify;\">O meio bucal \u00e9 muito agressivo tanto em rela\u00e7\u00e3o aos dentes naturais quanto \u00e0s pe\u00e7as artificiais.<\/p>\n<p style=\"text-align: justify;\">Bact\u00e9rias bucais, altera\u00e7\u00f5es t\u00e9rmicas, h\u00e1bitos lesivos relativos \u00e0 boca, subst\u00e2ncias qu\u00edmicas. qualidade de higiene bucal e, principalmente as for\u00e7as de mastiga\u00e7\u00e3o, s\u00e3o fatores que podem determinar o tempo de dura\u00e7\u00e3o das lentes e facetas.<\/p>\n<p style=\"text-align: justify;\">O tratamento deve ser corretamente indicado e planejado para que sua durabilidade seja consider\u00e1vel.<\/p>\n<p style=\"text-align: justify;\">A t\u00e9cnica de confec\u00e7\u00e3o deve ser a melhor poss\u00edvel, recorrendo-se ao uso de bons materiais e bons laborat\u00f3rios de pr\u00f3tese para sua fabrica\u00e7\u00e3o.<\/p>\n<div id=\"attachment_14979\" style=\"width: 210px\" class=\"wp-caption alignleft\"><a class=\"dt-single-image\" href=\"https:\/\/odontoapeles.com.br\/dentista\/clinica-odontologica\/zona-sul\/wp-content\/uploads\/2020\/07\/LENTES-DE-CONTATO-DENTAIS-III-1.jpg\" data-dt-img-description=\"LENTES DE CONTATO \"><img loading=\"lazy\" decoding=\"async\" aria-describedby=\"caption-attachment-14979\" class=\"wp-image-14979\" title=\"Odontologia Est\u00e9tica, Odontologia Est\u00e9tica Zona Sul,\u00a0Odontologia Est\u00e9tica Zona Sul SP, Odontologia Est\u00e9tica SP, Odontologia Est\u00e9tica S\u00e3o Paulo, \" src=\"https:\/\/odontoapeles.com.br\/dentista\/clinica-odontologica\/zona-sul\/wp-content\/uploads\/2020\/07\/LENTES-DE-CONTATO-DENTAIS-III-1.jpg\" alt=\"Facetas Laminadas, Facetas Laminadas Zona Sul,\u00a0Facetas Laminadas Zona Sul SP, Facetas Laminadas SP, Facetas Laminadas S\u00e3o Paulo, \" width=\"200\" height=\"140\" \/><\/a><p id=\"caption-attachment-14979\" class=\"wp-caption-text\"><strong><span style=\"color: #ff6600;\">LENTES DE CONTATO<\/span><\/strong><\/p><\/div>\n<p style=\"text-align: justify;\">Alguns pesquisadores entendem que lentes e facetas devam ser substitu\u00eddas num per\u00edodo entre 06 e 10 anos.<\/p>\n<p style=\"text-align: justify;\">Outros consideram que \u00e9 perfeitamente poss\u00edvel que, quando bem indicadas e executadas, tais laminados possam perdurar, desde\u00a0 que nenhum contra-tempo apare\u00e7a, por um per\u00edodo m\u00ednimo de 10 anos, como evidenciam algumas pesquisas cient\u00edficas.<\/p>\n<p style=\"text-align: justify;\">Existem relatos de laminas dentais com durabilidade em torno de 20 anos.<\/p>\n<p style=\"text-align: justify;\">Entretanto, a experi\u00eancia cl\u00ednica di\u00e1ria evidencia que, definitivamente, esta n\u00e3o \u00e9 a regra.<\/p>\n<p style=\"text-align: justify;\"><span style=\"color: #ffffff;\">.<\/span><\/p>\n<div id=\"attachment_9726\" style=\"width: 160px\" class=\"wp-caption alignleft\"><a class=\"dt-single-image\" href=\"https:\/\/odontoapeles.com.br\/dentista\/clinica-odontologica\/zona-sul\/wp-content\/uploads\/2018\/05\/download-3.jpg\" data-dt-img-description=\"\"><img loading=\"lazy\" decoding=\"async\" aria-describedby=\"caption-attachment-9726\" class=\"wp-image-9726 size-thumbnail\" title=\" Clareamento de Dentes Escurecidos, Clareamento de Dentes Escurecidos Zona Sul, Clareamento de Dentes Escurecidos Zona Sul SP, Clareamento de Dentes Escurecidos SP, Clareamento de Dentes Escurecidos S\u00e3o Paulo\" src=\"https:\/\/odontoapeles.com.br\/dentista\/clinica-odontologica\/zona-sul\/wp-content\/uploads\/2018\/05\/download-3-150x150.jpg\" alt=\" Clareamento de Dentes Escurecidos, Clareamento de Dentes Escurecidos Zona Sul, Clareamento de Dentes Escurecidos Zona Sul SP, Clareamento de Dentes Escurecidos SP, Clareamento de Dentes Escurecidos S\u00e3o Paulo, Restaura\u00e7\u00f5es em Resina, Facetas em Porcelana.\" width=\"150\" height=\"150\" srcset=\"https:\/\/odontoapeles.com.br\/dentista\/clinica-odontologica\/zona-sul\/wp-content\/uploads\/2018\/05\/download-3-150x150.jpg 150w, https:\/\/odontoapeles.com.br\/dentista\/clinica-odontologica\/zona-sul\/wp-content\/uploads\/2018\/05\/download-3-32x32.jpg 32w, https:\/\/odontoapeles.com.br\/dentista\/clinica-odontologica\/zona-sul\/wp-content\/uploads\/2018\/05\/download-3-45x45.jpg 45w\" sizes=\"(max-width: 150px) 100vw, 150px\" \/><\/a><p id=\"caption-attachment-9726\" class=\"wp-caption-text\"><span style=\"color: #ff6600;\"><strong>DENTE ESCURECIDO POR TRAUMATISMO<\/strong><\/span><\/p><\/div>\n<p style=\"text-align: justify;\">Pacientes portadores de dentes extremamente manchados, como, por exemplo, dentes com manchas de colora\u00e7\u00e3o cinza ou marrom escura podem ter sua est\u00e9tica melhor reabilitada pelas coroas dent\u00e1rias.<\/p>\n<p style=\"text-align: justify;\">Tais\u00a0manchamentos extremos s\u00e3o geralmente resultantes de traumatismos dentais e decomposi\u00e7\u00e3o do nervo dent\u00e1rio (necrose) ou consequentes de tratamentos de canal mal realizados.<\/p>\n<p style=\"text-align: justify;\">A necrose do nervo dent\u00e1rio produz pigmentos que escurecem o dente ao ponto de torn\u00e1-lo completamente enegrecido.<\/p>\n<p style=\"text-align: justify;\">Nestes casos, as lentes e facetas podem n\u00e3o solucionar o problema e talvez seja necess\u00e1rio o recobrimento total do dente por meio da instala\u00e7\u00e3o de uma coroa prot\u00e9tica.<\/p>\n<p style=\"text-align: justify;\"><span style=\"color: #ffffff;\">.<\/span><\/p>\n<div id=\"attachment_9721\" style=\"width: 160px\" class=\"wp-caption alignleft\"><a class=\"dt-single-image\" href=\"https:\/\/odontoapeles.com.br\/dentista\/clinica-odontologica\/zona-sul\/wp-content\/uploads\/2018\/05\/download-1.jpg\" data-dt-img-description=\"\"><img loading=\"lazy\" decoding=\"async\" aria-describedby=\"caption-attachment-9721\" class=\"wp-image-9721 size-thumbnail\" title=\"Reparo de Dentes Desgastados por Bruxismo, Reparo de Dentes Desgastados por Bruxismo Zona Sul, Reparo de Dentes Desgastados por Bruxismo Zona Sul SP, Reparo de Dentes Desgastados por Bruxismo SP, Reparo de Dentes Desgastados por Bruxismo S\u00e3o Paulo\" src=\"https:\/\/odontoapeles.com.br\/dentista\/clinica-odontologica\/zona-sul\/wp-content\/uploads\/2018\/05\/download-1-150x150.jpg\" alt=\"Reparo de Dentes Desgastados por Bruxismo, Reparo de Dentes Desgastados por Bruxismo Zona Sul, Reparo de Dentes Desgastados por Bruxismo Zona Sul SP, Reparo de Dentes Desgastados por Bruxismo SP, Reparo de Dentes Desgastados por Bruxismo S\u00e3o Paulo, Restaura\u00e7\u00f5es em Resina, Facetas em Porcelana.\" width=\"150\" height=\"150\" srcset=\"https:\/\/odontoapeles.com.br\/dentista\/clinica-odontologica\/zona-sul\/wp-content\/uploads\/2018\/05\/download-1-150x150.jpg 150w, https:\/\/odontoapeles.com.br\/dentista\/clinica-odontologica\/zona-sul\/wp-content\/uploads\/2018\/05\/download-1-32x32.jpg 32w, https:\/\/odontoapeles.com.br\/dentista\/clinica-odontologica\/zona-sul\/wp-content\/uploads\/2018\/05\/download-1-45x45.jpg 45w\" sizes=\"(max-width: 150px) 100vw, 150px\" \/><\/a><p id=\"caption-attachment-9721\" class=\"wp-caption-text\"><span style=\"color: #ff6600;\"><strong>BRUXISMO<\/strong><\/span><\/p><\/div>\n<p style=\"text-align: justify;\">Pacientes com h\u00e1bitos de ranger ou apertar os dentes (<a href=\"https:\/\/www.colgate.com.br\/oral-health\/conditions\/bruxism\/bruxism-are-you-experiencing-it\">bruxismo<\/a>) n\u00e3o s\u00e3o bons candidatos para receberem laminados de porcelana.<\/p>\n<p style=\"text-align: justify;\">Diante destes h\u00e1bitos nocivos ou em casos de dentes que estejam j\u00e1 extensamente desgastados, cariados ou restaurados, a reabilita\u00e7\u00e3o deve ser promovida por meio da instala\u00e7\u00e3o de coroas dent\u00e1rias prot\u00e9ticas.<\/p>\n<p style=\"text-align: justify;\">As coroas dent\u00e1rias s\u00e3o muito mais espessas que as lentes de contato dentais e as facetas laminadas, cobrindo completamente os dentes e prevenindo trincas e fraturas.<\/p>\n<p>&nbsp;<\/p>\n<div id=\"attachment_9728\" style=\"width: 160px\" class=\"wp-caption alignleft\"><a class=\"dt-single-image\" href=\"https:\/\/odontoapeles.com.br\/dentista\/clinica-odontologica\/zona-sul\/wp-content\/uploads\/2018\/05\/images-3.jpg\" data-dt-img-description=\"\"><img loading=\"lazy\" decoding=\"async\" aria-describedby=\"caption-attachment-9728\" class=\"wp-image-9728 size-thumbnail\" title=\"Higiene Bucal, Higiene Bucal Zona Sul, Higiene Bucal Zona Sul SP,\" src=\"https:\/\/odontoapeles.com.br\/dentista\/clinica-odontologica\/zona-sul\/wp-content\/uploads\/2018\/05\/images-3-150x150.jpg\" alt=\"Odontologia Est\u00e9tica, Odontologia Est\u00e9tica Zona Sul,\u00a0Odontologia Est\u00e9tica Zona Sul SP, Odontologia Est\u00e9tica SP, Odontologia Est\u00e9tica S\u00e3o Paulo, Facetas Laminadas, Facetas Laminadas Zona Sul,\u00a0Facetas Laminadas Zona Sul SP, Facetas Laminadas SP, Facetas Laminadas S\u00e3o Paulo, \" width=\"150\" height=\"150\" srcset=\"https:\/\/odontoapeles.com.br\/dentista\/clinica-odontologica\/zona-sul\/wp-content\/uploads\/2018\/05\/images-3-150x150.jpg 150w, https:\/\/odontoapeles.com.br\/dentista\/clinica-odontologica\/zona-sul\/wp-content\/uploads\/2018\/05\/images-3-32x32.jpg 32w, https:\/\/odontoapeles.com.br\/dentista\/clinica-odontologica\/zona-sul\/wp-content\/uploads\/2018\/05\/images-3-45x45.jpg 45w\" sizes=\"(max-width: 150px) 100vw, 150px\" \/><\/a><p id=\"caption-attachment-9728\" class=\"wp-caption-text\"><span style=\"color: #ff6600;\"><strong>COLABORA\u00c7\u00c3O DO PACIENTE<\/strong><\/span><\/p><\/div>\n<p style=\"text-align: justify;\">A colabora\u00e7\u00e3o do paciente para uma maior longevidade destes dispositivos prot\u00e9ticos tamb\u00e9m \u00e9 fundamental.<\/p>\n<p style=\"text-align: justify;\">A higiene bucal di\u00e1ria caseira adequada, por meio da escova e do fio dental, previne o ac\u00famulo de bact\u00e9rias bucais (placa bacteriana) entre as interfaces de uni\u00e3o dos laminados com os remanescentes dent\u00e1rios.<\/p>\n<p style=\"text-align: justify;\">Caso contr\u00e1rio, a perman\u00eancia de placa bacteriana aderida nestas \u00e1reas resultar\u00e1 em c\u00e1ries de infiltra\u00e7\u00e3o ou inflama\u00e7\u00f5es gengivais pass\u00edveis de levar ao fracasso das lentes e facetas dentais.<\/p>\n<p style=\"text-align: justify;\">Por isso, o profissional, sob pena de neglig\u00eancia, deve orientar seus pacientes quanto aos melhores equipamentos e t\u00e9cnicas de higiene bucal apropriadas para cada caso.<\/p>\n<p><span style=\"color: #ffffff;\">.<\/span><\/p>\n<div id=\"attachment_9722\" style=\"width: 160px\" class=\"wp-caption alignleft\"><a class=\"dt-single-image\" href=\"https:\/\/odontoapeles.com.br\/dentista\/clinica-odontologica\/zona-sul\/wp-content\/uploads\/2018\/05\/download-2.jpg\" data-dt-img-description=\"\"><img loading=\"lazy\" decoding=\"async\" aria-describedby=\"caption-attachment-9722\" class=\"wp-image-9722 size-thumbnail\" title=\"Facetas Laminadas, Facetas Laminadas Zona Sul,\u00a0Facetas Laminadas Zona Sul SP, Facetas Laminadas SP, Facetas Laminadas S\u00e3o Paulo, \" src=\"https:\/\/odontoapeles.com.br\/dentista\/clinica-odontologica\/zona-sul\/wp-content\/uploads\/2018\/05\/download-2-150x150.jpg\" alt=\"Odontologia Est\u00e9tica, Odontologia Est\u00e9tica Zona Sul,\u00a0Odontologia Est\u00e9tica Zona Sul SP, Odontologia Est\u00e9tica SP, Odontologia Est\u00e9tica S\u00e3o Paulo, \" width=\"150\" height=\"150\" srcset=\"https:\/\/odontoapeles.com.br\/dentista\/clinica-odontologica\/zona-sul\/wp-content\/uploads\/2018\/05\/download-2-150x150.jpg 150w, https:\/\/odontoapeles.com.br\/dentista\/clinica-odontologica\/zona-sul\/wp-content\/uploads\/2018\/05\/download-2-32x32.jpg 32w, https:\/\/odontoapeles.com.br\/dentista\/clinica-odontologica\/zona-sul\/wp-content\/uploads\/2018\/05\/download-2-45x45.jpg 45w\" sizes=\"(max-width: 150px) 100vw, 150px\" \/><\/a><p id=\"caption-attachment-9722\" class=\"wp-caption-text\"><span style=\"color: #ff6600;\"><strong>H\u00c1BITO DE ROER UNHAS<\/strong><\/span><\/p><\/div>\n<p style=\"text-align: justify;\">Quanto aos h\u00e1bitos do paciente no sentido de preservar as lentes e facetas, alguns devem ser evitados a todo custo, pois s\u00e3o potencialmente capazes de resultar em fraturas destes dispositivos est\u00e9ticos.<\/p>\n<p style=\"text-align: justify;\">Entre eles, destacam-se v\u00edcios pessoais, como o de roer unhas e de morder tampas de canetas\u00a0 e os h\u00e1bitos ocupacionais, tais como prender pregos, parafusos ou outros objetos entre os dentes.<\/p>\n<p style=\"text-align: justify;\">A mordida de alimentos duros ou de frutas que apresentam caro\u00e7os em sua por\u00e7\u00e3o interior central durante a alimenta\u00e7\u00e3o, utilizando-se as bordas dos laminados gera alto risco de fraturas, n\u00e3o apenas para dispositivos, mas para os pr\u00f3prios dentes naturais.<\/p>\n<p>&nbsp;<\/p>\n<h4 style=\"text-align: justify;\"><span style=\"color: #008000;\"><strong><span style=\"color: #0000ff;\">2.9 Coroas Prot\u00e9ticas:<\/span> <span style=\"color: #ffffff;\">Odontologia Est\u00e9tica<\/span><\/strong><\/span><\/h4>\n<div id=\"attachment_8623\" style=\"width: 160px\" class=\"wp-caption alignleft\"><a class=\"dt-single-image\" href=\"https:\/\/odontoapeles.com.br\/dentista\/clinica-odontologica\/zona-sul\/wp-content\/uploads\/2015\/11\/COROA-DENT\u00c1RIA-EM-PORCELANA.jpg\" data-dt-img-description=\"\"><img loading=\"lazy\" decoding=\"async\" aria-describedby=\"caption-attachment-8623\" class=\"wp-image-8623 size-thumbnail\" title=\"Coroas Dent\u00e1rias em Porcelana, Coroas Dent\u00e1rias em Porcelana Zona Sul, Coroas Dent\u00e1rias em Porcelana Zona Sul SP, Coroas Dent\u00e1rias em Porcelana Zona Sul de SP, Coroas Dent\u00e1rias em Porcelana SP, Coroas Dent\u00e1rias em Porcelana S\u00e3o Paulo\" src=\"https:\/\/odontoapeles.com.br\/dentista\/clinica-odontologica\/zona-sul\/wp-content\/uploads\/2015\/11\/COROA-DENT\u00c1RIA-EM-PORCELANA-150x150.jpg\" alt=\"Coroas Dent\u00e1rias em Porcelana, Coroas Dent\u00e1rias em Porcelana na Zona Sul, Coroas Dent\u00e1rias em Porcelana na Zona Sul SP, Coroas Dent\u00e1rias em Porcelana na Zona Sul de SP, Coroas Dent\u00e1rias em Porcelana em SP, Coroas Dent\u00e1rias em Porcelana em S\u00e3o Paulo\" width=\"150\" height=\"150\" srcset=\"https:\/\/odontoapeles.com.br\/dentista\/clinica-odontologica\/zona-sul\/wp-content\/uploads\/2015\/11\/COROA-DENT\u00c1RIA-EM-PORCELANA-150x150.jpg 150w, https:\/\/odontoapeles.com.br\/dentista\/clinica-odontologica\/zona-sul\/wp-content\/uploads\/2015\/11\/COROA-DENT\u00c1RIA-EM-PORCELANA-32x32.jpg 32w, https:\/\/odontoapeles.com.br\/dentista\/clinica-odontologica\/zona-sul\/wp-content\/uploads\/2015\/11\/COROA-DENT\u00c1RIA-EM-PORCELANA.jpg 225w\" sizes=\"(max-width: 150px) 100vw, 150px\" \/><\/a><p id=\"caption-attachment-8623\" class=\"wp-caption-text\"><span style=\"color: #ff6600;\"><strong>COROAS DENT\u00c1RIAS EM PORCELANA<\/strong><\/span><\/p><\/div>\n<p style=\"text-align: justify;\"><span style=\"color: #000000;\"><strong>Coroas Prot\u00e9ticas<\/strong> s\u00e3o confeccionadas em trabalho conjunto entre o dentista e o laborat\u00f3rio de pr\u00f3tese, para substituir as coroas naturais dos dentes destru\u00eddas por c\u00e1ries extensas ou fraturas dentais.<\/span><\/p>\n<p style=\"text-align: justify;\">Nestes casos, as restaura\u00e7\u00f5es em resina podem n\u00e3o ser indicadas para reconstruir o elemento dental.<\/p>\n<p style=\"text-align: justify;\">A solu\u00e7\u00e3o para tais casos \u00e9 a instala\u00e7\u00e3o de coroas prot\u00e9ticas individuais. Contudo, antes deve-se proceder o tratamento de canal do dente envolvido e a instala\u00e7\u00e3o de um n\u00facleo com pino no interior do canal tratado para fornecer suporte \u00e0 coroa a ser confeccionada.<\/p>\n<p style=\"text-align: justify;\"><span style=\"color: #000000;\">Coroas prot\u00e9ticas individuais s\u00e3o pe\u00e7as com formato\u00a0id\u00eantico \u00e0s coroas de esmalte dos dentes naturais.<\/span><\/p>\n<p style=\"text-align: justify;\"><span style=\"color: #000000;\">S\u00e3o utilizadas para cobrir ou substituir totalmente coroas naturais de dentes parcial ou totalmente destru\u00eddas.<\/span><\/p>\n<p style=\"text-align: justify;\"><span style=\"color: #000000;\">Tamb\u00e9m podem melhorar o formato de dentes com aspecto est\u00e9tico desfavor\u00e1vel e fechar grandes espa\u00e7os interdent\u00e1rios.<\/span><\/p>\n<p style=\"text-align: justify;\"><span style=\"color: #000000;\">As coroas tamb\u00e9m s\u00e3o conhecidas como jaquetas, termo mais utilizado no passado.<\/span><br \/>\n<span style=\"color: #ffffff;\">.<\/span><\/p>\n<div id=\"attachment_8648\" style=\"width: 160px\" class=\"wp-caption alignleft\"><a class=\"dt-single-image\" href=\"https:\/\/odontoapeles.com.br\/dentista\/clinica-odontologica\/zona-sul\/wp-content\/uploads\/2015\/11\/COROAS-DENT\u00c1RIAS.jpg\" data-dt-img-description=\"COROAS DENT\u00c1RIAS EM RESINA\"><img loading=\"lazy\" decoding=\"async\" aria-describedby=\"caption-attachment-8648\" class=\"wp-image-8648 size-thumbnail\" title=\"Jaquetas Dent\u00e1rias em Porcelana, Jaquetas Dent\u00e1rias em Porcelana Zona Sul, Jaquetas Dent\u00e1rias em Porcelana Zona Sul SP, Jaquetas Dent\u00e1rias em Porcelana Zona Sul de SP, Jaquetas Dent\u00e1rias em Porcelana SP, Jaquetas Dent\u00e1rias em Porcelana S\u00e3o Paulo \" src=\"https:\/\/odontoapeles.com.br\/dentista\/clinica-odontologica\/zona-sul\/wp-content\/uploads\/2015\/11\/COROAS-DENT\u00c1RIAS-150x150.jpg\" alt=\"Jaquetas Dent\u00e1rias em Porcelana, Jaquetas Dent\u00e1rias em Porcelana na Zona Sul, Jaquetas Dent\u00e1rias em Porcelana na Zona Sul SP, Jaquetas Dent\u00e1rias em Porcelana na Zona Sul de SP, Jaquetas Dent\u00e1rias em Porcelana em SP, Jaquetas Dent\u00e1rias em Porcelana em S\u00e3o Paulo, Restaura\u00e7\u00f5es em Resina, Facetas em Porcelana.\" width=\"150\" height=\"150\" srcset=\"https:\/\/odontoapeles.com.br\/dentista\/clinica-odontologica\/zona-sul\/wp-content\/uploads\/2015\/11\/COROAS-DENT\u00c1RIAS-150x150.jpg 150w, https:\/\/odontoapeles.com.br\/dentista\/clinica-odontologica\/zona-sul\/wp-content\/uploads\/2015\/11\/COROAS-DENT\u00c1RIAS-32x32.jpg 32w\" sizes=\"(max-width: 150px) 100vw, 150px\" \/><\/a><p id=\"caption-attachment-8648\" class=\"wp-caption-text\"><span style=\"color: #ff6600;\"><strong>COROAS DENT\u00c1RIAS EM PORCELANA<\/strong><\/span><\/p><\/div>\n<p style=\"text-align: justify;\"><span style=\"color: #000000;\">As coroas prot\u00e9ticas s\u00e3o preferencialmente\u00a0 confeccionadas em porcelana, material que apresenta melhor est\u00e9tica, resist\u00eancia, durabilidade e imunidade ao manchamento.<\/span><\/p>\n<p style=\"text-align: justify;\"><span style=\"color: #000000;\">Quando bem higienizadas, as coroas em porcelana podem durar uma d\u00e9cada ou muito mais.<\/span><\/p>\n<p style=\"text-align: justify;\"><span style=\"color: #000000;\">Alguns dentistas preferem fabricar coroas prot\u00e9ticas constitu\u00eddas de resina ou cer\u00f4mero. <\/span><\/p>\n<p style=\"text-align: justify;\"><span style=\"color: #000000;\">Coroas em resina ou cer\u00f4mero apresentam a vantagem de apresentar custos bem menores comparadas \u00e0 porcelana, mas as desvantagens de desgastarem-se e mancharem-se com maior facilidade.<\/span><\/p>\n<p style=\"text-align: justify;\"><span style=\"color: #000000;\"><span style=\"color: #ffffff;\">.<\/span><br \/>\n<span style=\"color: #ffffff;\">.<\/span><\/span><\/p>\n<h4 style=\"text-align: justify;\"><strong><span style=\"color: #008000;\"><span style=\"color: #0000ff;\">2.10 Pr\u00f3teses Fixas sobre Dentes Naturais:<\/span> <span style=\"color: #ffffff;\">Odontologia Est\u00e9tica<\/span><\/span><\/strong><\/h4>\n<p style=\"text-align: justify;\"><span style=\"color: #000000;\">As<\/span><strong> Pr\u00f3teses Fixas<\/strong> <span style=\"color: #000000;\">caracterizam-se pela impossibilidade de serem removidas pelo paciente para fins de higieniza\u00e7\u00e3o.<\/span><\/p>\n<div id=\"attachment_7420\" style=\"width: 195px\" class=\"wp-caption alignleft\"><a class=\"dt-single-image\" href=\"http:\/\/odontoapeles.com.br\/dentista\/clinica-odontologica\/zona-sul\/wp-content\/uploads\/2015\/11\/PR\u00d3TESE-FIXA-03-ELEMENTOS-1.jpg\" data-dt-img-description=\"PR\u00d3TESE FIXA 03 ELEMENTOS\"><img loading=\"lazy\" decoding=\"async\" aria-describedby=\"caption-attachment-7420\" class=\"wp-image-7420\" title=\"Pr\u00f3teses Fixas em Porcelana, Pr\u00f3teses Fixas em Porcelana Zona Sul, Pr\u00f3teses Fixas em Porcelana Zona Sul SP, Pr\u00f3teses Fixas em Porcelana Zona Sul de SP, Pr\u00f3teses Fixas em Porcelana SP, Pr\u00f3teses Fixas em Porcelana S\u00e3o Paulo\" src=\"https:\/\/odontoapeles.com.br\/dentista\/clinica-odontologica\/zona-sul\/wp-content\/uploads\/2015\/11\/PR\u00d3TESE-FIXA-03-ELEMENTOS-1.jpg\" alt=\"Pr\u00f3teses Fixas em Porcelana, Pr\u00f3teses Fixas em Porcelana na Zona Sul, Pr\u00f3teses Fixas em Porcelana na Zona Sul SP, Pr\u00f3teses Fixas em Porcelana na Zona Sul de SP, Pr\u00f3teses Fixas em Porcelana em SP, Pr\u00f3teses Fixas em Porcelana em S\u00e3o Paulo\" width=\"185\" height=\"120\" \/><\/a><p id=\"caption-attachment-7420\" class=\"wp-caption-text\"><strong><span style=\"color: #ff6600;\">PR\u00d3TESE FIXA SOBRE DENTES NATURAIS<\/span><\/strong><\/p><\/div>\n<p style=\"text-align: justify;\"><span style=\"color: #000000;\">As pr\u00f3teses dent\u00e1rias fixas podem ser cimentadas sobre os dentes naturais ou cimentadas ou parafusadas sobre os implantes.<\/span><\/p>\n<p style=\"text-align: justify;\"><span style=\"color: #000000;\">Pr\u00f3teses dent\u00e1rias fixas s\u00e3o dispositivos confeccionados com o intuito\u00a0de substituir os dentes naturais perdidos ou danificados. Desta forma, estas pr\u00f3teses podem restabelecer n\u00e3o apenas a est\u00e9tica, mas tamb\u00e9m as fun\u00e7\u00f5es mastigat\u00f3ria e fon\u00e9tica.<\/span><\/p>\n<p style=\"text-align: justify;\"><span style=\"color: #000000;\">Quando adequadamente realizadas, as pr\u00f3teses dent\u00e1rias s\u00e3o impercept\u00edveis aos olhos das outras pessoas. <\/span><\/p>\n<p style=\"text-align: justify;\"><span style=\"color: #000000;\">Esta\u00a0 condi\u00e7\u00e3o contribui decisivamente para a auto-estima, mas pode estar limitada ou comprometida pelas dificuldades de cada caso.\u00a0<\/span><\/p>\n<p style=\"text-align: justify;\"><span style=\"color: #000000;\">Atualmente, existe uma tend\u00eancia universal de se repor dentes perdidos por meio de implantes dent\u00e1rios. <\/span><\/p>\n<p style=\"text-align: justify;\"><span style=\"color: #000000;\">As pr\u00f3teses fixas sobre dente naturais, antigas e tradicionais est\u00e3o sendo cada vez menos confeccionadas.<\/span><span style=\"color: #000000;\"><span style=\"color: #ffffff;\">.<\/span><br \/>\n<span style=\"color: #ffffff;\">,<\/span><br \/>\n<\/span><\/p>\n<h4 style=\"text-align: justify;\"><strong><span style=\"color: #008000;\"><span style=\"color: #0000ff;\">2.11 Pr\u00f3teses Fixas sobre Implantes:<\/span> <span style=\"color: #ffffff;\">Odontologia Est\u00e9tica Odontologia Est\u00e9tica<\/span><\/span><\/strong><\/h4>\n<div id=\"attachment_5733\" style=\"width: 160px\" class=\"wp-caption alignleft\"><a class=\"dt-single-image\" href=\"http:\/\/odontoapeles.com.br\/dentista\/clinica-odontologica\/zona-sul\/\/\/wp-content\/uploads\/2015\/11\/PR\u00d3TESE-SOBRE-IMPLANTE-CIMENTADA.jpg\" data-dt-img-description=\"PR\u00d3TESE SOBRE IMPLANTE CIMENTADA\"><img loading=\"lazy\" decoding=\"async\" aria-describedby=\"caption-attachment-5733\" class=\"wp-image-5733 size-thumbnail\" title=\"Pr\u00f3teses sobre Implantes, Pr\u00f3teses sobre Implantes Zona Sul, Pr\u00f3teses sobre Implantes Zona Sul SP, Pr\u00f3teses sobre Implantes SP, Pr\u00f3teses sobre Implantes S\u00e3o Paulo\" src=\"https:\/\/odontoapeles.com.br\/dentista\/clinica-odontologica\/zona-sul\/wp-content\/uploads\/2015\/11\/PR\u00d3TESE-SOBRE-IMPLANTE-CIMENTADA-150x150.jpg\" alt=\"Pr\u00f3teses sobre Implantes, Pr\u00f3teses sobre Implantes na Zona Sul, Pr\u00f3teses sobre Implantes na Zona Sul SP, Pr\u00f3teses sobre Implantes em SP, Pr\u00f3teses sobre Implantes em S\u00e3o Paulo\" width=\"150\" height=\"150\" \/><\/a><p id=\"caption-attachment-5733\" class=\"wp-caption-text\"><span style=\"color: #ff6600;\"><strong>PR\u00d3TESE FIXA SOBRE IMPLANTE CIMENTADA<\/strong><\/span><\/p><\/div>\n<p style=\"text-align: justify;\">As <strong>Pr\u00f3teses Fixas sobre Implantes<\/strong> podem ser cimentadas ou parafusadas.<\/p>\n<p style=\"text-align: justify;\">A escolha por parte do profissional sobre qual o melhor tipo de pr\u00f3tese depende de uma s\u00e9rie de fatores.<\/p>\n<p style=\"text-align: justify;\">As pr\u00f3teses cimentadas apresentam algumas vantagens, como: obten\u00e7\u00e3o de um melhor resultado est\u00e9tico e melhor distribui\u00e7\u00e3o das for\u00e7as mastigat\u00f3rias.<\/p>\n<p style=\"text-align: justify;\">Al\u00e9m disso, tem complexidade reduzida de seus componentes prot\u00e9ticos, procedimentos laboratoriais simplificados, menor tempo de tratamento e custo da restaura\u00e7\u00e3o final.<br \/>\n<span style=\"color: #ffffff;\">.<\/span><br \/>\n<span style=\"color: #ffffff;\"> .<\/span><\/p>\n<div id=\"attachment_5734\" style=\"width: 160px\" class=\"wp-caption alignleft\"><a class=\"dt-single-image\" href=\"http:\/\/odontoapeles.com.br\/dentista\/clinica-odontologica\/zona-sul\/\/\/wp-content\/uploads\/2015\/11\/PR\u00d3TESE-SOBRE-IMPLANTE-PARAFUSADA.jpg\" data-dt-img-description=\"PR\u00d3TESE SOBRE IMPLANTE PARAFUSADA\"><img loading=\"lazy\" decoding=\"async\" aria-describedby=\"caption-attachment-5734\" class=\"wp-image-5734 size-thumbnail\" title=\"Pr\u00f3teses sobre Implantes, Pr\u00f3teses sobre Implantes Zona Sul, Pr\u00f3teses sobre Implantes Zona Sul SP, Pr\u00f3teses sobre Implantes SP, Pr\u00f3teses sobre Implantes S\u00e3o Paulo\" src=\"https:\/\/odontoapeles.com.br\/dentista\/clinica-odontologica\/zona-sul\/wp-content\/uploads\/2015\/11\/PR\u00d3TESE-SOBRE-IMPLANTE-PARAFUSADA-150x150.jpg\" alt=\"Pr\u00f3teses sobre Implantes, Pr\u00f3teses sobre Implantes na Zona Sul, Pr\u00f3teses sobre Implantes na Zona Sul SP, Pr\u00f3teses sobre Implantes em SP, Pr\u00f3teses sobre Implantes em S\u00e3o Paulo\" width=\"150\" height=\"150\" \/><\/a><p id=\"caption-attachment-5734\" class=\"wp-caption-text\"><span style=\"color: #ff6600;\"><strong>PR\u00d3TESE FIXA SOBRE IMPLANTE PARAFUSADA<\/strong><\/span><\/p><\/div>\n<p style=\"text-align: justify;\">As\u00a0pr\u00f3teses parafusadas apresentam como principal vantagem a possibilidade de remo\u00e7\u00e3o\u00a0e recoloca\u00e7\u00e3o, o que \u00e9 bastante favor\u00e1vel nos casos em que se requer um maior controle da higiene.<\/p>\n<p style=\"text-align: justify;\">As pr\u00f3teses sobre implantes podem\u00a0ser classificadas como\u00a0fixas ou remov\u00edveis.<\/p>\n<p style=\"text-align: justify;\">Al\u00e9m disso, na depend\u00eancia da quantidade de\u00a0dentes perdidos a serem implantados, tais pr\u00f3teses podem ser totais, parciais e unit\u00e1rias.<\/p>\n<p>&nbsp;<\/p>\n<p>&nbsp;<\/p>\n<p style=\"text-align: justify;\"><span style=\"color: #ffffff;\">.<\/span><\/p>\n<h4><span style=\"color: #0000ff;\"><strong>2.12 Pr\u00f3teses Fixas Totais sobre Implantes (Protocolos de Implantes):<\/strong><\/span><\/h4>\n<p style=\"text-align: justify;\"><span style=\"text-decoration: underline;\">Os <strong>Protocolos<\/strong>\u00a0<strong>de Implantes<\/strong> podem ser classificados como pr\u00f3teses fixas totais fixas sobre implantes, n\u00e3o podendo ser removidos da cavidade bucal pelo paciente para fins de higieniza\u00e7\u00e3o.<\/span><\/p>\n<div style=\"width: 310px\" class=\"wp-caption alignleft\"><img loading=\"lazy\" decoding=\"async\" title=\"Implantes Dent\u00e1rios, Implantes Dent\u00e1rios Zona Sul, Implantes Dent\u00e1rios na Zona Sul, Implantes Dent\u00e1rios Zona Sul SP, Implantes Dent\u00e1rios na Zona Sul SP, Implantes Dent\u00e1rios Zona Sul de SP, Implantes Dent\u00e1rios na Zona Sul de SP, Implantes Dent\u00e1rios Zona Sul de S\u00e3o Paulo, Implantes Dent\u00e1rios na Zona Sul de S\u00e3o Paulo, Implantes Dent\u00e1rios SP, Implantes Dent\u00e1rios em SP, Implantes Dent\u00e1rios S\u00e3o Paulo, Implantes Dent\u00e1rios em S\u00e3o Paulo,\" src=\"https:\/\/encrypted-tbn0.gstatic.com\/images?q=tbn:ANd9GcTsfZHv4U2sUs_2qfqgucnVK7SPAyl1SH3EgyquGsmKmFVNe364\" alt=\"Implantes Dent\u00e1rios, Implantes Dent\u00e1rios Zona Sul, Implantes Dent\u00e1rios na Zona Sul, Implantes Dent\u00e1rios Zona Sul SP, Implantes Dent\u00e1rios na Zona Sul SP, Implantes Dent\u00e1rios Zona Sul de SP, Implantes Dent\u00e1rios na Zona Sul de SP, Implantes Dent\u00e1rios Zona Sul de S\u00e3o Paulo, Implantes Dent\u00e1rios na Zona Sul de S\u00e3o Paulo, Implantes Dent\u00e1rios SP, Implantes Dent\u00e1rios em SP, Implantes Dent\u00e1rios S\u00e3o Paulo, Implantes Dent\u00e1rios em S\u00e3o Paulo,\" width=\"300\" height=\"168\" \/><p class=\"wp-caption-text\"><span style=\"color: #ff6600;\"><strong>PROTOCOLO DE IMPLANTE<\/strong><\/span><\/p><\/div>\n<p style=\"text-align: justify;\">Os protocolos s\u00e3o considerados pr\u00f3teses fixas sobre implantes porque s\u00e3o parafusados sobre os mesmos, somente podendo ser removidos pelo implantodontista.<\/p>\n<p style=\"text-align: justify;\">Essa remo\u00e7\u00e3o peri\u00f3dica \u00e9 importante para a manuten\u00e7\u00e3o da pr\u00f3tese, porque possibilita ao profissional fazer a higiene detalhada da mesma e, eventualmente proceder a troca de alguns componentes.<\/p>\n<p style=\"text-align: justify;\">Normalmente esse procedimento deve ser realizado uma vez por ano.<\/p>\n<p style=\"text-align: justify;\">Uma vez que n\u00e3o podem ser removidos da boca pelo paciente para a higieniza\u00e7\u00e3o, esta torna-se importante e cabe ao profissional indicar e orient\u00e1-lo quanto aos equipamentos e t\u00e9cnicas adequadas. Existem fios dentais especiais e irrigadores orais que facilitam a limpeza por baixo da pr\u00f3tese.<\/p>\n<div id=\"attachment_11233\" style=\"width: 289px\" class=\"wp-caption alignleft\"><a class=\"dt-single-image\" href=\"https:\/\/odontoapeles.com.br\/dentista\/clinica-odontologica\/zona-sul\/wp-content\/uploads\/2018\/09\/PROTOCOLOS-INSTALADOS-NA-CAVIDADE-BUCAL.jpg\" data-dt-img-description=\"\"><img loading=\"lazy\" decoding=\"async\" aria-describedby=\"caption-attachment-11233\" class=\"wp-image-11233 size-full\" src=\"https:\/\/odontoapeles.com.br\/dentista\/clinica-odontologica\/zona-sul\/wp-content\/uploads\/2018\/09\/PROTOCOLOS-INSTALADOS-NA-CAVIDADE-BUCAL.jpg\" alt=\"\" width=\"279\" height=\"181\" \/><\/a><p id=\"caption-attachment-11233\" class=\"wp-caption-text\"><span style=\"color: #ff6600;\"><strong>PROTOCOLOS INSTALADOS NA CAVIDADE BUCAL<\/strong><\/span><\/p><\/div>\n<p style=\"text-align: justify;\">S\u00e3o tamb\u00e9m classificados como pr\u00f3teses totais porque completam todos os dentes ausentes sobre uma arcada inteiramente desdentada.<\/p>\n<p style=\"text-align: justify;\">Os protocolos requerem um m\u00ednimo de quatro a seis implantes, sendo que, em alguns casos s\u00e3o utilizados um n\u00famero maior que seis.<\/p>\n<p style=\"text-align: justify;\">Quanto mais implantes, melhor a estabilidade dos protocolos de implante e melhor a distribui\u00e7\u00e3o de cargas mastigat\u00f3rias sobre estas pr\u00f3teses fixas.<\/p>\n<p style=\"text-align: justify;\">Protocolos resultam em excelentes resultados est\u00e9ticos.<\/p>\n<p>&nbsp;<\/p>\n<p style=\"text-align: justify;\"><span style=\"color: #ffffff;\">\u00a0.<\/span><\/p>\n<h4><span style=\"color: #0000ff;\"><strong>2.13 Pr\u00f3teses M\u00f3veis Totais sobre Implantes (Dentaduras sobre Implantes):\u00a0<\/strong><\/span><\/h4>\n<p style=\"text-align: justify;\">As <strong>Dentaduras sobre Implantes<\/strong> s\u00e3o pr\u00f3teses m\u00f3veis totais que possuem c\u00e1psulas em sua parte interna, as quais acoplam-se por meio de bot\u00f5es de encaixe aos implantes dentais previamente instalados no ossos maxilares das arcadas inteiramente desdentadas.<\/p>\n<p style=\"text-align: justify;\">Dentaduras sobre Implantes s\u00e3o tamb\u00e9m conhecidas como\u00a0Ooerdentures.<\/p>\n<p style=\"text-align: justify;\">Estas pr\u00f3teses, em raz\u00e3o de seu encaixe sobre os componentes dos implantes, quando comparadas \u00e0s antigas dentaduras convencionais, apresentam muito maior fixa\u00e7\u00e3o e melhor estabilidade.<\/p>\n<p style=\"text-align: justify;\">Al\u00e9m disso, oferecem tamb\u00e9m superior capacidade mastigat\u00f3ria.<\/p>\n<p style=\"text-align: justify;\">A partir destas constata\u00e7\u00f5es, conclui-se que proporcionam muito melhor qualidade de vida ao paciente.<\/p>\n<p style=\"text-align: justify;\">Existem dois tipos b\u00e1sicos de dentaduras:\u00a0as modernas dentaduras sobre implantes (overdentures) e as antigas dentaduras convencionais.<\/p>\n<div id=\"attachment_11183\" style=\"width: 241px\" class=\"wp-caption alignleft\"><a class=\"dt-single-image\" href=\"https:\/\/odontoapeles.com.br\/dentista\/clinica-odontologica\/zona-sul\/wp-content\/uploads\/2018\/09\/dentadura-sobre-implante.jpg\" data-dt-img-description=\"\"><img loading=\"lazy\" decoding=\"async\" aria-describedby=\"caption-attachment-11183\" class=\"wp-image-11183\" title=\" Dentaduras sobre Implantes, Dentaduras sobre Implantes\u00a0Zona Sul,\u00a0Dentaduras sobre Implantes\u00a0Zona Sul SP,\u00a0Dentaduras sobre Implantes\u00a0Zona Sul de SP,\u00a0Dentaduras sobre Implantes\u00a0Zona Sul de S\u00e3o Paulo,\u00a0Dentaduras sobre Implantes\u00a0SP Zona Sul,\u00a0Dentaduras sobre Implantes\u00a0SP,\u00a0Dentaduras sobre Implante S\u00e3o Paulo\" src=\"https:\/\/odontoapeles.com.br\/dentista\/clinica-odontologica\/zona-sul\/wp-content\/uploads\/2018\/09\/dentadura-sobre-implante.jpg\" alt=\" Dentaduras sobre Implantes, Dentaduras sobre Implantes\u00a0na Zona Sul,\u00a0Dentaduras sobre Implantes\u00a0na Zona Sul SP,\u00a0Dentaduras sobre Implantes\u00a0na Zona Sul de SP,\u00a0Dentaduras sobre Implantes\u00a0na Zona Sul de S\u00e3o Paulo,\u00a0Dentaduras sobre Implantes\u00a0SP na Zona Sul,\u00a0Dentaduras sobre Implantes\u00a0em SP,\u00a0Dentaduras sobre Implantes em S\u00e3o Paulo\" width=\"231\" height=\"157\" \/><\/a><p id=\"caption-attachment-11183\" class=\"wp-caption-text\"><strong><span style=\"color: #ff6600;\">DENTADURA SOBRE IMPLANTES<\/span><\/strong><\/p><\/div>\n<p style=\"text-align: justify;\">Dentaduras sobre implantes e Dentaduras convencionais s\u00e3o classificadas como pr\u00f3teses m\u00f3veis totais.<\/p>\n<p style=\"text-align: justify;\">Ambas s\u00e3o consideradas pr\u00f3teses totais porque completam todos os dentes perdidos de uma arcada dent\u00e1ria inteiramente desdentada.<\/p>\n<p style=\"text-align: justify;\">Tamb\u00e9m s\u00e3o consideradas pr\u00f3teses m\u00f3veis porque podem ser removidas da boca para higieniza\u00e7\u00e3o.<\/p>\n<p style=\"text-align: justify;\">A possibilidade de remover estas pr\u00f3teses para a higiene di\u00e1ria contribui para sua maior durabilidade.<\/p>\n<p style=\"text-align: justify;\">A perda de todos os dentes t\u00eam consequ\u00eancias dram\u00e1ticas na vida das pessoas.<\/p>\n<p style=\"text-align: justify;\">Ap\u00f3s as extra\u00e7\u00f5es dent\u00e1rias, as arcadas dent\u00e1rias desdentadas sofrem progressiva redu\u00e7\u00e3o e atrofia da altura e volume dos ossos maxilares, o que dificultaria muito a estabilidade de uma dentadura convencional.<\/p>\n<p style=\"text-align: justify;\">Esta condi\u00e7\u00e3o \u00e9 especialmente cr\u00edtica na mand\u00edbula (arcada dent\u00e1ria inferior), a qual, ap\u00f3s as extra\u00e7\u00f5es de todos os seus dentes, sofre perdas muito maiores de volume \u00f3sseos, quando comparada \u00e0 mesma situa\u00e7\u00e3o da arcada dent\u00e1ria superior (maxila).<\/p>\n<p style=\"text-align: justify;\">Esta condi\u00e7\u00e3o \u00e9 agravada pela presen\u00e7a de l\u00edngua, cuja constante movimenta\u00e7\u00e3o torna ainda mais prec\u00e1ria a estabilidade das dentaduras convencionais ao longo da arcada dent\u00e1ria inferior.<\/p>\n<div id=\"attachment_11185\" style=\"width: 241px\" class=\"wp-caption alignleft\"><a class=\"dt-single-image\" href=\"https:\/\/odontoapeles.com.br\/dentista\/clinica-odontologica\/zona-sul\/wp-content\/uploads\/2018\/09\/dentadura-sobre-implante-I-1.jpg\" data-dt-img-description=\"\"><img loading=\"lazy\" decoding=\"async\" aria-describedby=\"caption-attachment-11185\" class=\"wp-image-11185\" title=\" Dentaduras sobre Implantes, Dentaduras sobre Implantes na Zona Sul,\u00a0Dentaduras sobre Implantes\u00a0na Zona Sul SP,\u00a0Dentaduras sobre Implantes na Zona Sul de SP,\u00a0Dentaduras sobre Implantes\u00a0na Zona Sul de S\u00e3o Paulo,\u00a0Dentaduras sobre Implantes\u00a0SP na Zona Sul,\u00a0Dentaduras sobre Implantes em\u00a0SP,\u00a0Dentaduras sobre Implantes em S\u00e3o Paulo\" src=\"https:\/\/odontoapeles.com.br\/dentista\/clinica-odontologica\/zona-sul\/wp-content\/uploads\/2018\/09\/dentadura-sobre-implante-I-1.jpg\" alt=\" Dentaduras sobre Implantes, Dentaduras sobre Implantes Zona Sul,\u00a0Dentaduras sobre Implantes\u00a0Zona Sul SP,\u00a0Dentaduras sobre Implantes\u00a0Zona Sul de SP,\u00a0Dentaduras sobre Implantes\u00a0Zona Sul de S\u00e3o Paulo,\u00a0Dentaduras sobre Implantes\u00a0SP Zona Sul,\u00a0Dentaduras sobre Implantes\u00a0SP,\u00a0Dentaduras sobre Implantes S\u00e3o Paulo\" width=\"231\" height=\"166\" \/><\/a><p id=\"caption-attachment-11185\" class=\"wp-caption-text\"><span style=\"color: #ff6600;\"><strong>DENTADURA SOBRE IMPLANTE<\/strong><\/span><\/p><\/div>\n<p style=\"text-align: justify;\">A perda da altura dos ossos maxilares causa ainda danos diversos, como dist\u00farbios nos m\u00fasculos da mastiga\u00e7\u00e3o e na articula\u00e7\u00e3o respons\u00e1vel pelos movimentos mastigat\u00f3rios (ATM).<\/p>\n<p style=\"text-align: justify;\">Dist\u00farbios na ATM apresentam diferentes graus de severidade, podendo causar dores intensas, as quais podem irradiar-se para al\u00e9m da pr\u00f3pria articula\u00e7\u00e3o.<\/p>\n<p style=\"text-align: justify;\">Casos mais severos podem gerar difus\u00e3o das dores para as regi\u00f5es do ouvido, cabe\u00e7a e at\u00e9 mesmo para \u00e1reas do pesco\u00e7o e ombros.<\/p>\n<p style=\"text-align: justify;\">A perda da fun\u00e7\u00e3o mastigat\u00f3ria resulta em m\u00e1 qualidade da alimenta\u00e7\u00e3o e tamb\u00e9m na redu\u00e7\u00e3o na capacidade de absorver nutrientes e sobrecarga da fun\u00e7\u00e3o digestiva.<\/p>\n<p style=\"text-align: justify;\">O perfil do rosto torna-se envelhecido pela perda do volume da face como resultado da aus\u00eancia dos dentes e pelo fato do queixo tender a tornar-se proeminente, comprometendo a est\u00e9tica facial.<\/p>\n<p style=\"text-align: justify;\">A aus\u00eancia dos dentes altera a fun\u00e7\u00e3o fon\u00e9tica (dic\u00e7\u00e3o), o que acaba por causar constrangimentos durante o ato de falar ou de sorrir.<\/p>\n<div id=\"attachment_11194\" style=\"width: 241px\" class=\"wp-caption alignleft\"><a class=\"dt-single-image\" href=\"https:\/\/odontoapeles.com.br\/dentista\/clinica-odontologica\/zona-sul\/wp-content\/uploads\/2018\/09\/dentadura.jpg\" data-dt-img-description=\"\"><img loading=\"lazy\" decoding=\"async\" aria-describedby=\"caption-attachment-11194\" class=\"wp-image-11194\" title=\" Dentaduras sobre Implantes, Dentaduras sobre Implantes Zona Sul,\u00a0Dentaduras sobre Implantes\u00a0Zona Sul SP,\u00a0Dentaduras sobre Implantes\u00a0Zona Sul de SP,\u00a0Dentaduras sobre Implantes\u00a0Zona Sul de S\u00e3o Paulo,\u00a0Dentaduras sobre Implantes\u00a0SP Zona Sul,\u00a0Dentaduras sobre Implantes\u00a0SP,\u00a0Dentaduras sobre Implantes S\u00e3o Paulo\" src=\"https:\/\/odontoapeles.com.br\/dentista\/clinica-odontologica\/zona-sul\/wp-content\/uploads\/2018\/09\/dentadura.jpg\" alt=\" Dentaduras sobre Implantes, Dentaduras sobre Implantes Zona Sul,\u00a0Dentaduras sobre Implantes\u00a0Zona Sul SP,\u00a0Dentaduras sobre Implantes\u00a0Zona Sul de SP,\u00a0Dentaduras sobre Implantes\u00a0Zona Sul de S\u00e3o Paulo,\u00a0Dentaduras sobre Implantes\u00a0SP Zona Sul,\u00a0Dentaduras sobre Implantes\u00a0SP,\u00a0Dentaduras sobre Implantes S\u00e3o Paulo\" width=\"231\" height=\"193\" \/><\/a><p id=\"caption-attachment-11194\" class=\"wp-caption-text\"><span style=\"color: #ff6600;\"><strong>DENTADURA CONVENCIONAL<\/strong><\/span><\/p><\/div>\n<p style=\"text-align: justify;\">Os danos emocionais s\u00e3o evidentes, resultando em redu\u00e7\u00e3o da auto-estima dessas pessoas, as quais tendem a afastar-se do conv\u00edvio social.<\/p>\n<p style=\"text-align: justify;\">Por isso, a fim de minimizar ou prevenir todos estes efeitos nocivos, \u00e9 importante a instala\u00e7\u00e3o, t\u00e3o breve quanto poss\u00edvel, de dentaduras (pr\u00f3teses totais) para a reposi\u00e7\u00e3o dos dentes perdidos.<\/p>\n<p style=\"text-align: justify;\">As dentaduras convencionais s\u00e3o pr\u00f3teses m\u00f3veis totais utilizadas diretamente sobre as mucosas das arcadas dent\u00e1rias desdentadas.<\/p>\n<p style=\"text-align: justify;\">Por outro lado, overdentures s\u00e3o, como j\u00e1 explicado, s\u00e3o acopladas e instaladas sobre implantes dent\u00e1rios.<\/p>\n<p>&nbsp;<\/p>\n<p><a class=\"dt-single-image\" href=\"https:\/\/odontoapeles.com.br\/dentista\/clinica-odontologica\/zona-sul\/wp-content\/uploads\/2018\/08\/cabecalho-11.png\" data-dt-img-description=\"\"><img loading=\"lazy\" decoding=\"async\" class=\"aligncenter wp-image-10843 size-full\" title=\"Est\u00e9tica Dental, Est\u00e9tica Dental Zona Sul, Est\u00e9tica Dental Zona Sul, Est\u00e9tica Dental Zona Sul de SP, Est\u00e9tica Dental SP Zona Sul, Est\u00e9tica Dental SP, Est\u00e9tica Dental S\u00e3o Paulo \" src=\"https:\/\/odontoapeles.com.br\/dentista\/clinica-odontologica\/zona-sul\/wp-content\/uploads\/2018\/08\/cabecalho-11.png\" alt=\"Est\u00e9tica Dental, Est\u00e9tica Dental Zona Sul, Est\u00e9tica Dental Zona Sul, Est\u00e9tica Dental Zona Sul de SP, Est\u00e9tica Dental SP Zona Sul, Est\u00e9tica Dental SP, Est\u00e9tica Dental S\u00e3o Paulo \" width=\"910\" height=\"272\" srcset=\"https:\/\/odontoapeles.com.br\/dentista\/clinica-odontologica\/zona-sul\/wp-content\/uploads\/2018\/08\/cabecalho-11.png 910w, https:\/\/odontoapeles.com.br\/dentista\/clinica-odontologica\/zona-sul\/wp-content\/uploads\/2018\/08\/cabecalho-11-300x90.png 300w, https:\/\/odontoapeles.com.br\/dentista\/clinica-odontologica\/zona-sul\/wp-content\/uploads\/2018\/08\/cabecalho-11-768x230.png 768w, https:\/\/odontoapeles.com.br\/dentista\/clinica-odontologica\/zona-sul\/wp-content\/uploads\/2018\/08\/cabecalho-11-600x179.png 600w\" sizes=\"(max-width: 910px) 100vw, 910px\" \/><\/a><\/p>\n<p>&nbsp;<\/p>\n<div class=\"caldera-grid\" id=\"caldera_form_1\" data-cf-ver=\"1.9.7\" data-cf-form-id=\"CF5b00382b5a25d\"><div id=\"caldera_notices_1\" data-spinner=\"https:\/\/odontoapeles.com.br\/dentista\/clinica-odontologica\/zona-sul\/wp-admin\/images\/spinner.gif\"><\/div><form data-instance=\"1\" class=\"CF5b00382b5a25d caldera_forms_form cfajax-trigger\" method=\"POST\" enctype=\"multipart\/form-data\" id=\"CF5b00382b5a25d_1\" data-form-id=\"CF5b00382b5a25d\" aria-label=\"FALE CONOSCO\" data-target=\"#caldera_notices_1\" data-template=\"#cfajax_CF5b00382b5a25d-tmpl\" data-cfajax=\"CF5b00382b5a25d\" data-load-element=\"_parent\" data-load-class=\"cf_processing\" data-post-disable=\"0\" data-action=\"cf_process_ajax_submit\" data-request=\"https:\/\/odontoapeles.com.br\/dentista\/clinica-odontologica\/zona-sul\/cf-api\/CF5b00382b5a25d\" data-hiderows=\"true\">\r\n<input type=\"hidden\" id=\"_cf_verify_CF5b00382b5a25d\" name=\"_cf_verify\" value=\"c70ba8089f\"  data-nonce-time=\"1777569112\" \/><input type=\"hidden\" name=\"_wp_http_referer\" value=\"\/dentista\/clinica-odontologica\/zona-sul\/wp-json\/wp\/v2\/pages\/1158\" \/><div id=\"cf2-CF5b00382b5a25d_1\"><\/div><input type=\"hidden\" name=\"_cf_frm_id\" value=\"CF5b00382b5a25d\">\r\n<input type=\"hidden\" name=\"_cf_frm_ct\" value=\"1\">\r\n<input type=\"hidden\" name=\"cfajax\" value=\"CF5b00382b5a25d\">\r\n<input type=\"hidden\" name=\"_cf_cr_pst\" value=\"1158\">\r\n<div class=\"hide\" style=\"display:none; overflow:hidden;height:0;width:0;\">\r\n<label>Company<\/label><input type=\"text\" name=\"company\" value=\"\" autocomplete=\"off\">\r\n<\/div><div id=\"CF5b00382b5a25d_1-row-1\"  class=\"row  first_row\"><div  class=\"col-sm-12  single\"><div class=\"\"><\/div><\/div><\/div><div id=\"CF5b00382b5a25d_1-row-2\"  class=\"row \"><div  class=\"col-sm-4  first_col\"><div data-field-wrapper=\"fld_8768091\" class=\"form-group\" id=\"fld_8768091_1-wrap\">\r\n\t<label id=\"fld_8768091Label\" for=\"fld_8768091_1\" class=\"control-label\">Nome <span aria-hidden=\"true\" role=\"presentation\" class=\"field_required\" style=\"color:#ee0000;\">*<\/span><\/label>\r\n\t<div class=\"\">\r\n\t\t<input   required type=\"text\" data-field=\"fld_8768091\" class=\" form-control\" id=\"fld_8768091_1\" name=\"fld_8768091\" value=\"\" data-type=\"text\" aria-required=\"true\"   aria-labelledby=\"fld_8768091Label\" >\t\t\t<\/div>\r\n<\/div>\r\n<div data-field-wrapper=\"fld_9286608\" class=\"form-group\" id=\"fld_9286608_1-wrap\">\r\n\t<label id=\"fld_9286608Label\" for=\"fld_9286608_1\" class=\"control-label\">WhatsApp<\/label>\r\n\t<div class=\"\">\r\n\t\t<input    type=\"text\" data-field=\"fld_9286608\" class=\" form-control\" id=\"fld_9286608_1\" name=\"fld_9286608\" value=\"\" data-type=\"text\"   aria-labelledby=\"fld_9286608Label\" >\t\t\t<\/div>\r\n<\/div>\r\n<\/div><div  class=\"col-sm-4 \"><div data-field-wrapper=\"fld_9970286\" class=\"form-group\" id=\"fld_9970286_1-wrap\">\r\n\t<label id=\"fld_9970286Label\" for=\"fld_9970286_1\" class=\"control-label\">Telefone <span aria-hidden=\"true\" role=\"presentation\" class=\"field_required\" style=\"color:#ee0000;\">*<\/span><\/label>\r\n\t<div class=\"\">\r\n\t\t<input   required type=\"text\" data-field=\"fld_9970286\" class=\" form-control\" id=\"fld_9970286_1\" name=\"fld_9970286\" value=\"\" data-type=\"text\" aria-required=\"true\"   aria-labelledby=\"fld_9970286Label\" >\t\t\t<\/div>\r\n<\/div>\r\n<div data-field-wrapper=\"fld_8026901\" class=\"form-group\" id=\"fld_8026901_1-wrap\">\r\n\t<label id=\"fld_8026901Label\" for=\"fld_8026901_1\" class=\"control-label\">Como nos Conheceu?<\/label>\r\n\t<div class=\"\">\r\n\t\t<select name=\"fld_8026901\" value=\"opt1754659\" data-field=\"fld_8026901\" class=\"form-control\" id=\"fld_8026901_1\"    aria-labelledby=\"fld_8026901Label\" >\n\t\t\t\t\t\t\t<option value=\"Google\" selected=\"selected\" data-calc-value=\"Google\" >\n\t\t\t\t\t\tGoogle\t\t\t\t\t<\/option>\n\t\t\t\t\t\t\t\t\t\t<option value=\"Facebook\"  data-calc-value=\"Facebook\" >\n\t\t\t\t\t\tFacebook\t\t\t\t\t<\/option>\n\t\t\t\t\t\t\t\t\t\t<option value=\"Instagram\"  data-calc-value=\"Instagram\" >\n\t\t\t\t\t\tInstagram\t\t\t\t\t<\/option>\n\t\t\t\t\t\t\t\t\t\t<option value=\"Indica\u00e7\u00e3o\"  data-calc-value=\"Indica\u00e7\u00e3o\" >\n\t\t\t\t\t\tIndica\u00e7\u00e3o\t\t\t\t\t<\/option>\n\t\t\t\t\t\t\t\t\t\t<option value=\"Placa\"  data-calc-value=\"Placa\" >\n\t\t\t\t\t\tPlaca\t\t\t\t\t<\/option>\n\t\t\t\t\t\t\t\t\t\t<option value=\"Outros\"  data-calc-value=\"Outros\" >\n\t\t\t\t\t\tOutros\t\t\t\t\t<\/option>\n\t\t\t\t\t\t\t<\/select>\n\t\t\t<\/div>\r\n<\/div>\r\n<\/div><div  class=\"col-sm-4  last_col\"><div data-field-wrapper=\"fld_6009157\" class=\"form-group\" id=\"fld_6009157_1-wrap\">\r\n\t<label id=\"fld_6009157Label\" for=\"fld_6009157_1\" class=\"control-label\">Endere\u00e7o de E-mail <span aria-hidden=\"true\" role=\"presentation\" class=\"field_required\" style=\"color:#ee0000;\">*<\/span><\/label>\r\n\t<div class=\"\">\r\n\t\t<input   required type=\"email\" data-field=\"fld_6009157\" class=\" form-control\" id=\"fld_6009157_1\" name=\"fld_6009157\" value=\"\" data-type=\"email\" aria-required=\"true\"   aria-labelledby=\"fld_6009157Label\" >\t\t\t<\/div>\r\n<\/div>\r\n<div data-field-wrapper=\"fld_2601416\" class=\"form-group\" id=\"fld_2601416_1-wrap\">\r\n\t<label id=\"fld_2601416Label\" for=\"fld_2601416_1\" class=\"control-label\">Que Tratamento Deseja Realizar?<\/label>\r\n\t<div class=\"\">\r\n\t\t<select name=\"fld_2601416\" value=\"\" data-field=\"fld_2601416\" class=\"form-control\" id=\"fld_2601416_1\"    aria-labelledby=\"fld_2601416Label\" >\n\t\t<option value=\"\"><\/option>\r\n\t\t\t\t\t<option value=\"Harmoniza\u00e7\u00e3o Orofacial\"  data-calc-value=\"Harmoniza\u00e7\u00e3o Orofacial\" >\n\t\t\t\t\t\tHarmoniza\u00e7\u00e3o Orofacial\t\t\t\t\t<\/option>\n\t\t\t\t\t\t\t\t\t\t<option value=\"Botox e Preenchimento Facial\"  data-calc-value=\"Botox e Preenchimento Facial\" >\n\t\t\t\t\t\tBotox e Preenchimento Facial\t\t\t\t\t<\/option>\n\t\t\t\t\t\t\t\t\t\t<option value=\"Bichectomia\"  data-calc-value=\"Bichectomia\" >\n\t\t\t\t\t\tBichectomia\t\t\t\t\t<\/option>\n\t\t\t\t\t\t\t\t\t\t<option value=\"Lipo de Papada\"  data-calc-value=\"Lipo de Papada\" >\n\t\t\t\t\t\tLipo de Papada\t\t\t\t\t<\/option>\n\t\t\t\t\t\t\t\t\t\t<option value=\"Jato de Plasma\"  data-calc-value=\"Jato de Plasma\" >\n\t\t\t\t\t\tJato de Plasma\t\t\t\t\t<\/option>\n\t\t\t\t\t\t\t\t\t\t<option value=\"Odontologia Est\u00e9tica\"  data-calc-value=\"Odontologia Est\u00e9tica\" >\n\t\t\t\t\t\tOdontologia Est\u00e9tica\t\t\t\t\t<\/option>\n\t\t\t\t\t\t\t\t\t\t<option value=\"Rinomodela\u00e7\u00e3o\"  data-calc-value=\"Rinomodela\u00e7\u00e3o\" >\n\t\t\t\t\t\tRinomodela\u00e7\u00e3o\t\t\t\t\t<\/option>\n\t\t\t\t\t\t\t\t\t\t<option value=\"Implantes Dent\u00e1rios\"  data-calc-value=\"Implantes Dent\u00e1rios\" >\n\t\t\t\t\t\tImplantes Dent\u00e1rios\t\t\t\t\t<\/option>\n\t\t\t\t\t\t\t\t\t\t<option value=\"Clareamento Dental\"  data-calc-value=\"Clareamento Dental\" >\n\t\t\t\t\t\tClareamento Dental\t\t\t\t\t<\/option>\n\t\t\t\t\t\t\t\t\t\t<option value=\"Ortodontia\"  data-calc-value=\"Ortodontia\" >\n\t\t\t\t\t\tOrtodontia\t\t\t\t\t<\/option>\n\t\t\t\t\t\t\t\t\t\t<option value=\"Endodontia\"  data-calc-value=\"Endodontia\" >\n\t\t\t\t\t\tEndodontia\t\t\t\t\t<\/option>\n\t\t\t\t\t\t\t\t\t\t<option value=\"Pr\u00f3tese Dental\"  data-calc-value=\"Pr\u00f3tese Dental\" >\n\t\t\t\t\t\tPr\u00f3tese Dental\t\t\t\t\t<\/option>\n\t\t\t\t\t\t\t\t\t\t<option value=\"Periodontia\"  data-calc-value=\"Periodontia\" >\n\t\t\t\t\t\tPeriodontia\t\t\t\t\t<\/option>\n\t\t\t\t\t\t\t\t\t\t<option value=\"Cirurgia Oral\"  data-calc-value=\"Cirurgia Oral\" >\n\t\t\t\t\t\tCirurgia Oral\t\t\t\t\t<\/option>\n\t\t\t\t\t\t\t<\/select>\n\t\t\t<\/div>\r\n<\/div>\r\n<\/div><\/div><div id=\"CF5b00382b5a25d_1-row-3\"  class=\"row \"><div  class=\"col-sm-12  single\"><div data-field-wrapper=\"fld_8340154\" class=\"form-group\" id=\"fld_8340154_1-wrap\">\r\n\t<label id=\"fld_8340154Label\" for=\"fld_8340154_1\" class=\"control-label\">Sua Mensagem<\/label>\r\n\t<div class=\"\">\r\n\t\t<textarea name=\"fld_8340154\" value=\"\" data-field=\"fld_8340154\" class=\"form-control\" id=\"fld_8340154_1\" rows=\"4\"    aria-labelledby=\"fld_8340154Label\" ><\/textarea>\n\t\t\t<\/div>\r\n<\/div>\r\n<div class=\"\"><p><\/p>\n<\/div><\/div><\/div><div id=\"CF5b00382b5a25d_1-row-4\"  class=\"row  last_row\"><div  class=\"col-sm-12  single\"><div data-field-wrapper=\"fld_7908577\" class=\"form-group\" id=\"fld_7908577_1-wrap\">\r\n<div class=\"\">\r\n\t<input  class=\"btn btn-default\" type=\"submit\" name=\"fld_7908577\" id=\"fld_7908577_1\" value=\"Enviar Mensagem\" data-field=\"fld_7908577\"  >\n<\/div>\r\n<\/div>\r\n\t<input class=\"button_trigger_1\" type=\"hidden\" name=\"fld_7908577\" id=\"fld_7908577_1_btn\" value=\"\" data-field=\"fld_7908577\"  \/>\n<\/div><\/div><\/form>\r\n<\/div>\r\n\n<h2 style=\"text-align: justify; text-justify: inter-ideograph;\"><span style=\"color: #ffffff;\"><strong>Odontologia Est\u00e9tica perto de mim e perto daqui Zona Sul SP, Odontologia Est\u00e9tica perto da minha casa e perto do meu local Zona Sul SP, Odontologia Est\u00e9tica Av. Yervant Kissajikian,\u00a0<\/strong><\/span><\/h2>\n<h2 style=\"text-align: justify; text-justify: inter-ideograph;\"><span style=\"color: #ffffff;\"><strong>Est\u00e9tica Dental perto de mim e perto de mim e perto daqui Zona Sul SP, Est\u00e9tica Dental perto da minha casa e perto do meu local Zona Sul SP, Est\u00e9tica Dental Av. Yervant Kissajikian,\u00a0<\/strong><\/span><\/h2>\n<h2 style=\"text-align: justify; text-justify: inter-ideograph;\"><span style=\"color: #ffffff;\"><strong>Odontologia Est\u00e9tica, Melhor\u00a0Odontologia Est\u00e9tica,\u00a0Odontologia Est\u00e9tica Zona Sul, Odontologia Est\u00e9tica na Zona Sul, Odontologia Est\u00e9tica Zona Sul SP, Odontologia Est\u00e9tica na Zona Sul SP, Odontologia Est\u00e9tica Zona Sul de SP, Odontologia Est\u00e9tica na Zona Sul de SP, Odontologia Est\u00e9tica Zona Sul de S\u00e3o Paulo, Odontologia Est\u00e9tica na Zona Sul de S\u00e3o Paulo,\u00a0Odontologia Est\u00e9tica SP,\u00a0Odontologia Est\u00e9tica em SP, Odontologia Est\u00e9tica S\u00e3o Paulo,\u00a0Odontologia Est\u00e9tica em S\u00e3o Paulo,\u00a0<\/strong><\/span><\/h2>\n<h2 style=\"text-align: justify; text-justify: inter-ideograph;\"><span style=\"color: #ffffff;\"><strong>Odontologia Est\u00e9tica, Melhor\u00a0Odontologia Est\u00e9tica,\u00a0Odontologia Est\u00e9tica Zona Sul, Odontologia Est\u00e9tica na Zona Sul, Odontologia Est\u00e9tica Zona Sul SP, Odontologia Est\u00e9tica na Zona Sul SP, Odontologia Est\u00e9tica Zona Sul de SP, Odontologia Est\u00e9tica na Zona Sul de SP, Odontologia Est\u00e9tica Zona Sul de S\u00e3o Paulo, Odontologia Est\u00e9tica na Zona Sul de S\u00e3o Paulo,\u00a0Odontologia Est\u00e9tica SP,\u00a0Odontologia Est\u00e9tica em SP, Odontologia Est\u00e9tica S\u00e3o Paulo,\u00a0Odontologia Est\u00e9tica em S\u00e3o Paulo,\u00a0<\/strong><\/span><\/h2>\n<h2 style=\"text-align: justify; text-justify: inter-ideograph;\"><span style=\"color: #ffffff;\"><strong>Odontologia Est\u00e9tica, Melhor\u00a0Odontologia Est\u00e9tica,\u00a0Odontologia Est\u00e9tica Zona Sul, Odontologia Est\u00e9tica na Zona Sul, Odontologia Est\u00e9tica Zona Sul SP, Odontologia Est\u00e9tica na Zona Sul SP, Odontologia Est\u00e9tica Zona Sul de SP, Odontologia Est\u00e9tica na Zona Sul de SP, Odontologia Est\u00e9tica Zona Sul de S\u00e3o Paulo, Odontologia Est\u00e9tica na Zona Sul de S\u00e3o Paulo,\u00a0Odontologia Est\u00e9tica SP,\u00a0Odontologia Est\u00e9tica em SP, Odontologia Est\u00e9tica S\u00e3o Paulo,\u00a0Odontologia Est\u00e9tica em S\u00e3o Paulo,\u00a0<\/strong><\/span><\/h2>\n<h2 style=\"text-align: justify; text-justify: inter-ideograph;\"><span style=\"color: #ffffff;\"><strong>Est\u00e9tica Dental, Melhor Est\u00e9tica Dental, Est\u00e9tica Dental Zona Sul, Est\u00e9tica Dental na Zona Sul, Est\u00e9tica Dental Zona Sul SP, Est\u00e9tica Dental na Zona Sul SP, Est\u00e9tica Dental Zona Sul de SP, Est\u00e9tica Dental na Zona Sul de SP, Est\u00e9tica Dental Zona Sul de S\u00e3o Paulo, Est\u00e9tica Dental na Zona Sul de S\u00e3o Paulo, Est\u00e9tica Dental SP,\u00a0Est\u00e9tica Dental em SP, Est\u00e9tica Dental S\u00e3o Paulo,\u00a0Est\u00e9tica Dental em S\u00e3o Paulo,\u00a0<\/strong><\/span><\/h2>\n<h2 style=\"text-align: justify; text-justify: inter-ideograph;\"><span style=\"color: #ffffff;\"><strong>Est\u00e9tica Dental, Melhor Est\u00e9tica Dental, Est\u00e9tica Dental Zona Sul, Est\u00e9tica Dental na Zona Sul, Est\u00e9tica Dental Zona Sul SP, Est\u00e9tica Dental na Zona Sul SP, Est\u00e9tica Dental Zona Sul de SP, Est\u00e9tica Dental na Zona Sul de SP, Est\u00e9tica Dental Zona Sul de S\u00e3o Paulo, Est\u00e9tica Dental na Zona Sul de S\u00e3o Paulo, Est\u00e9tica Dental SP,\u00a0Est\u00e9tica Dental em SP, Est\u00e9tica Dental S\u00e3o Paulo,\u00a0Est\u00e9tica Dental em S\u00e3o Paulo,\u00a0<\/strong><\/span><\/h2>\n<h2 style=\"text-align: justify; text-justify: inter-ideograph;\"><span style=\"color: #ffffff;\"><strong>Limpeza Dent\u00e1ria, Melhor Limpeza Dent\u00e1ria, Limpeza Dent\u00e1ria Zona Sul, Limpeza Dent\u00e1ria na Zona Sul, Limpeza Dent\u00e1ria Zona Sul SP, Limpeza Dent\u00e1ria na Zona Sul SP, Limpeza Dent\u00e1ria Zona Sul de SP, Limpeza Dent\u00e1ria na Zona Sul de SP, Limpeza Dent\u00e1ria Zona Sul de S\u00e3o Paulo, Limpeza Dent\u00e1ria na Zona Sul de S\u00e3o Paulo, Limpeza Dent\u00e1ria SP, Limpeza Dent\u00e1ria em SP, Limpeza Dent\u00e1ria S\u00e3o Paulo,\u00a0Limpeza Dent\u00e1ria em S\u00e3o Paulo, Limpeza Dent\u00e1ria Av. Yervant Kissajikian,\u00a0<\/strong><\/span><\/h2>\n<h2 style=\"text-align: justify; text-justify: inter-ideograph;\"><span style=\"color: #ffffff;\"><strong>Profilaxia Dent\u00e1ria, Melhor Profilaxia Dent\u00e1ria, Profilaxia Dent\u00e1ria Zona Sul, Profilaxia Dent\u00e1ria na Zona Sul, Profilaxia Dent\u00e1ria Zona Sul SP, Profilaxia Dent\u00e1ria na Zona Sul SP, Profilaxia Dent\u00e1ria Zona Sul de SP, Profilaxia Dent\u00e1ria na Zona Sul de SP, Profilaxia Dent\u00e1ria Zona Sul de S\u00e3o Paulo, Profilaxia Dent\u00e1ria na Zona Sul de S\u00e3o Paulo, Profilaxia Dent\u00e1ria SP,\u00a0Profilaxia Dent\u00e1ria em SP,\u00a0Profilaxia Dent\u00e1ria S\u00e3o Paulo,\u00a0Profilaxia Dent\u00e1ria em S\u00e3o Paulo, Profilaxia Dent\u00e1ria\u00a0Av. Yervant Kissajikian,\u00a0<\/strong><\/span><\/h2>\n<h2 style=\"text-align: justify; text-justify: inter-ideograph;\"><span style=\"color: #ffffff;\"><strong>Odontologia Est\u00e9tica,<\/strong><\/span><\/h2>\n<h2 style=\"text-align: justify; text-justify: inter-ideograph;\"><span style=\"color: #ffffff;\"><strong>Restaura\u00e7\u00f5es Est\u00e9ticas em Resina,\u00a0Melhores Restaura\u00e7\u00f5es Est\u00e9ticas,\u00a0Restaura\u00e7\u00f5es Est\u00e9ticas em Resina Zona Sul, Restaura\u00e7\u00f5es Est\u00e9ticas em Resina na Zona Sul, Restaura\u00e7\u00f5es Est\u00e9ticas em Resina Zona Sul SP, Restaura\u00e7\u00f5es Est\u00e9ticas em Resina na Zona Sul SP, Restaura\u00e7\u00f5es Est\u00e9ticas em Resina Zona Sul de SP, Restaura\u00e7\u00f5es Est\u00e9ticas em Resina na Zona Sul de SP, Restaura\u00e7\u00f5es Est\u00e9ticas em Resina Zona Sul de S\u00e3o Paulo,\u00a0Restaura\u00e7\u00f5es Est\u00e9ticas em Resina na Zona Sul de S\u00e3o Paulo,\u00a0Restaura\u00e7\u00f5es Est\u00e9ticas em Resina SP, Restaura\u00e7\u00f5es Est\u00e9ticas em Resina S\u00e3o Paulo,\u00a0Restaura\u00e7\u00f5es Est\u00e9ticas em Resina em SP, Restaura\u00e7\u00f5es Est\u00e9ticas em Resina em S\u00e3o Paulo, Restaura\u00e7\u00f5es Dent\u00e1rias Av. Yervant Kissajikian,\u00a0<\/strong><\/span><\/h2>\n<h2 style=\"text-align: justify; text-justify: inter-ideograph;\"><span style=\"color: #ffffff;\"><strong>Odontologia Est\u00e9tica,<\/strong><\/span><\/h2>\n<h2 style=\"text-align: justify; text-justify: inter-ideograph;\"><span style=\"color: #ffffff;\"><strong>Clareamento Dental, Melhor\u00a0Clareamento Dental,\u00a0Clareamento Dental Zona Sul, Clareamento Dental na Zona Sul, Clareamento Dental Zona Sul SP, Clareamento Dental na Zona Sul SP, Clareamento Dental Zona Sul de SP, Clareamento Dental na Zona Sul de SP, Clareamento Dental Zona Sul de S\u00e3o Paulo, Clareamento Dental na Zona Sul de S\u00e3o Paulo,\u00a0Clareamento Dental SP, Clareamento Dental Zona Sul S\u00e3o Paulo,\u00a0Clareamento Dental em SP, Clareamento Dental em S\u00e3o Paulo, Clareamento Dental Av. Yervant Kissajikian,\u00a0<\/strong><\/span><\/h2>\n<h2 style=\"text-align: justify; text-justify: inter-ideograph;\"><span style=\"color: #ffffff;\"><strong>Facetas Laminadas em Porcelana, Melhores\u00a0Facetas Laminadas em Porcelana,\u00a0Facetas Laminadas em Porcelana Zona Sul, Facetas Laminadas em Porcelana na Zona Sul, Facetas Laminadas em Porcelana Zona Sul SP, Facetas Laminadas em Porcelana na Zona Sul SP, Facetas Laminadas em Porcelana Zona Sul de SP, Facetas Laminadas em Porcelana na Zona Sul de SP, Facetas Laminadas em Porcelana Zona Sul de S\u00e3o Paulo, Facetas Laminadas em Porcelana na Zona Sul de S\u00e3o Paulo,\u00a0Facetas Laminadas em Porcelana SP,\u00a0Facetas Laminadas em Porcelana em SP, Facetas Laminadas em Porcelana S\u00e3o Paulo,\u00a0Facetas Laminadas em Porcelana em S\u00e3o Paulo, Facetas Laminadas em Porcelana Av. Yervant Kissajikian,\u00a0<\/strong><\/span><\/h2>\n<h2 style=\"text-align: justify; text-justify: inter-ideograph;\"><span style=\"color: #ffffff;\"><strong>Odontologia Est\u00e9tica,<\/strong><\/span><\/h2>\n<h2 style=\"text-align: justify; text-justify: inter-ideograph;\"><span style=\"color: #ffffff;\"><strong>Lentes de Contato Dentais, Melhores\u00a0Lentes de Contato Dentais,\u00a0Lentes de Contato Dentais Zona Sul, Lentes de Contato Dentais na Zona Sul, Lentes de Contato Dentais Zona Sul SP, Lentes de Contato Dentais na Zona Sul, Lentes de Contato Dentais Zona Sul de SP, Lentes de Contato Dentais na Zona Sul de SP, Lentes de Contato Dentais Zona Sul de S\u00e3o Paulo, Lentes de Contato Dentais na Zona Sul de S\u00e3o Paulo,\u00a0Lentes de Contato Dentais SP,\u00a0Lentes de Contato Dentais em SP, Lentes de Contato Dentais S\u00e3o Paulo,\u00a0Lentes de Contato Dentais em S\u00e3o Paulo, Lentes de Contato Dentais Av. Yervant Kissajikian,\u00a0<\/strong><\/span><\/h2>\n<h2 style=\"text-align: justify; text-justify: inter-ideograph;\"><span style=\"color: #ffffff;\"><strong>Odontologia Est\u00e9tica, <\/strong><\/span><\/h2>\n<h2 style=\"text-align: justify; text-justify: inter-ideograph;\"><span style=\"color: #ffffff;\"><strong>Coroa Dent\u00e1ria em Porcelana,\u00a0Melhor Coroa Dent\u00e1ria em Porcelana, Coroa Dent\u00e1ria em Porcelana, Coroa Dent\u00e1ria em Porcelana Zona Sul, Coroa Dent\u00e1ria em Porcelana na Zona Sul, Coroa Dent\u00e1ria em Porcelana Zona Sul SP, Coroa Dent\u00e1ria em Porcelana na Zona Sul SP, Coroa Dent\u00e1ria em Porcelana Zona Sul de SP, Coroa Dent\u00e1ria em Porcelana na Zona Sul de SP, Coroa Dent\u00e1ria em Porcelana Zona Sul de S\u00e3o Paulo, Coroa Dent\u00e1ria em Porcelana na Zona Sul de S\u00e3o Paulo, Coroa Dent\u00e1ria em Porcelana SP, Coroa Dent\u00e1ria em Porcelana em SP, Coroa Dent\u00e1ria em Porcelana S\u00e3o Paulo, Coroa Dent\u00e1ria em Porcelana em S\u00e3o Paulo, Coroa Dent\u00e1ria em Porcelana Av. Yervant Kissajikian,\u00a0<\/strong><\/span><\/h2>\n<h2 style=\"text-align: justify; text-justify: inter-ideograph;\"><span style=\"color: #ffffff;\"><strong>Odontologia Est\u00e9tica,<\/strong><\/span><\/h2>\n<h2 style=\"text-align: justify; text-justify: inter-ideograph;\"><span style=\"color: #ffffff;\"><strong>Jaqueta Dent\u00e1ria em Porcelana, Melhor\u00a0Jaqueta Dent\u00e1ria em Porcelana,\u00a0Jaqueta Dent\u00e1ria em Porcelana Zona Sul, Jaqueta Dent\u00e1ria em Porcelana na Zona Sul, Jaqueta Dent\u00e1ria em Porcelana Zona Sul SP, Jaqueta Dent\u00e1ria em Porcelana na Zona Sul SP, Jaqueta Dent\u00e1ria em Porcelana Zona Sul de SP, Jaqueta Dent\u00e1ria em Porcelana na Zona Sul de SP, Jaqueta Dent\u00e1ria em Porcelana Zona Sul de S\u00e3o Paulo, Jaqueta Dent\u00e1ria em Porcelana na Zona Sul de S\u00e3o Paulo, Jaqueta Dent\u00e1ria em Porcelana SP, Jaqueta Dent\u00e1ria em Porcelana em SP, Jaqueta Dent\u00e1ria em Porcelana Zona Sul S\u00e3o Paulo, Jaqueta Dent\u00e1ria em Porcelana Zona Sul em S\u00e3o Paulo, Jaqueta Dent\u00e1ria em Porcelana\u00a0Av. Yervant Kissajikian,\u00a0<\/strong><\/span><\/h2>\n<h2 style=\"text-align: justify; text-justify: inter-ideograph;\"><span style=\"color: #ffffff;\"><strong>Odontologia Est\u00e9tica,<\/strong><\/span><\/h2>\n<h2 style=\"text-align: justify; text-justify: inter-ideograph;\"><span style=\"color: #ffffff;\"><strong>Pivo Dent\u00e1rio, Melhor\u00a0Pivo Dent\u00e1rio,\u00a0Pivo Dent\u00e1rio em Porcelana Zona Sul, Pivo Dent\u00e1rio em Porcelana na Zona Sul, Pivo Dent\u00e1rio em Porcelana Zona Sul SP, Pivo Dent\u00e1rio em Porcelana na Zona Sul SP, Pivo Dent\u00e1rio em Porcelana Zona Sul de SP, Pivo Dent\u00e1rio em Porcelana na Zona Sul de SP, Pivo Dent\u00e1rio em Porcelana Zona Sul de S\u00e3o Paulo, Pivo Dent\u00e1rio em Porcelana na Zona Sul de S\u00e3o Paulo,\u00a0Pivo Dent\u00e1rio em Porcelana SP, Pivo Dent\u00e1rio em Porcelana em SP,\u00a0Pivo Dent\u00e1rio em Porcelana S\u00e3o Paulo, Pivo Dent\u00e1rio em Porcelana em S\u00e3o Paulo, Pivo Dent\u00e1rio Av. Yervant Kissajikian,\u00a0<\/strong><\/span><\/h2>\n<h2 style=\"text-align: justify; text-justify: inter-ideograph;\"><span style=\"color: #ffffff;\"><strong>Pr\u00f3teses sobre Implantes,\u00a0Melhores Pr\u00f3teses sobre Implantes,\u00a0Pr\u00f3teses sobre Implantes Zona Sul, Pr\u00f3teses sobre Implantes na Zona Sul, Pr\u00f3teses sobre Implantes Zona Sul SP, Pr\u00f3teses sobre Implantes na Zona Sul SP, Pr\u00f3teses sobre Implantes Zona Sul de SP, Pr\u00f3teses sobre Implantes na Zona Sul de SP, Pr\u00f3teses sobre Implantes Zona Sul de S\u00e3o Paulo, Pr\u00f3teses sobre Implantes na Zona Sul de S\u00e3o Paulo,\u00a0Pr\u00f3teses sobre Implantes SP,\u00a0Pr\u00f3teses sobre Implantes em SP, Pr\u00f3teses sobre Implantes S\u00e3o Paulo,\u00a0Pr\u00f3teses sobre Implantes em S\u00e3o Paulo, Pr\u00f3tese sobre Implantes Av. Yervant Kissajikian,\u00a0<\/strong><\/span><\/h2>\n<h2 style=\"text-align: justify; text-justify: inter-ideograph;\"><span style=\"color: #ffffff;\"><strong>Odontologia Est\u00e9tica,<\/strong><\/span><\/h2>\n<h2 style=\"text-align: justify; text-justify: inter-ideograph;\"><span style=\"color: #ffffff;\"><strong>Pr\u00f3teses Dent\u00e1rias Fixas em Porcelana, Melhores\u00a0Pr\u00f3teses Dent\u00e1rias Fixas em Porcelana,\u00a0Pr\u00f3teses Dent\u00e1rias Fixas em Porcelana Zona Sul, Pr\u00f3teses Dent\u00e1rias Fixas em Porcelana na Zona Sul, Pr\u00f3teses Dent\u00e1rias Fixas em Porcelana Zona Sul SP, Pr\u00f3teses Dent\u00e1rias Fixas em Porcelana na Zona Sul SP, Pr\u00f3teses Dent\u00e1rias Fixas em Porcelana Zona Sul de SP, Pr\u00f3teses Dent\u00e1rias Fixas em Porcelana na Zona Sul de SP, Pr\u00f3teses Dent\u00e1rias Fixas em Porcelana Zona Sul de S\u00e3o Paulo, Pr\u00f3teses Dent\u00e1rias Fixas em Porcelana na Zona Sul de S\u00e3o Paulo,\u00a0Pr\u00f3teses Dent\u00e1rias Fixas em Porcelana SP,\u00a0Pr\u00f3teses Dent\u00e1rias Fixas em Porcelana em SP, Pr\u00f3teses Dent\u00e1rias Fixas em Porcelana Zona Sul de S\u00e3o Paulo,\u00a0Pr\u00f3teses Dent\u00e1rias Fixas em Porcelana em S\u00e3o Paulo, Pr\u00f3teses Dent\u00e1rias Fixas\u00a0Av. Yervant Kissajikian,\u00a0<\/strong><\/span><\/h2>\n<h2 style=\"text-align: justify; text-justify: inter-ideograph;\"><span style=\"color: #ffffff;\"><strong>Odontologia Est\u00e9tica, Est\u00e9tica Dental, Facetas Laminadas em Porcelana, Lentes de Contato Dentais, Coroa Dent\u00e1ria em Porcelana, Jaqueta Dent\u00e1ria em Porcelana, Pivo Dent\u00e1rio em Porcelana, Clareamento Dental, Clareamento Dental Caseiro, Clareamento Dental a Laser, Profilaxia Dent\u00e1ria, Limpeza Dent\u00e1ria, Restaura\u00e7\u00f5es Est\u00e9ticas, Restaura\u00e7\u00f5es Dent\u00e1rias Est\u00e9ticas, Restaura\u00e7\u00f5es Dent\u00e1rias Est\u00e9ticas em Resina, Pr\u00f3teses Dent\u00e1rias Fixas em Porcelana, Facetas Diretas em Resina,<\/strong><\/span><\/h2>\n<h2 style=\"text-align: justify; text-justify: inter-ideograph;\"><span style=\"color: #ffffff;\"><strong>Aclima\u00e7\u00e3o, American\u00f3polis, Avenida Cupec\u00ea, Avenida Nossa Senhora do Sabar\u00e1, Avenida Sargento Geraldo Santana, Avenida Washington Luiz, Avenida Yervant, Avenida Yervant Kissajikian, Campo Belo, Campininha, Campo Grande, Casa Palma, Ch\u00e1cara Flora, Ch\u00e1cara Santo Antonio, Cidade Ademar, Cidade Domitila, Cidade Dutra, Cidade J\u00falia, Cidade Leonor, Cidade Vargas, Cupec\u00ea, Graja\u00fa, Granja Julieta, Interlagos, Jabaquara, Jardim Aeroporto, Jardim Alto Congonhas, Jardim Alvorada, Jardim Anchieta, Jardim B\u00e9lgica, Jardim Bom Clima, Jardim Bransley, Jardim Campina, Jardim Castelo, Jardim Cid\u00e1lia, Jardim Cl\u00e9lia, Jardim Cons\u00f3rcio, Jardim Cupec\u00ea, Jardim da Sa\u00fade, Jardim das Oliveiras, Jardim do Carmo, Jardim dos Prados, Jardim Ernestina, Jardim Gra\u00fana, Jardim Ip\u00ea, Jardim Itacolomi, Jardim Itapura, Jardim Los Angeles, Jardim Lourdes, Jardim Luanda, Jardim Luso, Jardim Manac\u00e1, Jardim Marajoara, Jardim Martini, Jardim Miriam, Jardim Niter\u00f3i, Jardim Nosso Lar, Jardim Olinda, Jardim Oliveira, Jardim Orly, Jardim Pedreira, Jardim Prud\u00eancia, Jardim Santo Antonio, Jardim S\u00e3o Carlos, Jardim S\u00e3o Jorge, Jardim Sat\u00e9lite, Jardim Scaff, Jardim Selma, Jardim Sofia, Jardim Suzana, Jardim Taquaral, Jardim Uberaba, Jardim Ubirajara, Jardim Umuarama, Jurubatuba, Moema, Parque Cocaia, Parque Colonial, Parque Dorot\u00e9ia, Pedreira, Sa\u00fade, Santo Amaro, Socorro, Vila Aeroporto, Vila Andrade, Vila Arriete, Vila Campestre, Vila Campo Grande, Vila Capela, Vila Castelo, Vila Celeste, Vila Clara, Vila Clementino, Vila Constan\u00e7a, Vila do Castelo, Vila do Cruzeiro, Vila \u00c9lida, Vila Cruzeiro, Vila Emir, Vila Facchini, Vila Filomena, Vila Gea, Vila Guarani, Vila Imp\u00e9rio, Vila Inglesa, Vila Jabaquara, Vila Joaniza, Vila Maiara, Vila Marari, Vila Mariana, Vila Mascote, Vila Mira, Vila Mission\u00e1ria, Vila Nova Caled\u00f4nia, Vila Nova Sabar\u00e1, Vila Romano, Vila Rubi, Vila Santa Catarina, Vila S\u00e3o Jos\u00e9, Vila Socorro, Vila Cabral, Yervant, Yervant Kissajikian, em, na, no, nas proximidades, nas proximidades de, nas proximidades da, nas redondezas, nas redondezas de, nas redondezas da, na regi\u00e3o, na regi\u00e3o de, na regi\u00e3o da, perto, perto de, perto da, por perto, aqui perto, perto de mim, perto daqui, perto do meu local, perto de casa, perto da minha casa, perto do meu bairro, pr\u00f3ximo, pr\u00f3ximo de, pr\u00f3ximo da, aqui pr\u00f3ximo, pr\u00f3ximo de mim, pr\u00f3ximo daqui, pr\u00f3ximo do meu local,\u00a0 pr\u00f3ximo de casa, pr\u00f3ximo da minha casa, pr\u00f3ximo do meu bairro, perto do Aeroporto de Congonhas, perto do Shopping Interlagos, perto do Mercado Extra Interlagos, pr\u00f3ximo do Aeroporto de Congonhas, pr\u00f3ximo do Shopping Interlagos, pr\u00f3ximo do Mercado Extra Interlagos, em American\u00f3polis, na regi\u00e3o de American\u00f3polis, na Av. Cupec\u00ea,\u00a0 na regi\u00e3o da Av. Cupec\u00ea, em Diadema, na regi\u00e3o de Diadema, na Av. Nossa Senhora do Sabar\u00e1, na regi\u00e3o da Av. Nossa Senhora do Sabar\u00e1, na Av. Washington Luiz, na regi\u00e3o da Av. Washington Luiz, na Cupec\u00ea, na regi\u00e3o da Cupec\u00ea, na Av. Cupec\u00ea, na Cidade Ademar, na regi\u00e3o da Cidade Ademar, em Interlagos, perto de Interlagos, na regi\u00e3o de Interlagos, na regi\u00e3o da Av. Interlagos, na Sabar\u00e1, na regi\u00e3o da Sabar\u00e1, em Santo Amaro, perto de Santo Amaro, na regi\u00e3o de Santo Amaro, na regi\u00e3o da Av. Santo Amaro, na Vila Mission\u00e1ria, na regi\u00e3o da Vila Mission\u00e1ria, na Washington Luiz, na regi\u00e3o da Av. Washington Luiz,<\/strong><\/span><\/h2>\n<h2 style=\"text-align: justify; text-justify: inter-ideograph;\"><span style=\"color: #ffffff;\"><strong>Melhor Odontologia Est\u00e9tica e Est\u00e9tica Dental,\u00a0Melhor Odontologia Est\u00e9tica e Est\u00e9tica Dental da Zona Sul Interlagos, Melhor Odontologia Est\u00e9tica e Est\u00e9tica Dental da Zona Sul, Melhor Odontologia Est\u00e9tica\u00a0 e Est\u00e9tica Dental da Zona Sul SP, Melhor Odontologia Est\u00e9tica e Est\u00e9tica Dental de SP, Melhor Odontologia Est\u00e9tica e Est\u00e9tica Dental de S\u00e3o Paulo,\u00a0<\/strong><\/span><\/h2>\n<h2 style=\"text-align: justify; text-justify: inter-ideograph;\"><span style=\"color: #ffffff;\"><strong>Melhor Dentista Especialista e\u00a0Melhor Cl\u00ednica Odontol\u00f3gica Especializada em Odontologia Est\u00e9tica e Est\u00e9tica Dental,\u00a0Melhor Dentista Especialista e\u00a0Melhor Cl\u00ednica Odontol\u00f3gica Especializada em Odontologia Est\u00e9tica e Est\u00e9tica Dental da Zona Sul Interlagos,\u00a0Melhor Dentista Especialista e\u00a0Melhor Cl\u00ednica Odontol\u00f3gica Especializada em Odontologia Est\u00e9tica e Est\u00e9tica Dental da Zona Sul,\u00a0Melhor Dentista Especialista e\u00a0Melhor Cl\u00ednica Odontol\u00f3gica Especializada em Odontologia Est\u00e9tica e Est\u00e9tica Dental da Zona Sul SP,\u00a0Melhor Dentista Especialista e\u00a0Melhor Cl\u00ednica Odontol\u00f3gica Especializada em Odontologia Est\u00e9tica e Est\u00e9tica Dental de SP,\u00a0Melhor Dentista Especialista e\u00a0Melhor Cl\u00ednica Odontol\u00f3gica Especializada em Odontologia Est\u00e9tica e Est\u00e9tica Dental de S\u00e3o Paulo,\u00a0<\/strong><\/span><\/h2>\n<h2 style=\"text-align: justify; text-justify: inter-ideograph;\"><span style=\"color: #ffffff;\"><strong>Melhor Restaura\u00e7\u00e3o Dent\u00e1ria Est\u00e9tica da Zona Sul Interlagos, Melhor Restaura\u00e7\u00e3o Dent\u00e1ria Est\u00e9tica da Zona Sul, Melhor Restaura\u00e7\u00e3o Est\u00e9tica Dent\u00e1ria da Zona Sul SP, Melhor Restaura\u00e7\u00e3o Est\u00e9tica Dent\u00e1ria de SP, Melhor Restaura\u00e7\u00e3o Est\u00e9tica Dent\u00e1ria de S\u00e3o Paulo,\u00a0<\/strong><\/span><\/h2>\n<h2 style=\"text-align: justify; text-justify: inter-ideograph;\"><span style=\"color: #ffffff;\"><strong>Melhor Limpeza Dent\u00e1ria Zona Sul Interlagos, Melhor Limpeza Dent\u00e1ria Zona Sul, Melhor Limpeza Dent\u00e1ria Zona Sul SP, Melhor Limpeza Dent\u00e1ria de SP, Melhor Limpeza Dent\u00e1ria de S\u00e3o Paulo,\u00a0<\/strong><\/span><\/h2>\n<h2 style=\"text-align: justify; text-justify: inter-ideograph;\"><span style=\"color: #ffffff;\"><strong> Odontologia, <\/strong><strong>Odontologia,\u00a0<\/strong><strong>Odontologia,\u00a0<\/strong><strong>Odontologia,\u00a0<\/strong><strong>Odontologia,\u00a0<\/strong><strong>Odontologia,\u00a0<\/strong><strong>Odontologia,\u00a0<\/strong><strong>Odontologia,\u00a0<\/strong><strong>Odontologia,<\/strong><strong>\u00a0<\/strong><strong>Odontologia,\u00a0<\/strong><strong>Odontologia,\u00a0<\/strong><strong>Odontologia,\u00a0<\/strong><strong>Odontologia,\u00a0<\/strong><strong>Odontologia,\u00a0<\/strong><strong>Odontologia,\u00a0<\/strong><strong>Odontologia,\u00a0<\/strong><strong>Odontologia,\u00a0<\/strong><strong>Odontologia,\u00a0<\/strong><strong>Odontologia,\u00a0<\/strong><strong>Odontologia,\u00a0<\/strong><strong>Odontologia,\u00a0<\/strong><strong>Odontologia,\u00a0<\/strong><strong>Odontologia,\u00a0<\/strong><strong>Odontologia,\u00a0<\/strong><strong>Odontologia,\u00a0<\/strong><strong>Odontologia,\u00a0<\/strong><strong>Odontologia,\u00a0<\/strong><strong>Odontologia,\u00a0<\/strong><strong>Odontologia,\u00a0<\/strong><strong>Odontologia,\u00a0<\/strong><strong>Odontologia,\u00a0<\/strong><strong>Odontologia,\u00a0<\/strong><strong>Odontologia,\u00a0<\/strong><strong>Odontologia,\u00a0<\/strong><strong>Odontologia,\u00a0<\/strong><strong>Odontologia,\u00a0<\/strong><strong>Odontologia,\u00a0<\/strong><strong>Odontologia,\u00a0<\/strong><strong>Odontologia,\u00a0<\/strong><strong>Odontologia,\u00a0<\/strong><strong>Odontologia,\u00a0<\/strong><strong>Odontologia,\u00a0<\/strong><strong>Odontologia,\u00a0<\/strong><strong>Odontologia,\u00a0<\/strong><strong>Odontologia,\u00a0<\/strong><strong>Odontologia,\u00a0<\/strong><strong>Odontologia,\u00a0<\/strong><strong>Odontologia,\u00a0<\/strong><strong>Odontologia,\u00a0<\/strong><strong>Odontologia,\u00a0<\/strong><strong>Odontologia,\u00a0<\/strong><strong>Odontologia,\u00a0<\/strong><strong>Odontologia,\u00a0<\/strong><strong>Odontologia,\u00a0<\/strong><strong>Odontologia,\u00a0<\/strong><strong>Odontologia,\u00a0<\/strong><strong>Odontologia,\u00a0<\/strong><strong>Odontologia,\u00a0<\/strong><strong>Odontologia,\u00a0<\/strong><strong>Odontologia,\u00a0<\/strong><strong>Odontologia,\u00a0<\/strong><strong>Odontologia,\u00a0<\/strong><strong>Odontologia,\u00a0<\/strong><strong>Odontologia,\u00a0<\/strong><strong>Odontologia,\u00a0<\/strong><strong>Odontologia,\u00a0<\/strong><strong>Odontologia,\u00a0<\/strong><strong>Odontologia,\u00a0<\/strong><strong>Odontologia,\u00a0<\/strong><strong>Odontologia,\u00a0<\/strong><strong>Odontologia,\u00a0<\/strong><strong>Odontologia,\u00a0<\/strong><strong>Odontologia,\u00a0<\/strong><strong>Odontologia,\u00a0<\/strong><strong>Odontologia,\u00a0<\/strong><strong>Odontologia,\u00a0<\/strong><strong>Odontologia,\u00a0<\/strong><strong>Odontologia,\u00a0<\/strong><strong>Odontologia,\u00a0<\/strong><strong>Odontologia,\u00a0<\/strong><strong>Odontologia,\u00a0<\/strong><strong>Odontologia,\u00a0<\/strong><strong>Odontologia,\u00a0<\/strong><strong>Odontologia,\u00a0<\/strong><strong>Odontologia,\u00a0<\/strong><strong>Odontologia,\u00a0<\/strong><strong>Odontologia,\u00a0<\/strong><strong>Odontologia,\u00a0<\/strong><strong>Odontologia,\u00a0<\/strong><strong>Odontologia,\u00a0<\/strong><strong>Odontologia,\u00a0<\/strong><strong>Odontologia,\u00a0<\/strong><strong>Odontologia,\u00a0<\/strong><strong>Odontologia,\u00a0<\/strong><strong>Odontologia,\u00a0<\/strong><strong>Odontologia,\u00a0<\/strong><strong>Odontologia,\u00a0<\/strong><\/span><\/h2>\n<h2 style=\"text-align: justify; text-justify: inter-ideograph;\"><span style=\"color: #ffffff;\"><strong>Melhores Facetas Diretas Zona Sul Interlagos,\u00a0Melhores Facetas Diretas Zona Sul,\u00a0Melhores Facetas Diretas Zona Sul SP,\u00a0Melhores Facetas Direta de SP,\u00a0Melhores Facetas Diretas de S\u00e3o Paulo,\u00a0<\/strong><\/span><\/h2>\n<h2 style=\"text-align: justify; text-justify: inter-ideograph;\"><span style=\"color: #ffffff;\"><strong>Melhores Facetas Laminadas em Porcelana da Zona Sul Interlagos, Melhores Facetas Laminadas em Porcelana da Zona Sul, Melhores Facetas Laminadas em Porcelana da Zona Sul SP,\u00a0Melhores Facetas Laminadas em Porcelana de SP,\u00a0Melhor Faceta Laminada em Porcelana de S\u00e3o Paulo,\u00a0<\/strong><\/span><\/h2>\n<h2 style=\"text-align: justify; text-justify: inter-ideograph;\"><span style=\"color: #ffffff;\"><strong>Melhores Lentes de Contato Dentais da Zona Sul Interlagos, Melhores Lentes de Contato Dentais da Zona Sul, Melhores Lentes de Contato Dentais da Zona Sul SP, Melhores Lentes de Contato Dentais de SP, Melhores Lentes de Contato Dentais de S\u00e3o Paulo, Facetas, Facetas, Facetas, Facetas, Facetas, Facetas, Facetas, Facetas, Facetas, Facetas, Facetas, Facetas, Facetas, Facetas, Facetas, Facetas, Facetas, Facetas, Facetas, Facetas, Facetas, Facetas, Facetas, Facetas, Facetas, Facetas, Facetas, Facetas, Facetas, Facetas, Facetas, Facetas, Facetas, Facetas, Facetas, Facetas, Facetas, Facetas, Facetas, Facetas, Facetas, Facetas, Facetas, Facetas, Facetas, Facetas, Facetas, Facetas, Facetas, Facetas, Facetas, Facetas, Facetas, Facetas, Facetas, Facetas, Facetas, Facetas, Facetas, Facetas, Facetas, Facetas, Facetas, Facetas, Facetas, Facetas, Facetas, Facetas, Facetas, Facetas, Facetas, Facetas, Facetas, Facetas, Facetas, Facetas, Facetas, Facetas, Facetas, Facetas, Facetas, Restaura\u00e7\u00f5es Resina, Restaura\u00e7\u00f5es Resina, Restaura\u00e7\u00f5es Resina, Restaura\u00e7\u00f5es Resina, Restaura\u00e7\u00f5es Resina, Restaura\u00e7\u00f5es Resina, Restaura\u00e7\u00f5es Resina, Restaura\u00e7\u00f5es Resina, Restaura\u00e7\u00f5es Resina, Restaura\u00e7\u00f5es Resina, Restaura\u00e7\u00f5es Resina, Restaura\u00e7\u00f5es Resina, Restaura\u00e7\u00f5es Resina, Restaura\u00e7\u00f5es Resina, Restaura\u00e7\u00f5es Resina, Restaura\u00e7\u00f5es Resina, Restaura\u00e7\u00f5es Resina, Restaura\u00e7\u00f5es Resina, Restaura\u00e7\u00f5es Resina, Restaura\u00e7\u00f5es Resina, Restaura\u00e7\u00f5es Resina, Restaura\u00e7\u00f5es Resina, Restaura\u00e7\u00f5es Resina, Restaura\u00e7\u00f5es Resina, Restaura\u00e7\u00f5es Resina, Restaura\u00e7\u00f5es Resina, Restaura\u00e7\u00f5es Resina, Restaura\u00e7\u00f5es Resina, Restaura\u00e7\u00f5es Resina, Restaura\u00e7\u00f5es Resina, Restaura\u00e7\u00f5es Resina, Restaura\u00e7\u00f5es Resina, Restaura\u00e7\u00f5es Resina, Restaura\u00e7\u00f5es Resina, Restaura\u00e7\u00f5es Resina, Restaura\u00e7\u00f5es Resina, Restaura\u00e7\u00f5es Resina, Restaura\u00e7\u00f5es Resina, Restaura\u00e7\u00f5es Resina, Restaura\u00e7\u00f5es Resina, Restaura\u00e7\u00f5es Resina, Restaura\u00e7\u00f5es Resina, Restaura\u00e7\u00f5es Resina, Restaura\u00e7\u00f5es Resina, Restaura\u00e7\u00f5es Resina, Restaura\u00e7\u00f5es Resina, Restaura\u00e7\u00f5es Resina, Restaura\u00e7\u00f5es Resina, Restaura\u00e7\u00f5es Resina, Restaura\u00e7\u00f5es Resina, Restaura\u00e7\u00f5es Resina, Restaura\u00e7\u00f5es Resina, Restaura\u00e7\u00f5es Resina, Restaura\u00e7\u00f5es Resina, Restaura\u00e7\u00f5es Resina, Restaura\u00e7\u00f5es Resina, Restaura\u00e7\u00f5es Resina, Restaura\u00e7\u00f5es Resina, Restaura\u00e7\u00f5es Resina, Restaura\u00e7\u00f5es Resina, Restaura\u00e7\u00f5es Resina, Restaura\u00e7\u00f5es Resina, Restaura\u00e7\u00f5es Resina, Restaura\u00e7\u00f5es Resina, Restaura\u00e7\u00f5es Resina, Restaura\u00e7\u00f5es Resina, Restaura\u00e7\u00f5es Resina, Restaura\u00e7\u00f5es Resina, Restaura\u00e7\u00f5es Resina, Restaura\u00e7\u00f5es Resina, Restaura\u00e7\u00f5es Resina, Restaura\u00e7\u00f5es Resina, Restaura\u00e7\u00f5es Resina, Restaura\u00e7\u00f5es Resina, Restaura\u00e7\u00f5es Resina, Restaura\u00e7\u00f5es Resina, Restaura\u00e7\u00f5es Resina, Restaura\u00e7\u00f5es Resina, Restaura\u00e7\u00f5es Resina, Restaura\u00e7\u00f5es Resina, Restaura\u00e7\u00f5es Resina, Restaura\u00e7\u00f5es Resina, Restaura\u00e7\u00f5es Resina, Restaura\u00e7\u00f5es Resina, Restaura\u00e7\u00f5es Resina, Restaura\u00e7\u00f5es Resina, Restaura\u00e7\u00f5es Resina, Restaura\u00e7\u00f5es Resina, Restaura\u00e7\u00f5es Resina, Restaura\u00e7\u00f5es Resina, Restaura\u00e7\u00f5es Resina, Restaura\u00e7\u00f5es Resina, Restaura\u00e7\u00f5es Resina, Restaura\u00e7\u00f5es Resina, Restaura\u00e7\u00f5es Resina, Restaura\u00e7\u00f5es Resina, Restaura\u00e7\u00f5es Resina, Restaura\u00e7\u00f5es Resina, Restaura\u00e7\u00f5es Resina, Restaura\u00e7\u00f5es Resina, Resina, Resina, Resina, Resina, Resina, Resina, Resina, Resina, Resina, Resina, Restaura\u00e7\u00f5es,\u00a0<\/strong><strong>Porcelana,\u00a0<\/strong><strong>Porcelana,\u00a0<\/strong><strong>Porcelana, <\/strong><strong>Porcelana,\u00a0<\/strong><strong>Porcelana,\u00a0<\/strong><strong>Porcelana,\u00a0<\/strong><strong>Porcelana,\u00a0<\/strong><strong>Porcelana,\u00a0<\/strong><strong>Porcelana,\u00a0<\/strong><strong>Porcelana,\u00a0<\/strong><\/span><\/h2>\n<h2 style=\"text-align: justify; text-justify: inter-ideograph;\"><\/h2>\n","protected":false},"excerpt":{"rendered":"<p>1. Odontologia Est\u00e9tica &#8211; Introdu\u00e7\u00e3o: A Odontologia Est\u00e9tica constitui um conjunto de tratamentos envolvendo v\u00e1rias especialidades odontol\u00f3gicas.\u00a0Refer\u00eancia em Odontologia Est\u00e9tica, Est\u00e9tica Dental, Restaura\u00e7\u00f5es, Facetas em Resina e Facetas em Porcelana na Zona Sul de S\u00e3o Paulo SP. Estas especialidades, em constante evolu\u00e7\u00e3o, t\u00eam por objetivo restabelecer n\u00e3o apenas a est\u00e9tica dos dentes, proporcionando sorrisos belos&hellip;<\/p>\n","protected":false},"author":1,"featured_media":0,"parent":0,"menu_order":0,"comment_status":"closed","ping_status":"closed","template":"","meta":{"_joinchat":[],"footnotes":""},"tags":[],"class_list":["post-1158","page","type-page","status-publish","hentry","description-off"],"yoast_head":"<!-- This site is optimized with the Yoast SEO Premium plugin v22.1 (Yoast SEO v25.8) - https:\/\/yoast.com\/wordpress\/plugins\/seo\/ -->\n<title>Odontologia Est\u00e9tica Zona Sul SP - Odontologia Apeles Lemos<\/title>\n<meta name=\"description\" content=\"Refer\u00eancia em Odontologia Est\u00e9tica, Est\u00e9tica Dental, Restaura\u00e7\u00f5es, Facetas em Resina e Facetas em Porcelana na Zona Sul de S\u00e3o Paulo SP.\" \/>\n<meta name=\"robots\" content=\"index, follow, max-snippet:-1, max-image-preview:large, max-video-preview:-1\" \/>\n<link rel=\"canonical\" href=\"https:\/\/odontoapeles.com.br\/dentista\/clinica-odontologica\/zona-sul\/odontologia-estetica\/\" \/>\n<meta name=\"twitter:label1\" content=\"Est. tempo de leitura\" \/>\n\t<meta name=\"twitter:data1\" content=\"52 minutos\" \/>\n<script type=\"application\/ld+json\" class=\"yoast-schema-graph\">{\"@context\":\"https:\/\/schema.org\",\"@graph\":[{\"@type\":\"WebPage\",\"@id\":\"https:\/\/odontoapeles.com.br\/dentista\/clinica-odontologica\/zona-sul\/odontologia-estetica\/\",\"url\":\"https:\/\/odontoapeles.com.br\/dentista\/clinica-odontologica\/zona-sul\/odontologia-estetica\/\",\"name\":\"Odontologia Est\u00e9tica Zona Sul SP - Odontologia Apeles Lemos\",\"isPartOf\":{\"@id\":\"https:\/\/odontoapeles.com.br\/dentista\/clinica-odontologica\/zona-sul\/#website\"},\"primaryImageOfPage\":{\"@id\":\"https:\/\/odontoapeles.com.br\/dentista\/clinica-odontologica\/zona-sul\/odontologia-estetica\/#primaryimage\"},\"image\":{\"@id\":\"https:\/\/odontoapeles.com.br\/dentista\/clinica-odontologica\/zona-sul\/odontologia-estetica\/#primaryimage\"},\"thumbnailUrl\":\"https:\/\/odontoapeles.com.br\/dentista\/clinica-odontologica\/zona-sul\/wp-content\/uploads\/2018\/05\/SORRISOS-PEERFEITOS.jpg\",\"datePublished\":\"2015-11-19T21:48:59+00:00\",\"dateModified\":\"2023-07-27T19:22:00+00:00\",\"description\":\"Refer\u00eancia em Odontologia Est\u00e9tica, Est\u00e9tica Dental, Restaura\u00e7\u00f5es, Facetas em Resina e Facetas em Porcelana na Zona Sul de S\u00e3o Paulo SP.\",\"breadcrumb\":{\"@id\":\"https:\/\/odontoapeles.com.br\/dentista\/clinica-odontologica\/zona-sul\/odontologia-estetica\/#breadcrumb\"},\"inLanguage\":\"pt-BR\",\"potentialAction\":[{\"@type\":\"ReadAction\",\"target\":[\"https:\/\/odontoapeles.com.br\/dentista\/clinica-odontologica\/zona-sul\/odontologia-estetica\/\"]}]},{\"@type\":\"ImageObject\",\"inLanguage\":\"pt-BR\",\"@id\":\"https:\/\/odontoapeles.com.br\/dentista\/clinica-odontologica\/zona-sul\/odontologia-estetica\/#primaryimage\",\"url\":\"https:\/\/odontoapeles.com.br\/dentista\/clinica-odontologica\/zona-sul\/wp-content\/uploads\/2018\/05\/SORRISOS-PEERFEITOS.jpg\",\"contentUrl\":\"https:\/\/odontoapeles.com.br\/dentista\/clinica-odontologica\/zona-sul\/wp-content\/uploads\/2018\/05\/SORRISOS-PEERFEITOS.jpg\",\"width\":328,\"height\":153},{\"@type\":\"BreadcrumbList\",\"@id\":\"https:\/\/odontoapeles.com.br\/dentista\/clinica-odontologica\/zona-sul\/odontologia-estetica\/#breadcrumb\",\"itemListElement\":[{\"@type\":\"ListItem\",\"position\":1,\"name\":\"In\u00edcio\",\"item\":\"https:\/\/odontoapeles.com.br\/dentista\/clinica-odontologica\/zona-sul\/\"},{\"@type\":\"ListItem\",\"position\":2,\"name\":\"Odontologia Est\u00e9tica &#8211; Odontologia Apeles Lemos &#8211; (11) 5563-5471\"}]},{\"@type\":\"WebSite\",\"@id\":\"https:\/\/odontoapeles.com.br\/dentista\/clinica-odontologica\/zona-sul\/#website\",\"url\":\"https:\/\/odontoapeles.com.br\/dentista\/clinica-odontologica\/zona-sul\/\",\"name\":\"Dentista Zona Sul SP - Odontologia Apeles Lemos - 5563-5471\",\"description\":\"Refer\u00eancia h\u00e1 30 anos em Odontologia, Cl\u00ednica Odontol\u00f3gica, Cl\u00ednica Dent\u00e1ria e Dentista Zona Sul SP. Whats App: 9 4624-0000. Dentista Zona Sul SP - Odontologia Apeles Lemos - 5563-5471\",\"publisher\":{\"@id\":\"https:\/\/odontoapeles.com.br\/dentista\/clinica-odontologica\/zona-sul\/#organization\"},\"potentialAction\":[{\"@type\":\"SearchAction\",\"target\":{\"@type\":\"EntryPoint\",\"urlTemplate\":\"https:\/\/odontoapeles.com.br\/dentista\/clinica-odontologica\/zona-sul\/?s={search_term_string}\"},\"query-input\":{\"@type\":\"PropertyValueSpecification\",\"valueRequired\":true,\"valueName\":\"search_term_string\"}}],\"inLanguage\":\"pt-BR\"},{\"@type\":\"Organization\",\"@id\":\"https:\/\/odontoapeles.com.br\/dentista\/clinica-odontologica\/zona-sul\/#organization\",\"name\":\"Dentista Zona Sul SP - Odontologia Apeles Lemos - 5563-5471\",\"url\":\"https:\/\/odontoapeles.com.br\/dentista\/clinica-odontologica\/zona-sul\/\",\"logo\":{\"@type\":\"ImageObject\",\"inLanguage\":\"pt-BR\",\"@id\":\"https:\/\/odontoapeles.com.br\/dentista\/clinica-odontologica\/zona-sul\/#\/schema\/logo\/image\/\",\"url\":\"https:\/\/odontoapeles.com.br\/dentista\/clinica-odontologica\/zona-sul\/wp-content\/uploads\/2018\/05\/logo.png\",\"contentUrl\":\"https:\/\/odontoapeles.com.br\/dentista\/clinica-odontologica\/zona-sul\/wp-content\/uploads\/2018\/05\/logo.png\",\"width\":443,\"height\":190,\"caption\":\"Dentista Zona Sul SP - Odontologia Apeles Lemos - 5563-5471\"},\"image\":{\"@id\":\"https:\/\/odontoapeles.com.br\/dentista\/clinica-odontologica\/zona-sul\/#\/schema\/logo\/image\/\"},\"sameAs\":[\"https:\/\/www.facebook.com\/odontoapeles\"]}]}<\/script>\n<!-- \/ Yoast SEO Premium plugin. -->","yoast_head_json":{"title":"Odontologia Est\u00e9tica Zona Sul SP - Odontologia Apeles Lemos","description":"Refer\u00eancia em Odontologia Est\u00e9tica, Est\u00e9tica Dental, Restaura\u00e7\u00f5es, Facetas em Resina e Facetas em Porcelana na Zona Sul de S\u00e3o Paulo SP.","robots":{"index":"index","follow":"follow","max-snippet":"max-snippet:-1","max-image-preview":"max-image-preview:large","max-video-preview":"max-video-preview:-1"},"canonical":"https:\/\/odontoapeles.com.br\/dentista\/clinica-odontologica\/zona-sul\/odontologia-estetica\/","twitter_misc":{"Est. tempo de leitura":"52 minutos"},"schema":{"@context":"https:\/\/schema.org","@graph":[{"@type":"WebPage","@id":"https:\/\/odontoapeles.com.br\/dentista\/clinica-odontologica\/zona-sul\/odontologia-estetica\/","url":"https:\/\/odontoapeles.com.br\/dentista\/clinica-odontologica\/zona-sul\/odontologia-estetica\/","name":"Odontologia Est\u00e9tica Zona Sul SP - Odontologia Apeles Lemos","isPartOf":{"@id":"https:\/\/odontoapeles.com.br\/dentista\/clinica-odontologica\/zona-sul\/#website"},"primaryImageOfPage":{"@id":"https:\/\/odontoapeles.com.br\/dentista\/clinica-odontologica\/zona-sul\/odontologia-estetica\/#primaryimage"},"image":{"@id":"https:\/\/odontoapeles.com.br\/dentista\/clinica-odontologica\/zona-sul\/odontologia-estetica\/#primaryimage"},"thumbnailUrl":"https:\/\/odontoapeles.com.br\/dentista\/clinica-odontologica\/zona-sul\/wp-content\/uploads\/2018\/05\/SORRISOS-PEERFEITOS.jpg","datePublished":"2015-11-19T21:48:59+00:00","dateModified":"2023-07-27T19:22:00+00:00","description":"Refer\u00eancia em Odontologia Est\u00e9tica, Est\u00e9tica Dental, Restaura\u00e7\u00f5es, Facetas em Resina e Facetas em Porcelana na Zona Sul de S\u00e3o Paulo SP.","breadcrumb":{"@id":"https:\/\/odontoapeles.com.br\/dentista\/clinica-odontologica\/zona-sul\/odontologia-estetica\/#breadcrumb"},"inLanguage":"pt-BR","potentialAction":[{"@type":"ReadAction","target":["https:\/\/odontoapeles.com.br\/dentista\/clinica-odontologica\/zona-sul\/odontologia-estetica\/"]}]},{"@type":"ImageObject","inLanguage":"pt-BR","@id":"https:\/\/odontoapeles.com.br\/dentista\/clinica-odontologica\/zona-sul\/odontologia-estetica\/#primaryimage","url":"https:\/\/odontoapeles.com.br\/dentista\/clinica-odontologica\/zona-sul\/wp-content\/uploads\/2018\/05\/SORRISOS-PEERFEITOS.jpg","contentUrl":"https:\/\/odontoapeles.com.br\/dentista\/clinica-odontologica\/zona-sul\/wp-content\/uploads\/2018\/05\/SORRISOS-PEERFEITOS.jpg","width":328,"height":153},{"@type":"BreadcrumbList","@id":"https:\/\/odontoapeles.com.br\/dentista\/clinica-odontologica\/zona-sul\/odontologia-estetica\/#breadcrumb","itemListElement":[{"@type":"ListItem","position":1,"name":"In\u00edcio","item":"https:\/\/odontoapeles.com.br\/dentista\/clinica-odontologica\/zona-sul\/"},{"@type":"ListItem","position":2,"name":"Odontologia Est\u00e9tica &#8211; Odontologia Apeles Lemos &#8211; (11) 5563-5471"}]},{"@type":"WebSite","@id":"https:\/\/odontoapeles.com.br\/dentista\/clinica-odontologica\/zona-sul\/#website","url":"https:\/\/odontoapeles.com.br\/dentista\/clinica-odontologica\/zona-sul\/","name":"Dentista Zona Sul SP - Odontologia Apeles Lemos - 5563-5471","description":"Refer\u00eancia h\u00e1 30 anos em Odontologia, Cl\u00ednica Odontol\u00f3gica, Cl\u00ednica Dent\u00e1ria e Dentista Zona Sul SP. Whats App: 9 4624-0000. Dentista Zona Sul SP - Odontologia Apeles Lemos - 5563-5471","publisher":{"@id":"https:\/\/odontoapeles.com.br\/dentista\/clinica-odontologica\/zona-sul\/#organization"},"potentialAction":[{"@type":"SearchAction","target":{"@type":"EntryPoint","urlTemplate":"https:\/\/odontoapeles.com.br\/dentista\/clinica-odontologica\/zona-sul\/?s={search_term_string}"},"query-input":{"@type":"PropertyValueSpecification","valueRequired":true,"valueName":"search_term_string"}}],"inLanguage":"pt-BR"},{"@type":"Organization","@id":"https:\/\/odontoapeles.com.br\/dentista\/clinica-odontologica\/zona-sul\/#organization","name":"Dentista Zona Sul SP - Odontologia Apeles Lemos - 5563-5471","url":"https:\/\/odontoapeles.com.br\/dentista\/clinica-odontologica\/zona-sul\/","logo":{"@type":"ImageObject","inLanguage":"pt-BR","@id":"https:\/\/odontoapeles.com.br\/dentista\/clinica-odontologica\/zona-sul\/#\/schema\/logo\/image\/","url":"https:\/\/odontoapeles.com.br\/dentista\/clinica-odontologica\/zona-sul\/wp-content\/uploads\/2018\/05\/logo.png","contentUrl":"https:\/\/odontoapeles.com.br\/dentista\/clinica-odontologica\/zona-sul\/wp-content\/uploads\/2018\/05\/logo.png","width":443,"height":190,"caption":"Dentista Zona Sul SP - Odontologia Apeles Lemos - 5563-5471"},"image":{"@id":"https:\/\/odontoapeles.com.br\/dentista\/clinica-odontologica\/zona-sul\/#\/schema\/logo\/image\/"},"sameAs":["https:\/\/www.facebook.com\/odontoapeles"]}]}},"_links":{"self":[{"href":"https:\/\/odontoapeles.com.br\/dentista\/clinica-odontologica\/zona-sul\/wp-json\/wp\/v2\/pages\/1158","targetHints":{"allow":["GET"]}}],"collection":[{"href":"https:\/\/odontoapeles.com.br\/dentista\/clinica-odontologica\/zona-sul\/wp-json\/wp\/v2\/pages"}],"about":[{"href":"https:\/\/odontoapeles.com.br\/dentista\/clinica-odontologica\/zona-sul\/wp-json\/wp\/v2\/types\/page"}],"author":[{"embeddable":true,"href":"https:\/\/odontoapeles.com.br\/dentista\/clinica-odontologica\/zona-sul\/wp-json\/wp\/v2\/users\/1"}],"replies":[{"embeddable":true,"href":"https:\/\/odontoapeles.com.br\/dentista\/clinica-odontologica\/zona-sul\/wp-json\/wp\/v2\/comments?post=1158"}],"version-history":[{"count":0,"href":"https:\/\/odontoapeles.com.br\/dentista\/clinica-odontologica\/zona-sul\/wp-json\/wp\/v2\/pages\/1158\/revisions"}],"wp:attachment":[{"href":"https:\/\/odontoapeles.com.br\/dentista\/clinica-odontologica\/zona-sul\/wp-json\/wp\/v2\/media?parent=1158"}],"wp:term":[{"taxonomy":"post_tag","embeddable":true,"href":"https:\/\/odontoapeles.com.br\/dentista\/clinica-odontologica\/zona-sul\/wp-json\/wp\/v2\/tags?post=1158"}],"curies":[{"name":"wp","href":"https:\/\/api.w.org\/{rel}","templated":true}]}}