{"id":10680,"date":"2018-08-06T18:06:53","date_gmt":"2018-08-06T18:06:53","guid":{"rendered":"https:\/\/odontoapeles.com.br\/dentista\/clinica-odontologica\/zona-sul\/?page_id=10680"},"modified":"2022-02-27T05:27:41","modified_gmt":"2022-02-27T05:27:41","slug":"jato-de-plasma-e-eletrocauterio","status":"publish","type":"page","link":"https:\/\/odontoapeles.com.br\/dentista\/clinica-odontologica\/zona-sul\/jato-de-plasma-e-eletrocauterio\/","title":{"rendered":"Jato de Plasma &#8211; Odontologia Apeles Lemos &#8211; (11) 5563-5471"},"content":{"rendered":"<h3><span style=\"color: #ff6600;\">Jato de Plasma e Eletrocaut\u00e9rio &#8211; Rejuvenescimento Facial<\/span><\/h3>\n<p>&nbsp;<\/p>\n<h4 class=\"mceTemp\"><strong><span style=\"color: #008000; text-align: justify;\">1. Jato de Plasma &#8211; Introdu\u00e7\u00e3o:<\/span><\/strong><\/h4>\n<p style=\"text-align: justify;\">O\u00a0<strong style=\"font-style: inherit;\">Jato de Plasma<\/strong>\u00a0\u00e9 uma t\u00e9cnica inovadora, avan\u00e7ada, que reduz a flacidez d\u00e9rmica.<\/p>\n<div id=\"attachment_10681\" style=\"width: 410px\" class=\"wp-caption alignleft\"><a class=\"dt-single-image\" href=\"https:\/\/odontoapeles.com.br\/dentista\/clinica-odontologica\/zona-sul\/wp-content\/uploads\/2018\/08\/IMAGEM.jpg\" data-dt-img-description=\"\"><img fetchpriority=\"high\" decoding=\"async\" aria-describedby=\"caption-attachment-10681\" class=\"wp-image-10681\" title=\"Jato de Plasma, Jato de Plasma Zona Sul, Jato de Plasma Zona Sul SP, Jato de Plasma Zona Sul de SP, Jato de Plasma Zona Sul de S\u00e3o Paulo, Jato de Plasma SP Zona Sul, Jato de Plasma SP, Jato de Plasma S\u00e3o Paulo\" src=\"https:\/\/odontoapeles.com.br\/dentista\/clinica-odontologica\/zona-sul\/wp-content\/uploads\/2018\/08\/IMAGEM-300x134.jpg\" alt=\"Jato de Plasma, Jato de Plasma na Zona Sul, Jato de Plasma na Zona Sul SP, Jato de Plasma na Zona Sul de SP, Jato de Plasma na Zona Sul de S\u00e3o Paulo, Jato de Plasma SP na Zona Sul, Jato de Plasma em SP, Jato de Plasma em S\u00e3o Paulo\" width=\"400\" height=\"178\" srcset=\"https:\/\/odontoapeles.com.br\/dentista\/clinica-odontologica\/zona-sul\/wp-content\/uploads\/2018\/08\/IMAGEM-300x134.jpg 300w, https:\/\/odontoapeles.com.br\/dentista\/clinica-odontologica\/zona-sul\/wp-content\/uploads\/2018\/08\/IMAGEM-600x268.jpg 600w, https:\/\/odontoapeles.com.br\/dentista\/clinica-odontologica\/zona-sul\/wp-content\/uploads\/2018\/08\/IMAGEM.jpg 740w\" sizes=\"(max-width: 400px) 100vw, 400px\" \/><\/a><p id=\"caption-attachment-10681\" class=\"wp-caption-text\"><span style=\"color: #ff6600;\"><strong>JATO DE PLASMA &#8211; REJUVENESCIMENTO FACIAL<\/strong><\/span><\/p><\/div>\n<p style=\"text-align: justify;\">Tamb\u00e9m conhecida como jett plasma lifting,\u00a0essa tecnologia de regenera\u00e7\u00e3o de pele via jato de plasma visa o rejuvenescimento da pele e o tratamento de rugas em geral.<\/p>\n<p style=\"text-align: justify;\">Foi licenciada desde 2005 e desde ent\u00e3o tem sido um grande aliado na \u00e1rea de est\u00e9tica com incr\u00edveis resultados.<\/p>\n<p style=\"text-align: justify;\">Inclusive no que se refere \u00e0 t\u00e3o indesejada papada problema muitas vezes de dif\u00edcil solu\u00e7\u00e3o quando tratada com base em outras t\u00e9cnicas.<\/p>\n<p>&nbsp;<\/p>\n<h4 class=\"mceTemp\"><strong><span style=\"color: #008000; text-align: justify;\">1.1 Jato de Plasma &#8211; T\u00e9cnica e Procedimento:<\/span><\/strong><\/h4>\n<p style=\"text-align: justify;\">Utiliza-se um jato quente, por\u00e9m que ser\u00e1 rapidamente resfriado (nada que possa incomodar tanto) o calor ao chegar \u00e0 epiderme causa uma contra\u00e7\u00e3o gra\u00e7as \u00e0 aplica\u00e7\u00e3o controlada do aquecimento d\u00e9rmico provocado pelo jato de plasma.<\/p>\n<div id=\"attachment_10930\" style=\"width: 307px\" class=\"wp-caption alignleft\"><a class=\"dt-single-image\" href=\"https:\/\/odontoapeles.com.br\/dentista\/clinica-odontologica\/zona-sul\/wp-content\/uploads\/2018\/09\/JATO-DE-PLASMA.jpg\" data-dt-img-description=\"\"><img decoding=\"async\" aria-describedby=\"caption-attachment-10930\" class=\"wp-image-10930 size-full\" title=\"Jato de Plasma, Jato de Plasma na Zona Sul, Jato de Plasma na Zona Sul SP, Jato de Plasma na Zona Sul de SP, Jato de Plasma na Zona Sul de S\u00e3o Paulo, Jato de Plasma SP na Zona Sul, Jato de Plasma em SP, Jato de Plasma em S\u00e3o Paulo\" src=\"https:\/\/odontoapeles.com.br\/dentista\/clinica-odontologica\/zona-sul\/wp-content\/uploads\/2018\/09\/JATO-DE-PLASMA.jpg\" alt=\"Jato de Plasma, Jato de Plasma Zona Sul, Jato de Plasma Zona Sul SP, Jato de Plasma Zona Sul de SP, Jato de Plasma Zona Sul de S\u00e3o Paulo, Jato de Plasma SP Zona Sul, Jato de Plasma SP, Jato de Plasma S\u00e3o Paulo\" width=\"297\" height=\"170\" \/><\/a><p id=\"caption-attachment-10930\" class=\"wp-caption-text\"><span style=\"color: #ff6600;\"><strong>JATO DE PLASMA &#8211; T\u00c9CNICA DE APLICA\u00c7\u00c3O<\/strong><\/span><\/p><\/div>\n<p style=\"text-align: justify;\">Essa aplica\u00e7\u00e3o de calor induz um dano termal controlado diretamente na pele, com a frequ\u00eancia correta que produz de forma acelerada o col\u00e1geno tipo 1.<\/p>\n<p style=\"text-align: justify;\">Isso resulta na redu\u00e7\u00e3o das fibras el\u00e1sticas e reestrutura\u00e7\u00e3o da arquitetura dermal, nada al\u00e9m de energia el\u00e9trica \u00e9 implantada na pele, \u00e9 atrav\u00e9s dessa energia que o jato \u00e9 conduzido para dentro da pele.<\/p>\n<p style=\"text-align: justify;\">O resultado dessa estimula\u00e7\u00e3o direta pelo jato de plasma gera a produ\u00e7\u00e3o de col\u00e1geno e melhora a pele danificada pelo sol, nivela rugas e a superf\u00edcie da pele.<\/p>\n<p style=\"text-align: justify;\">Os aparelhos usados s\u00e3o despigmentadores el\u00e9tricos, de corrente cont\u00ednua, dependendo do aparelho existe diferen\u00e7a na profundidade e raio de a\u00e7\u00e3o do jato.<\/p>\n<p style=\"text-align: justify;\">Mesmo os aparelhos de menor alcance j\u00e1 possibilitam melhoras vis\u00edveis nos problemas de rugas e flacidez.<\/p>\n<p>&nbsp;<\/p>\n<h4 class=\"mceTemp\"><strong><span style=\"color: #008000; text-align: justify;\">1.2 Jato de Plasma &#8211;\u00a0 Benef\u00edcios e Resultados:<\/span><\/strong><\/h4>\n<p style=\"text-align: justify;\">Retira com apenas uma sess\u00e3o, sinais senis e solares, verrugas filiformes e planas e dermatoses em geral.<\/p>\n<div id=\"attachment_10931\" style=\"width: 290px\" class=\"wp-caption alignleft\"><a class=\"dt-single-image\" href=\"https:\/\/odontoapeles.com.br\/dentista\/clinica-odontologica\/zona-sul\/wp-content\/uploads\/2018\/09\/JATO-DE-PLASMA-I.jpg\" data-dt-img-description=\"\"><img decoding=\"async\" aria-describedby=\"caption-attachment-10931\" class=\"wp-image-10931 size-full\" title=\"Jato de Plasma, Jato de Plasma Zona Sul, Jato de Plasma Zona Sul SP, Jato de Plasma Zona Sul de SP, Jato de Plasma Zona Sul de S\u00e3o Paulo, Jato de Plasma SP Zona Sul, Jato de Plasma SP, Jato de Plasma S\u00e3o Paulo\" src=\"https:\/\/odontoapeles.com.br\/dentista\/clinica-odontologica\/zona-sul\/wp-content\/uploads\/2018\/09\/JATO-DE-PLASMA-I.jpg\" alt=\"Jato de Plasma, Jato de Plasma na Zona Sul, Jato de Plasma na Zona Sul SP, Jato de Plasma na Zona Sul de SP, Jato de Plasma na Zona Sul de S\u00e3o Paulo, Jato de Plasma SP na Zona Sul, Jato de Plasma em SP, Jato de Plasma em S\u00e3o Paulo\" width=\"280\" height=\"180\" \/><\/a><p id=\"caption-attachment-10931\" class=\"wp-caption-text\"><span style=\"color: #ff6600;\"><strong>JATO DE PLASMA &#8211; BENEF\u00cdCIOS<\/strong><\/span><\/p><\/div>\n<p style=\"text-align: justify;\">Tratamentos de rugas de express\u00e3o, flacidez de p\u00e1lpebra, olheiras, despigmenta\u00e7\u00e3o de \u00e1reas micropigmentadas, bem como clareamento de mini tatoo, lifting facial.<\/p>\n<p style=\"text-align: justify;\">Al\u00e9m disso, a terapia visa o rejuvenescimento de colo, pesco\u00e7o e face, redu\u00e7\u00e3o de papadas, redu\u00e7\u00e3o de estrias vermelhas e brancas, redu\u00e7\u00e3o de cicatrizes atr\u00f3ficas e hipertr\u00f3ficas.<\/p>\n<p style=\"text-align: justify;\">Como todo tratamento est\u00e9tico, devemos levar em conta as contra indica\u00e7\u00f5es e rea\u00e7\u00f5es adversas provocadas pelo mesmo.<\/p>\n<p style=\"text-align: justify;\">Para maior seguran\u00e7a a escolha de um bom profissional habilitado na t\u00e9cnica \u00e9 fundamental.<\/p>\n<p>&nbsp;<\/p>\n<p>&nbsp;<\/p>\n<h4 class=\"mceTemp\"><span style=\"color: #0000ff;\"><strong><span style=\"text-align: justify;\">2. Eletrocaut\u00e9rio &#8211; Introdu\u00e7\u00e3o: <span style=\"color: #ffffff;\">Jato de Plasma<\/span><\/span><\/strong><\/span><\/h4>\n<div id=\"attachment_13188\" style=\"width: 294px\" class=\"wp-caption alignleft\"><a class=\"dt-single-image\" href=\"https:\/\/odontoapeles.com.br\/dentista\/clinica-odontologica\/zona-sul\/wp-content\/uploads\/2019\/08\/MANCHAS-NA-PELE.jpg\" data-dt-img-description=\"MANCHAS NA PELE\"><img loading=\"lazy\" decoding=\"async\" aria-describedby=\"caption-attachment-13188\" class=\"wp-image-13188 size-full\" title=\"Eletrocaut\u00e9rio, Eletrocaut\u00e9rio Zona Sul, Eletrocaut\u00e9rio Zona Sul SP, Eletrocaut\u00e9rio Zona Sul de SP, Eletrocaut\u00e9rio Zona Sul de S\u00e3o Paulo, Eletrocaut\u00e9rio SP, Eletrocaut\u00e9rio SP Zona Sul, Eletrocaut\u00e9rio SP, Eletrocaut\u00e9rio S\u00e3o Paulo\" src=\"https:\/\/odontoapeles.com.br\/dentista\/clinica-odontologica\/zona-sul\/wp-content\/uploads\/2019\/08\/MANCHAS-NA-PELE.jpg\" alt=\"Eletrocaut\u00e9rio, Eletrocaut\u00e9rio na Zona Sul, Eletrocaut\u00e9rio na Zona Sul SP, Eletrocaut\u00e9rio na Zona Sul de SP, Eletrocaut\u00e9rio na Zona Sul de S\u00e3o Paulo, Eletrocaut\u00e9rio em SP, Eletrocaut\u00e9rio em SP Zona Sul, Eletrocaut\u00e9rio em SP, Eletrocaut\u00e9rio em S\u00e3o Paulo\" width=\"284\" height=\"177\" \/><\/a><p id=\"caption-attachment-13188\" class=\"wp-caption-text\"><strong><span style=\"color: #ff6600;\">ELETROCAUT\u00c9RIO &#8211; MANCHAS NA PELE<\/span><\/strong><\/p><\/div>\n<p style=\"text-align: justify;\">O eletrocaut\u00e9rio \u00e9 a nova tend\u00eancia mundial no tratamento de flacidez, rugas e manchas de pele.<\/p>\n<p style=\"text-align: justify;\">O envelhecimento da pele \u00e9 um processo biol\u00f3gico, natural e progressivo.<\/p>\n<p style=\"text-align: justify;\">Os sinais de envelhecimento s\u00e3o consequ\u00eancias do comprometimento celular e da perda da hidrata\u00e7\u00e3o graduais da pele, gerando modifica\u00e7\u00f5es estruturais, \u00e0s quais levam \u00e0 diminui\u00e7\u00e3o de suas fibras de sustenta\u00e7\u00e3o.<\/p>\n<p style=\"text-align: justify;\">Como resultado o <a href=\"https:\/\/saude.abril.com.br\/bem-estar\/colageno-entenda-o-que-e-e-esclareca-suas-duvidas\/\">col\u00e1geno<\/a> torna-se r\u00edgido e a elastina perde sua capacidade el\u00e1stica.<\/p>\n<p style=\"text-align: justify;\">Tais modifica\u00e7\u00f5es levam ao ressecamento da pele, perda de t\u00f4nus, flacidez, altera\u00e7\u00f5es vasculares e rugas profundas.<\/p>\n<p style=\"text-align: justify;\">Estes efeitos s\u00e3o intensificados por fatores externos como exposi\u00e7\u00e3o solar, maus h\u00e1bitos alimentares, fumo e falta de cuidados com a higieniza\u00e7\u00e3o da pele.<\/p>\n<p>&nbsp;<\/p>\n<h4 class=\"mceTemp\"><span style=\"color: #0000ff;\"><strong><span style=\"text-align: justify;\">2.1 Eletrocaut\u00e9rio &#8211; T\u00e9cnica e Procedimento:<\/span><\/strong><\/span><\/h4>\n<div id=\"attachment_13187\" style=\"width: 340px\" class=\"wp-caption alignleft\"><a class=\"dt-single-image\" href=\"https:\/\/odontoapeles.com.br\/dentista\/clinica-odontologica\/zona-sul\/wp-content\/uploads\/2019\/08\/ELETROCAUT\u00c9RIO.jpg\" data-dt-img-description=\"ELETROCAUT\u00c9RIO - T\u00c9CNICA DE APLICA\u00c7\u00c3O\"><img loading=\"lazy\" decoding=\"async\" aria-describedby=\"caption-attachment-13187\" class=\"wp-image-13187\" title=\"Eletrocaut\u00e9rio, Eletrocaut\u00e9rio na Zona Sul, Eletrocaut\u00e9rio na Zona Sul SP, Eletrocaut\u00e9rio na Zona Sul de SP, Eletrocaut\u00e9rio na Zona Sul de S\u00e3o Paulo, Eletrocaut\u00e9rio em SP, Eletrocaut\u00e9rio em SP Zona Sul, Eletrocaut\u00e9rio em SP, Eletrocaut\u00e9rio em S\u00e3o Paulo\" src=\"https:\/\/odontoapeles.com.br\/dentista\/clinica-odontologica\/zona-sul\/wp-content\/uploads\/2019\/08\/ELETROCAUT\u00c9RIO-300x164.jpg\" alt=\"Eletrocaut\u00e9rio, Eletrocaut\u00e9rio Zona Sul, Eletrocaut\u00e9rio Zona Sul SP, Eletrocaut\u00e9rio Zona Sul de SP, Eletrocaut\u00e9rio Zona Sul de S\u00e3o Paulo, Eletrocaut\u00e9rio SP, Eletrocaut\u00e9rio SP Zona Sul, Eletrocaut\u00e9rio SP, Eletrocaut\u00e9rio S\u00e3o Paulo\" width=\"330\" height=\"180\" srcset=\"https:\/\/odontoapeles.com.br\/dentista\/clinica-odontologica\/zona-sul\/wp-content\/uploads\/2019\/08\/ELETROCAUT\u00c9RIO-300x164.jpg 300w, https:\/\/odontoapeles.com.br\/dentista\/clinica-odontologica\/zona-sul\/wp-content\/uploads\/2019\/08\/ELETROCAUT\u00c9RIO.jpg 304w\" sizes=\"(max-width: 330px) 100vw, 330px\" \/><\/a><p id=\"caption-attachment-13187\" class=\"wp-caption-text\"><strong><span style=\"color: #ff6600;\">ELETROCAUT\u00c9RIO &#8211; T\u00c9CNICA DE APLICA\u00c7\u00c3O<\/span><\/strong><\/p><\/div>\n<p style=\"text-align: justify;\">O eletrocaut\u00e9rio destina-se \u00e0 tratar os efeitos do envelhecimento da pele.<\/p>\n<p style=\"text-align: justify;\">O despigmentador baseia-se na cauteriza\u00e7\u00e3o de tecidos pela passagem de corrente el\u00e9trica atrav\u00e9s da pele.<\/p>\n<p style=\"text-align: justify;\">O equipamento dispara jatos de corrente el\u00e9tricas sobre a pele, as quais, alternado-se suas intensidades, promovem uma inflama\u00e7\u00e3o superficial controlada na pele, at\u00e9 a destrui\u00e7\u00e3o das altera\u00e7\u00f5es cut\u00e2neas.<\/p>\n<p style=\"text-align: justify;\">A indu\u00e7\u00e3o do processo inflamat\u00f3rio e sua consequente cicatriza\u00e7\u00e3o resultam na restrutura\u00e7\u00e3o das fibras de col\u00e1geno na pele.<\/p>\n<p style=\"text-align: justify;\">Anestesia t\u00f3pica da pele \u00e9 recomendada antes das sess\u00f5es.<\/p>\n<p style=\"text-align: justify;\">Ap\u00f3s a terapia, sensa\u00e7\u00e3o de queima\u00e7\u00e3o ode ser percebida pelo paciente, as quais revertem em poucas horas.<\/p>\n<p style=\"text-align: justify;\">Subst\u00e2ncias cosm\u00e9ticas reparadoras podem ser prescritas para uso caseiro ap\u00f3s as aplica\u00e7\u00f5es.<\/p>\n<p style=\"text-align: justify;\">O tempo estimado para a completa cicatriza\u00e7\u00e3o gira em torno de 30 dias.<\/p>\n<p style=\"text-align: justify;\">Contudo, muitas vezes podem ser observados resultados imediatos logo p\u00f3s as sess\u00f5es, especialmente no que se refere \u00e0 remo\u00e7\u00e3o de manchas.<\/p>\n<p>&nbsp;<\/p>\n<h4 class=\"mceTemp\"><span style=\"color: #0000ff;\"><strong><span style=\"text-align: justify;\">2.2 Eletrocaut\u00e9rio &#8211; Benef\u00edcios e Resultados: <span style=\"color: #ffffff;\">Jato de Plasma<\/span><\/span><\/strong><\/span><\/h4>\n<div id=\"attachment_13189\" style=\"width: 293px\" class=\"wp-caption alignleft\"><a class=\"dt-single-image\" href=\"https:\/\/odontoapeles.com.br\/dentista\/clinica-odontologica\/zona-sul\/wp-content\/uploads\/2019\/08\/ELETROCAUT\u00c9RIO-BENEF\u00cdCIOS.jpg\" data-dt-img-description=\"ELETROCAUT\u00c9RIO - BENEF\u00cdCIOS\"><img loading=\"lazy\" decoding=\"async\" aria-describedby=\"caption-attachment-13189\" class=\"wp-image-13189 size-full\" title=\"Eletrocaut\u00e9rio, Eletrocaut\u00e9rio Zona Sul, Eletrocaut\u00e9rio Zona Sul SP, Eletrocaut\u00e9rio Zona Sul de SP, Eletrocaut\u00e9rio Zona Sul de S\u00e3o Paulo, Eletrocaut\u00e9rio SP, Eletrocaut\u00e9rio SP Zona Sul, Eletrocaut\u00e9rio SP, Eletrocaut\u00e9rio S\u00e3o Paulo\" src=\"https:\/\/odontoapeles.com.br\/dentista\/clinica-odontologica\/zona-sul\/wp-content\/uploads\/2019\/08\/ELETROCAUT\u00c9RIO-BENEF\u00cdCIOS.jpg\" alt=\"Eletrocaut\u00e9rio, Eletrocaut\u00e9rio na Zona Sul, Eletrocaut\u00e9rio na Zona Sul SP, Eletrocaut\u00e9rio na Zona Sul de SP, Eletrocaut\u00e9rio na Zona Sul de S\u00e3o Paulo, Eletrocaut\u00e9rio em SP, Eletrocaut\u00e9rio em SP Zona Sul, Eletrocaut\u00e9rio em SP, Eletrocaut\u00e9rio em S\u00e3o Paulo\" width=\"283\" height=\"178\" \/><\/a><p id=\"caption-attachment-13189\" class=\"wp-caption-text\"><strong><span style=\"color: #ff6600;\">BENEF\u00cdCIOS DO ELETROCAUT\u00c9RIO &#8211; IMAGEM ILUSTRATIVA\u00a0<\/span><\/strong><\/p><\/div>\n<p style=\"text-align: justify;\">1. Despigmenta\u00e7\u00e3o da pele: remo\u00e7\u00e3o de manchas, de melanoses solares e de micro-pigmenta\u00e7\u00e3o;<\/p>\n<p style=\"text-align: justify;\">2. Rejuvenescimento facial: tratamento de rugas e linhas de express\u00e3o;<\/p>\n<p>3. Tratamento de estrias;<\/p>\n<p>4. Tratamento de cicatrizes;<\/p>\n<p style=\"text-align: justify;\">5. Curetagem: remo\u00e7\u00e3o de finas camadas da pele para sua limpeza superficial.<\/p>\n<p>&nbsp;<\/p>\n<p>&nbsp;<\/p>\n<p>&nbsp;<\/p>\n<p style=\"text-align: justify;\"><a class=\"dt-single-image\" href=\"https:\/\/odontoapeles.com.br\/dentista\/clinica-odontologica\/zona-sul\/wp-content\/uploads\/2018\/08\/cabecalho-11.png\" data-dt-img-description=\"\"><img loading=\"lazy\" decoding=\"async\" class=\"aligncenter wp-image-10843 size-full\" title=\"Eletrocaut\u00e9rio, Eletrocaut\u00e9rio na Zona Sul, Eletrocaut\u00e9rio na Zona Sul SP, Eletrocaut\u00e9rio na Zona Sul de SP, Eletrocaut\u00e9rio na Zona Sul de S\u00e3o Paulo, Eletrocaut\u00e9rio em SP, Eletrocaut\u00e9rio em SP Zona Sul, Eletrocaut\u00e9rio em SP, Eletrocaut\u00e9rio em S\u00e3o Paulo\" src=\"https:\/\/odontoapeles.com.br\/dentista\/clinica-odontologica\/zona-sul\/wp-content\/uploads\/2018\/08\/cabecalho-11.png\" alt=\"Eletrocaut\u00e9rio, Eletrocaut\u00e9rio Zona Sul, Eletrocaut\u00e9rio Zona Sul SP, Eletrocaut\u00e9rio Zona Sul de SP, Eletrocaut\u00e9rio Zona Sul de S\u00e3o Paulo, Eletrocaut\u00e9rio SP, Eletrocaut\u00e9rio SP Zona Sul, Eletrocaut\u00e9rio SP, Eletrocaut\u00e9rio S\u00e3o Paulo\" width=\"910\" height=\"272\" srcset=\"https:\/\/odontoapeles.com.br\/dentista\/clinica-odontologica\/zona-sul\/wp-content\/uploads\/2018\/08\/cabecalho-11.png 910w, https:\/\/odontoapeles.com.br\/dentista\/clinica-odontologica\/zona-sul\/wp-content\/uploads\/2018\/08\/cabecalho-11-300x90.png 300w, https:\/\/odontoapeles.com.br\/dentista\/clinica-odontologica\/zona-sul\/wp-content\/uploads\/2018\/08\/cabecalho-11-768x230.png 768w, https:\/\/odontoapeles.com.br\/dentista\/clinica-odontologica\/zona-sul\/wp-content\/uploads\/2018\/08\/cabecalho-11-600x179.png 600w\" sizes=\"(max-width: 910px) 100vw, 910px\" \/><\/a><\/p>\n<h2 style=\"text-align: justify;\"><span style=\"color: #ffffff;\"><strong>Jato de Plasma perto de mim e perto daqui Zona Sul SP, \u00a0<\/strong><\/span><\/h2>\n<h2 style=\"text-align: justify;\"><span style=\"color: #ffffff;\"><strong>Eletrocaut\u00e9rio perto de mim e perto daqui Zona Sul SP, <\/strong><\/span><\/h2>\n<h2 style=\"text-align: justify;\"><span style=\"color: #ffffff;\"><strong>Jato de Plasma Zona Sul, Jato de Plasma na Zona Sul, Jato de Plasma Zona Sul SP, Jato de Plasma na Zona Sul SP, Jato de Plasma Zona Sul de SP, Jato de Plasma na Zona Sul de SP, Jato de Plasma Zona Sul de S\u00e3o Paulo, Jato de Plasma na Zona Sul de S\u00e3o Paulo, Jato de Plasma SP, Jato de Plasma em SP, Jato de Plasma SP Zona Sul, Jato de Plasma SP na Zona Sul, Jato de Plasma em SP Zona Sul, Jato de Plasma em SP na Zona Sul, Jato de Plasma S\u00e3o Paulo Zona Sul, Jato de Plasma S\u00e3o Paulo na Zona Sul, Jato de Plasma em S\u00e3o Paulo Zona Sul, Jato de Plasma em S\u00e3o Paulo na Zona Sul, Jato de Plasma S\u00e3o Paulo, Jato de Plasma em S\u00e3o Paulo,<\/strong><\/span><\/h2>\n<h2 style=\"text-align: justify;\"><span style=\"color: #ffffff;\"><strong>Eletrocaut\u00e9rio Zona Sul, Eletrocaut\u00e9rio na Zona Sul, Eletrocaut\u00e9rio Zona Sul SP,\u00a0Eletrocaut\u00e9rio na Zona Sul SP, Eletrocaut\u00e9rio Zona Sul de SP, Eletrocaut\u00e9rio na Zona Sul de SP, Eletrocaut\u00e9rio Zona Sul de S\u00e3o Paulo, Eletrocaut\u00e9rio na Zona Sul de S\u00e3o Paulo, Eletrocaut\u00e9rio SP, Eletrocaut\u00e9rio em SP, Eletrocaut\u00e9rio SP Zona Sul, Eletrocaut\u00e9rio SP na Zona Sul, Eletrocaut\u00e9rio em SP Zona Sul, Eletrocaut\u00e9rio em SP na Zona Sul, Eletrocaut\u00e9rio S\u00e3o Paulo Zona Sul, Eletrocaut\u00e9rio S\u00e3o Paulo na Zona Sul, Eletrocaut\u00e9rio em S\u00e3o Paulo Zona Sul, Eletrocaut\u00e9rio em S\u00e3o Paulo na Zona Sul, Eletrocaut\u00e9rio S\u00e3o Paulo, Eletrocaut\u00e9rio em S\u00e3o Paulo,\u00a0<\/strong><\/span><\/h2>\n<h2 style=\"text-align: justify;\"><span style=\"color: #ffffff;\"><strong>Jato de Plasma,<\/strong><\/span><\/h2>\n<h2 style=\"text-align: justify;\"><span style=\"color: #ffffff;\"><strong>Eletrocaut\u00e9rio Zona Sul, Eletrocaut\u00e9rio na Zona Sul, Eletrocaut\u00e9rio Zona Sul SP,\u00a0Eletrocaut\u00e9rio na Zona Sul SP, Eletrocaut\u00e9rio Zona Sul de SP, Eletrocaut\u00e9rio na Zona Sul de SP, Eletrocaut\u00e9rio Zona Sul de S\u00e3o Paulo, Eletrocaut\u00e9rio na Zona Sul de S\u00e3o Paulo, Eletrocaut\u00e9rio SP, Eletrocaut\u00e9rio em SP, Eletrocaut\u00e9rio SP Zona Sul, Eletrocaut\u00e9rio SP na Zona Sul, Eletrocaut\u00e9rio em SP Zona Sul, Eletrocaut\u00e9rio em SP na Zona Sul, Eletrocaut\u00e9rio S\u00e3o Paulo Zona Sul, Eletrocaut\u00e9rio S\u00e3o Paulo na Zona Sul, Eletrocaut\u00e9rio em S\u00e3o Paulo Zona Sul, Eletrocaut\u00e9rio em S\u00e3o Paulo na Zona Sul, Eletrocaut\u00e9rio S\u00e3o Paulo, Eletrocaut\u00e9rio em S\u00e3o Paulo,<\/strong><\/span><\/h2>\n<h2 style=\"text-align: justify;\"><span style=\"color: #ffffff;\"><strong>Jett Plasma Lifting Zona Sul, Jett Plasma Lifting na Zona Sul, Jett Plasma Lifting Zona Sul SP, Jett Plasma Lifting na Zona Sul SP, Jett Plasma Lifting Zona Sul de SP, Jett Plasma Lifting na Zona Sul de SP, Jett Plasma Lifting Zona Sul de S\u00e3o Paulo, Jett Plasma Lifting na Zona Sul de S\u00e3o Paulo, Jett Plasma Lifting SP, Jett Plasma Lifting em SP, Jett Plasma Lifting SP Zona Sul, Jett Plasma Lifting SP na Zona Sul, Jett Plasma Lifting em SP Zona Sul, Jett Plasma Lifting em SP na Zona Sul, Jett Plasma Lifting S\u00e3o Paulo Zona Sul, Jett Plasma Lifting S\u00e3o Paulo na Zona Sul, Jett Plasma Lifting em S\u00e3o Paulo Zona Sul, Jett Plasma Lifting em S\u00e3o Paulo na Zona Sul, Jett Plasma Lifting S\u00e3o Paulo, Jett Plasma Lifting em S\u00e3o Paulo,<\/strong><\/span><\/h2>\n<h2 style=\"text-align: justify;\"><span style=\"color: #ffffff;\"><strong>Jett Plasma Lifting Zona Sul, Jett Plasma Lifting na Zona Sul, Jett Plasma Lifting Zona Sul SP, Jett Plasma Lifting na Zona Sul SP, Jett Plasma Lifting Zona Sul de SP, Jett Plasma Lifting na Zona Sul de SP, Jett Plasma Lifting Zona Sul de S\u00e3o Paulo, Jett Plasma Lifting na Zona Sul de S\u00e3o Paulo, Jett Plasma Lifting SP, Jett Plasma Lifting em SP, Jett Plasma Lifting SP Zona Sul, Jett Plasma Lifting SP na Zona Sul, Jett Plasma Lifting em SP Zona Sul, Jett Plasma Lifting em SP na Zona Sul, Jett Plasma Lifting S\u00e3o Paulo Zona Sul, Jett Plasma Lifting S\u00e3o Paulo na Zona Sul, Jett Plasma Lifting em S\u00e3o Paulo Zona Sul, Jett Plasma Lifting em S\u00e3o Paulo na Zona Sul, Jett Plasma Lifting S\u00e3o Paulo, Jett Plasma Lifting em S\u00e3o Paulo,\u00a0<\/strong><\/span><\/h2>\n<h2 style=\"text-align: justify;\"><span style=\"color: #ffffff;\"><strong>Jato de Plasma,<\/strong><\/span><\/h2>\n<h2 style=\"text-align: justify;\"><span style=\"color: #ffffff;\"><strong>Rejuvenescimento Facial Zona Sul,\u00a0Rejuvenescimento Facial na Zona Sul,\u00a0Rejuvenescimento Facial Zona Sul SP,\u00a0Rejuvenescimento Facial na Zona Sul SP,\u00a0Rejuvenescimento Facial Zona Sul de SP,\u00a0Rejuvenescimento Facial na Zona Sul de SP,\u00a0Rejuvenescimento Facial Zona Sul de S\u00e3o Paulo,\u00a0Rejuvenescimento Facial na Zona Sul de S\u00e3o Paulo,\u00a0Rejuvenescimento Facial SP,\u00a0Rejuvenescimento Facial em\u00a0SP,\u00a0Rejuvenescimento Facial SP Zona Sul,\u00a0Rejuvenescimento Facial SP na Zona Sul,\u00a0Rejuvenescimento Facial em SP Zona Sul,\u00a0Rejuvenescimento Facial em SP na Zona Sul,\u00a0Rejuvenescimento Facial S\u00e3o Paulo Zona Sul,\u00a0Rejuvenescimento Facial S\u00e3o Paulo na Zona Sul,\u00a0Rejuvenescimento Facial em S\u00e3o Paulo Zona Sul,\u00a0Rejuvenescimento Facial em S\u00e3o Paulo na Zona Sul,\u00a0Rejuvenescimento Facial S\u00e3o Paulo,\u00a0Rejuvenescimento Facial em S\u00e3o Paulo,<\/strong><\/span><\/h2>\n<h2 style=\"text-align: justify;\"><span style=\"color: #ffffff;\"><strong>Rejuvenescimento Facial Zona Sul, Rejuvenescimento Facial na Zona Sul, Rejuvenescimento Facial Zona Sul SP, Rejuvenescimento Facial na Zona Sul SP, Rejuvenescimento Facial Zona Sul de SP, Rejuvenescimento Facial na Zona Sul de SP, Rejuvenescimento Facial Zona Sul de S\u00e3o Paulo, Rejuvenescimento Facial na Zona Sul de S\u00e3o Paulo, Rejuvenescimento Facial SP, Rejuvenescimento Facial em SP, Rejuvenescimento Facial SP Zona Sul, Rejuvenescimento Facial SP na Zona Sul, Rejuvenescimento Facial em SP Zona Sul, Rejuvenescimento Facial em SP na Zona Sul, Rejuvenescimento Facial S\u00e3o Paulo Zona Sul, Rejuvenescimento Facial S\u00e3o Paulo na Zona Sul, Rejuvenescimento Facial em S\u00e3o Paulo Zona Sul, Rejuvenescimento Facial em S\u00e3o Paulo na Zona Sul, Rejuvenescimento Facial S\u00e3o Paulo, Rejuvenescimento Facial em S\u00e3o Paulo,\u00a0<\/strong><\/span><\/h2>\n<h2 style=\"text-align: justify;\"><span style=\"color: #ffffff;\"><strong>Jato de Plasma,<\/strong><\/span><\/h2>\n<h2 style=\"text-align: justify;\"><span style=\"color: #ffffff;\"><strong>Rejuvenescimento Facial,\u00a0Jett Plasma Lifting, Jato de Plasma, Eletrocaut\u00e9rio,\u00a0<\/strong><\/span><\/h2>\n<h2 style=\"text-align: justify;\"><span style=\"color: #ffffff;\"><strong>Aclima\u00e7\u00e3o, American\u00f3polis, Avenida Cupec\u00ea, Avenida Nossa Senhora do Sabar\u00e1, Avenida Sargento Geraldo Santana, Avenida Washington Luiz, Avenida Yervant, Avenida Yervant Kissajikian, Campo Belo, Campininha, Campo Grande, Casa Palma, Ch\u00e1cara Flora, Ch\u00e1cara Santo Antonio, Cidade Ademar, Cidade Domitila, Cidade Dutra, Cidade J\u00falia, Cidade Leonor, Cidade Vargas, Cupec\u00ea, Graja\u00fa, Granja Julieta, Interlagos, Jabaquara, Jardim Aeroporto, Jardim Alto Congonhas, Jardim Alvorada, Jardim Anchieta, Jardim B\u00e9lgica, Jardim Bom Clima, Jardim Bransley, Jardim Campina, Jardim Castelo, Jardim Cid\u00e1lia, Jardim Cl\u00e9lia, Jardim Cons\u00f3rcio, Jardim Cupec\u00ea, Jardim da Sa\u00fade, Jardim das Oliveiras, Jardim do Carmo, Jardim dos Prados, Jardim Ernestina, Jardim Gra\u00fana, Jardim Ip\u00ea, Jardim Itacolomi, Jardim Itapura, Jardim Los Angeles, Jardim Lourdes, Jardim Luanda, Jardim Luso, Jardim Manac\u00e1, Jardim Marajoara, Jardim Martini, Jardim Miriam, Jardim Niter\u00f3i, Jardim Nosso Lar, Jardim Olinda, Jardim Oliveira, Jardim Orly, Jardim Pedreira, Jardim Prud\u00eancia, Jardim Santo Antonio, Jardim S\u00e3o Carlos, Jardim S\u00e3o Jorge, Jardim Sat\u00e9lite, Jardim Scaff, Jardim Selma, Jardim Sofia, Jardim Suzana, Jardim Taquaral, Jardim Uberaba, Jardim Ubirajara, Jardim Umuarama, Jurubatuba, Moema, Parque Cocaia, Parque Colonial, Parque Dorot\u00e9ia, Pedreira, Sa\u00fade, Santo Amaro, Socorro, Vila Aeroporto, Vila Andrade, Vila Arriete, Vila Campestre, Vila Campo Grande, Vila Capela, Vila Castelo, Vila Celeste, Vila Clara, Vila Clementino, Vila Constan\u00e7a, Vila do Castelo, Vila do Cruzeiro, Vila \u00c9lida, Vila Cruzeiro, Vila Emir, Vila Facchini, Vila Filomena, Vila Gea, Vila Guarani, Vila Imp\u00e9rio, Vila Inglesa, Vila Jabaquara, Vila Joaniza, Vila Maiara, Vila Marari, Vila Mariana, Vila Mascote, Vila Mira, Vila Mission\u00e1ria, Vila Nova Caled\u00f4nia, Vila Nova Sabar\u00e1, Vila Romano, Vila Rubi, Vila Santa Catarina, Vila S\u00e3o Jos\u00e9, Vila Socorro, Vila Cabral, Yervant, Yervant Kissajikian, em, na, no, nas proximidades, nas proximidades de, nas proximidades da, nas redondezas, nas redondezas de, nas redondezas da, na regi\u00e3o, na regi\u00e3o de, na regi\u00e3o da, perto, perto de, perto da, por perto, aqui perto, perto de mim, perto daqui, perto do meu local, perto de casa, perto da minha casa, perto do meu bairro, pr\u00f3ximo, pr\u00f3ximo de, pr\u00f3ximo da, aqui pr\u00f3ximo, pr\u00f3ximo de mim, pr\u00f3ximo daqui, pr\u00f3ximo do meu local,\u00a0 pr\u00f3ximo de casa, pr\u00f3ximo da minha casa, pr\u00f3ximo do meu bairro, perto do Aeroporto de Congonhas, perto do Shopping Interlagos, perto do Mercado Extra Interlagos, pr\u00f3ximo do Aeroporto de Congonhas, pr\u00f3ximo do Shopping Interlagos, pr\u00f3ximo do Mercado Extra Interlagos, em American\u00f3polis, na regi\u00e3o de American\u00f3polis, na Av. Cupec\u00ea,\u00a0 na regi\u00e3o da Av. Cupec\u00ea, em Diadema, na regi\u00e3o de Diadema, na Av. Nossa Senhora do Sabar\u00e1, na regi\u00e3o da Av. Nossa Senhora do Sabar\u00e1, na Av. Washington Luiz, na regi\u00e3o da Av. Washington Luiz, na Cupec\u00ea, na regi\u00e3o da Cupec\u00ea, na Av. Cupec\u00ea, na Cidade Ademar, na regi\u00e3o da Cidade Ademar, em Interlagos, perto de Interlagos, na regi\u00e3o de Interlagos, na regi\u00e3o da Av. Interlagos, na Sabar\u00e1, na regi\u00e3o da Sabar\u00e1, em Santo Amaro, perto de Santo Amaro, na regi\u00e3o de Santo Amaro, na regi\u00e3o da Av. Santo Amaro, na Vila Mission\u00e1ria, na regi\u00e3o da Vila Mission\u00e1ria, na Washington Luiz, na regi\u00e3o da Av. Washington Luiz,\u00a0<\/strong><\/span><\/h2>\n<h2 style=\"text-align: justify;\"><span style=\"color: #ffffff;\"><strong>Jato de Plasma,<\/strong><\/span><\/h2>\n<h2 style=\"text-align: justify;\"><span style=\"color: #ffffff;\"><strong>Zona Sul, na Zona Sul, Zona Sul SP, na Zona Sul SP, Zona Sul de SP, na Zona Sul de SP, Zona Sul de S\u00e3o Paulo, na Zona Sul de S\u00e3o Paulo, SP, em SP, SP Zona Sul, em SP Zona Sul, SP na Zona Sul, em SP na Zona Sul, S\u00e3o Paulo Zona Sul, S\u00e3o Paulo na Zona Sul, em S\u00e3o Paulo Zona Sul, em S\u00e3o Paulo na Zona Sul, S\u00e3o Paulo, em S\u00e3o Paulo, Cidade de S\u00e3o Paulo Zona Sul, na Cidade de S\u00e3o Paulo na Zona Sul, Cidade de S\u00e3o Paulo, na Cidade de S\u00e3o Paulo, Regi\u00e3o da Zona Sul, na Regi\u00e3o da Zona Sul, Regi\u00e3o da Zona Sul SP, na Regi\u00e3o da Zona Sul SP, Regi\u00e3o da Zona Sul de S\u00e3o Paulo, na Regi\u00e3o da Zona Sul de S\u00e3o Paulo,\u00a0<\/strong><\/span><\/h2>\n<h2 style=\"text-align: justify;\"><span style=\"color: #ffffff;\"><strong>Melhor Jato de Plasma Zona Sul Interlagos, Melhor Jato de Plasma Zona Sul, Melhor Jato de Plasma Zona Sul SP, Melhor Jato de Plasma de SP, Melhor Jato de Plasma de S\u00e3o Paulo,\u00a0<\/strong><\/span><\/h2>\n<h2 style=\"text-align: justify;\"><span style=\"color: #ffffff;\"><strong>Melhor Eletrocaut\u00e9rio Zona Sul Interlagos, Melhor\u00a0Eletrocaut\u00e9rio\u00a0Zona Sul, Melhor\u00a0Eletrocaut\u00e9rio\u00a0Zona Sul SP, Melhor\u00a0Eletrocaut\u00e9rio\u00a0de SP, Melhor\u00a0Eletrocaut\u00e9rio\u00a0de S\u00e3o Paulo,\u00a0<\/strong><\/span><\/h2>\n<h2 style=\"text-align: justify;\"><span style=\"color: #ffffff;\"><strong>Melhor Dentista Especialista em Jato de Plasma Zona Sul Interlagos, Melhor\u00a0Dentista Especialista em\u00a0Jato de Plasma Zona Sul, Melhor\u00a0Dentista Especialista em\u00a0Jato de Plasma Zona Sul SP, Melhor\u00a0Dentista Especialista em\u00a0Jato de Plasma de SP, Melhor\u00a0Dentista Especialista em\u00a0Jato de Plasma de S\u00e3o Paulo,\u00a0<\/strong><\/span><\/h2>\n<h2 style=\"text-align: justify;\"><span style=\"color: #ffffff;\"><strong>Melhor\u00a0Dentista Especialista em\u00a0Eletrocaut\u00e9rio Zona Sul Interlagos, Melhor\u00a0Dentista Especialista em\u00a0Eletrocaut\u00e9rio\u00a0Zona Sul, Melhor\u00a0Dentista Especialista em\u00a0Eletrocaut\u00e9rio\u00a0Zona Sul SP, Melhor\u00a0Dentista Especialista em\u00a0Eletrocaut\u00e9rio\u00a0de SP, Melhor\u00a0Dentista Especialista em\u00a0Eletrocaut\u00e9rio\u00a0de S\u00e3o Paulo,\u00a0<\/strong><\/span><\/h2>\n<h2 style=\"text-align: justify;\"><span style=\"color: #ffffff;\"><strong>Jato de Plasma,<\/strong><\/span><\/h2>\n<h2 style=\"text-align: justify;\"><span style=\"color: #ffffff;\"><strong>Melhor Cl\u00ednica Odontol\u00f3gica Especializada em Jato de Plasma Zona Sul Interlagos, Melhor\u00a0Cl\u00ednica Odontol\u00f3gica Especializada em\u00a0Jato de Plasma Zona Sul, Melhor\u00a0Cl\u00ednica Odontol\u00f3gica Especializada\u00a0em\u00a0Jato de Plasma Zona Sul SP, Melhor\u00a0Cl\u00ednica Odontol\u00f3gica Especializada\u00a0em\u00a0Jato de Plasma de SP, Melhor Cl\u00ednica Odontol\u00f3gica Especializada\u00a0em\u00a0Jato de Plasma de S\u00e3o Paulo,\u00a0<\/strong><\/span><\/h2>\n<h2 style=\"text-align: justify;\"><span style=\"color: #ffffff;\"><strong>Melhor Cl\u00ednica Odontol\u00f3gica Especializada em Eletrocaut\u00e9rio Zona Sul Interlagos, M<span style=\"color: #ffffff;\">elhor Cl\u00ednica Odontol\u00f3gica Especializada em\u00a0Eletrocaut\u00e9rio\u00a0Zona Sul, Melhor Cl\u00ednica Odontol\u00f3gica Especializada em\u00a0Eletrocaut\u00e9rio\u00a0Zona Sul SP, Melhor Cl\u00ednica Odontol\u00f3gica Especializada em\u00a0Eletrocaut\u00e9rio de SP, Melhor Cl\u00ednica Odontol\u00f3gica Especializada em\u00a0Eletrocaut\u00e9rio\u00a0de S\u00e3o Paulo,\u00a0<\/span><\/strong><\/span><\/h2>\n<h2 style=\"text-align: justify;\"><span style=\"color: #ffffff;\"><strong>Melhor Rejuvenescimento Facial da Zona Sul Interlagos, Melhor Rejuvenescimento Facial da Zona Sul, Melhor Rejuvenescimento Facial da Zona Sul SP,\u00a0Melhor Rejuvenescimento Facial de SP,\u00a0Melhor Rejuvenescimento Facial de S\u00e3o Paulo,\u00a0<\/strong><\/span><\/h2>\n<h2 style=\"text-align: justify;\"><span style=\"color: #ffffff;\"><strong>Melhor Dentista Especialista e <\/strong><strong>Melhor Cl\u00ednica Odontol\u00f3gica Especializada em Rejuvenescimento Facial da Zona Sul Interlagos, Melhor Dentista Especialista e <\/strong><strong>Melhor Cl\u00ednica Odontol\u00f3gica Especializada em\u00a0Rejuvenescimento Facial da Zona Sul, Melhor Dentista Especialista e <\/strong><strong>Melhor Cl\u00ednica Odontol\u00f3gica Especializada em\u00a0Rejuvenescimento Facial da Zona Sul SP, Melhor Dentista Especialista e <\/strong><strong>Melhor Cl\u00ednica Odontol\u00f3gica Especializada em\u00a0Rejuvenescimento Facial de SP,\u00a0Melhor Dentista Especialista e <\/strong><strong>Melhor Cl\u00ednica Odontol\u00f3gica Especializada em Rejuvenescimento Facial de S\u00e3o Paulo,\u00a0<\/strong><\/span><\/h2>\n<div class=\"caldera-grid\" id=\"caldera_form_1\" data-cf-ver=\"1.9.7\" data-cf-form-id=\"CF5b00382b5a25d\"><div id=\"caldera_notices_1\" data-spinner=\"https:\/\/odontoapeles.com.br\/dentista\/clinica-odontologica\/zona-sul\/wp-admin\/images\/spinner.gif\"><\/div><form data-instance=\"1\" class=\"CF5b00382b5a25d caldera_forms_form cfajax-trigger\" method=\"POST\" enctype=\"multipart\/form-data\" id=\"CF5b00382b5a25d_1\" data-form-id=\"CF5b00382b5a25d\" aria-label=\"FALE CONOSCO\" data-target=\"#caldera_notices_1\" data-template=\"#cfajax_CF5b00382b5a25d-tmpl\" data-cfajax=\"CF5b00382b5a25d\" data-load-element=\"_parent\" data-load-class=\"cf_processing\" data-post-disable=\"0\" data-action=\"cf_process_ajax_submit\" data-request=\"https:\/\/odontoapeles.com.br\/dentista\/clinica-odontologica\/zona-sul\/cf-api\/CF5b00382b5a25d\" data-hiderows=\"true\">\r\n<input type=\"hidden\" id=\"_cf_verify_CF5b00382b5a25d\" name=\"_cf_verify\" value=\"a58333450a\"  data-nonce-time=\"1777389655\" \/><input type=\"hidden\" name=\"_wp_http_referer\" value=\"\/dentista\/clinica-odontologica\/zona-sul\/wp-json\/wp\/v2\/pages\/10680\" \/><div id=\"cf2-CF5b00382b5a25d_1\"><\/div><input type=\"hidden\" name=\"_cf_frm_id\" value=\"CF5b00382b5a25d\">\r\n<input type=\"hidden\" name=\"_cf_frm_ct\" value=\"1\">\r\n<input type=\"hidden\" name=\"cfajax\" value=\"CF5b00382b5a25d\">\r\n<input type=\"hidden\" name=\"_cf_cr_pst\" value=\"10680\">\r\n<div class=\"hide\" style=\"display:none; overflow:hidden;height:0;width:0;\">\r\n<label>Nome<\/label><input type=\"text\" name=\"name\" value=\"\" autocomplete=\"off\">\r\n<\/div><div id=\"CF5b00382b5a25d_1-row-1\"  class=\"row  first_row\"><div  class=\"col-sm-12  single\"><div class=\"\"><\/div><\/div><\/div><div id=\"CF5b00382b5a25d_1-row-2\"  class=\"row \"><div  class=\"col-sm-4  first_col\"><div data-field-wrapper=\"fld_8768091\" class=\"form-group\" id=\"fld_8768091_1-wrap\">\r\n\t<label id=\"fld_8768091Label\" for=\"fld_8768091_1\" class=\"control-label\">Nome <span aria-hidden=\"true\" role=\"presentation\" class=\"field_required\" style=\"color:#ee0000;\">*<\/span><\/label>\r\n\t<div class=\"\">\r\n\t\t<input   required type=\"text\" data-field=\"fld_8768091\" class=\" form-control\" id=\"fld_8768091_1\" name=\"fld_8768091\" value=\"\" data-type=\"text\" aria-required=\"true\"   aria-labelledby=\"fld_8768091Label\" >\t\t\t<\/div>\r\n<\/div>\r\n<div data-field-wrapper=\"fld_9286608\" class=\"form-group\" id=\"fld_9286608_1-wrap\">\r\n\t<label id=\"fld_9286608Label\" for=\"fld_9286608_1\" class=\"control-label\">WhatsApp<\/label>\r\n\t<div class=\"\">\r\n\t\t<input    type=\"text\" data-field=\"fld_9286608\" class=\" form-control\" id=\"fld_9286608_1\" name=\"fld_9286608\" value=\"\" data-type=\"text\"   aria-labelledby=\"fld_9286608Label\" >\t\t\t<\/div>\r\n<\/div>\r\n<\/div><div  class=\"col-sm-4 \"><div data-field-wrapper=\"fld_9970286\" class=\"form-group\" id=\"fld_9970286_1-wrap\">\r\n\t<label id=\"fld_9970286Label\" for=\"fld_9970286_1\" class=\"control-label\">Telefone <span aria-hidden=\"true\" role=\"presentation\" class=\"field_required\" style=\"color:#ee0000;\">*<\/span><\/label>\r\n\t<div class=\"\">\r\n\t\t<input   required type=\"text\" data-field=\"fld_9970286\" class=\" form-control\" id=\"fld_9970286_1\" name=\"fld_9970286\" value=\"\" data-type=\"text\" aria-required=\"true\"   aria-labelledby=\"fld_9970286Label\" >\t\t\t<\/div>\r\n<\/div>\r\n<div data-field-wrapper=\"fld_8026901\" class=\"form-group\" id=\"fld_8026901_1-wrap\">\r\n\t<label id=\"fld_8026901Label\" for=\"fld_8026901_1\" class=\"control-label\">Como nos Conheceu?<\/label>\r\n\t<div class=\"\">\r\n\t\t<select name=\"fld_8026901\" value=\"opt1754659\" data-field=\"fld_8026901\" class=\"form-control\" id=\"fld_8026901_1\"    aria-labelledby=\"fld_8026901Label\" >\n\t\t\t\t\t\t\t<option value=\"Google\" selected=\"selected\" data-calc-value=\"Google\" >\n\t\t\t\t\t\tGoogle\t\t\t\t\t<\/option>\n\t\t\t\t\t\t\t\t\t\t<option value=\"Facebook\"  data-calc-value=\"Facebook\" >\n\t\t\t\t\t\tFacebook\t\t\t\t\t<\/option>\n\t\t\t\t\t\t\t\t\t\t<option value=\"Instagram\"  data-calc-value=\"Instagram\" >\n\t\t\t\t\t\tInstagram\t\t\t\t\t<\/option>\n\t\t\t\t\t\t\t\t\t\t<option value=\"Indica\u00e7\u00e3o\"  data-calc-value=\"Indica\u00e7\u00e3o\" >\n\t\t\t\t\t\tIndica\u00e7\u00e3o\t\t\t\t\t<\/option>\n\t\t\t\t\t\t\t\t\t\t<option value=\"Placa\"  data-calc-value=\"Placa\" >\n\t\t\t\t\t\tPlaca\t\t\t\t\t<\/option>\n\t\t\t\t\t\t\t\t\t\t<option value=\"Outros\"  data-calc-value=\"Outros\" >\n\t\t\t\t\t\tOutros\t\t\t\t\t<\/option>\n\t\t\t\t\t\t\t<\/select>\n\t\t\t<\/div>\r\n<\/div>\r\n<\/div><div  class=\"col-sm-4  last_col\"><div data-field-wrapper=\"fld_6009157\" class=\"form-group\" id=\"fld_6009157_1-wrap\">\r\n\t<label id=\"fld_6009157Label\" for=\"fld_6009157_1\" class=\"control-label\">Endere\u00e7o de E-mail <span aria-hidden=\"true\" role=\"presentation\" class=\"field_required\" style=\"color:#ee0000;\">*<\/span><\/label>\r\n\t<div class=\"\">\r\n\t\t<input   required type=\"email\" data-field=\"fld_6009157\" class=\" form-control\" id=\"fld_6009157_1\" name=\"fld_6009157\" value=\"\" data-type=\"email\" aria-required=\"true\"   aria-labelledby=\"fld_6009157Label\" >\t\t\t<\/div>\r\n<\/div>\r\n<div data-field-wrapper=\"fld_2601416\" class=\"form-group\" id=\"fld_2601416_1-wrap\">\r\n\t<label id=\"fld_2601416Label\" for=\"fld_2601416_1\" class=\"control-label\">Que Tratamento Deseja Realizar?<\/label>\r\n\t<div class=\"\">\r\n\t\t<select name=\"fld_2601416\" value=\"\" data-field=\"fld_2601416\" class=\"form-control\" id=\"fld_2601416_1\"    aria-labelledby=\"fld_2601416Label\" >\n\t\t<option value=\"\"><\/option>\r\n\t\t\t\t\t<option value=\"Harmoniza\u00e7\u00e3o Orofacial\"  data-calc-value=\"Harmoniza\u00e7\u00e3o Orofacial\" >\n\t\t\t\t\t\tHarmoniza\u00e7\u00e3o Orofacial\t\t\t\t\t<\/option>\n\t\t\t\t\t\t\t\t\t\t<option value=\"Botox e Preenchimento Facial\"  data-calc-value=\"Botox e Preenchimento Facial\" >\n\t\t\t\t\t\tBotox e Preenchimento Facial\t\t\t\t\t<\/option>\n\t\t\t\t\t\t\t\t\t\t<option value=\"Bichectomia\"  data-calc-value=\"Bichectomia\" >\n\t\t\t\t\t\tBichectomia\t\t\t\t\t<\/option>\n\t\t\t\t\t\t\t\t\t\t<option value=\"Lipo de Papada\"  data-calc-value=\"Lipo de Papada\" >\n\t\t\t\t\t\tLipo de Papada\t\t\t\t\t<\/option>\n\t\t\t\t\t\t\t\t\t\t<option value=\"Jato de Plasma\"  data-calc-value=\"Jato de Plasma\" >\n\t\t\t\t\t\tJato de Plasma\t\t\t\t\t<\/option>\n\t\t\t\t\t\t\t\t\t\t<option value=\"Odontologia Est\u00e9tica\"  data-calc-value=\"Odontologia Est\u00e9tica\" >\n\t\t\t\t\t\tOdontologia Est\u00e9tica\t\t\t\t\t<\/option>\n\t\t\t\t\t\t\t\t\t\t<option value=\"Rinomodela\u00e7\u00e3o\"  data-calc-value=\"Rinomodela\u00e7\u00e3o\" >\n\t\t\t\t\t\tRinomodela\u00e7\u00e3o\t\t\t\t\t<\/option>\n\t\t\t\t\t\t\t\t\t\t<option value=\"Implantes Dent\u00e1rios\"  data-calc-value=\"Implantes Dent\u00e1rios\" >\n\t\t\t\t\t\tImplantes Dent\u00e1rios\t\t\t\t\t<\/option>\n\t\t\t\t\t\t\t\t\t\t<option value=\"Clareamento Dental\"  data-calc-value=\"Clareamento Dental\" >\n\t\t\t\t\t\tClareamento Dental\t\t\t\t\t<\/option>\n\t\t\t\t\t\t\t\t\t\t<option value=\"Ortodontia\"  data-calc-value=\"Ortodontia\" >\n\t\t\t\t\t\tOrtodontia\t\t\t\t\t<\/option>\n\t\t\t\t\t\t\t\t\t\t<option value=\"Endodontia\"  data-calc-value=\"Endodontia\" >\n\t\t\t\t\t\tEndodontia\t\t\t\t\t<\/option>\n\t\t\t\t\t\t\t\t\t\t<option value=\"Pr\u00f3tese Dental\"  data-calc-value=\"Pr\u00f3tese Dental\" >\n\t\t\t\t\t\tPr\u00f3tese Dental\t\t\t\t\t<\/option>\n\t\t\t\t\t\t\t\t\t\t<option value=\"Periodontia\"  data-calc-value=\"Periodontia\" >\n\t\t\t\t\t\tPeriodontia\t\t\t\t\t<\/option>\n\t\t\t\t\t\t\t\t\t\t<option value=\"Cirurgia Oral\"  data-calc-value=\"Cirurgia Oral\" >\n\t\t\t\t\t\tCirurgia Oral\t\t\t\t\t<\/option>\n\t\t\t\t\t\t\t<\/select>\n\t\t\t<\/div>\r\n<\/div>\r\n<\/div><\/div><div id=\"CF5b00382b5a25d_1-row-3\"  class=\"row \"><div  class=\"col-sm-12  single\"><div data-field-wrapper=\"fld_8340154\" class=\"form-group\" id=\"fld_8340154_1-wrap\">\r\n\t<label id=\"fld_8340154Label\" for=\"fld_8340154_1\" class=\"control-label\">Sua Mensagem<\/label>\r\n\t<div class=\"\">\r\n\t\t<textarea name=\"fld_8340154\" value=\"\" data-field=\"fld_8340154\" class=\"form-control\" id=\"fld_8340154_1\" rows=\"4\"    aria-labelledby=\"fld_8340154Label\" ><\/textarea>\n\t\t\t<\/div>\r\n<\/div>\r\n<div class=\"\"><p><\/p>\n<\/div><\/div><\/div><div id=\"CF5b00382b5a25d_1-row-4\"  class=\"row  last_row\"><div  class=\"col-sm-12  single\"><div data-field-wrapper=\"fld_7908577\" class=\"form-group\" id=\"fld_7908577_1-wrap\">\r\n<div class=\"\">\r\n\t<input  class=\"btn btn-default\" type=\"submit\" name=\"fld_7908577\" id=\"fld_7908577_1\" value=\"Enviar Mensagem\" data-field=\"fld_7908577\"  >\n<\/div>\r\n<\/div>\r\n\t<input class=\"button_trigger_1\" type=\"hidden\" name=\"fld_7908577\" id=\"fld_7908577_1_btn\" value=\"\" data-field=\"fld_7908577\"  \/>\n<\/div><\/div><\/form>\r\n<\/div>\r\n\n","protected":false},"excerpt":{"rendered":"<p>Jato de Plasma e Eletrocaut\u00e9rio &#8211; Rejuvenescimento Facial &nbsp; 1. Jato de Plasma &#8211; Introdu\u00e7\u00e3o: O\u00a0Jato de Plasma\u00a0\u00e9 uma t\u00e9cnica inovadora, avan\u00e7ada, que reduz a flacidez d\u00e9rmica. Tamb\u00e9m conhecida como jett plasma lifting,\u00a0essa tecnologia de regenera\u00e7\u00e3o de pele via jato de plasma visa o rejuvenescimento da pele e o tratamento de rugas em geral. Foi&hellip;<\/p>\n","protected":false},"author":1,"featured_media":0,"parent":0,"menu_order":0,"comment_status":"closed","ping_status":"closed","template":"","meta":{"_joinchat":[],"footnotes":""},"tags":[],"class_list":["post-10680","page","type-page","status-publish","hentry","description-off"],"yoast_head":"<!-- This site is optimized with the Yoast SEO Premium plugin v22.1 (Yoast SEO v25.8) - https:\/\/yoast.com\/wordpress\/plugins\/seo\/ -->\n<title>Jato de Plasma e Eletrocaut\u00e9rio Zona Sul SP - Odontologia Apeles Lemos<\/title>\n<meta name=\"description\" content=\"Jato de Plasma e Eletrocaut\u00e9rio s\u00e3o t\u00e9cnicas est\u00e9ticas inovadoras usadas para remover manchas da pele e reduzir a flacidez d\u00e9rmica.\" \/>\n<meta name=\"robots\" content=\"index, follow, max-snippet:-1, max-image-preview:large, max-video-preview:-1\" \/>\n<link rel=\"canonical\" href=\"https:\/\/odontoapeles.com.br\/dentista\/clinica-odontologica\/zona-sul\/jato-de-plasma-e-eletrocauterio\/\" \/>\n<meta name=\"twitter:label1\" content=\"Est. tempo de leitura\" \/>\n\t<meta name=\"twitter:data1\" content=\"15 minutos\" \/>\n<script type=\"application\/ld+json\" class=\"yoast-schema-graph\">{\"@context\":\"https:\/\/schema.org\",\"@graph\":[{\"@type\":\"WebPage\",\"@id\":\"https:\/\/odontoapeles.com.br\/dentista\/clinica-odontologica\/zona-sul\/jato-de-plasma-e-eletrocauterio\/\",\"url\":\"https:\/\/odontoapeles.com.br\/dentista\/clinica-odontologica\/zona-sul\/jato-de-plasma-e-eletrocauterio\/\",\"name\":\"Jato de Plasma e Eletrocaut\u00e9rio Zona Sul SP - Odontologia Apeles Lemos\",\"isPartOf\":{\"@id\":\"https:\/\/odontoapeles.com.br\/dentista\/clinica-odontologica\/zona-sul\/#website\"},\"primaryImageOfPage\":{\"@id\":\"https:\/\/odontoapeles.com.br\/dentista\/clinica-odontologica\/zona-sul\/jato-de-plasma-e-eletrocauterio\/#primaryimage\"},\"image\":{\"@id\":\"https:\/\/odontoapeles.com.br\/dentista\/clinica-odontologica\/zona-sul\/jato-de-plasma-e-eletrocauterio\/#primaryimage\"},\"thumbnailUrl\":\"https:\/\/odontoapeles.com.br\/dentista\/clinica-odontologica\/zona-sul\/wp-content\/uploads\/2018\/08\/IMAGEM-300x134.jpg\",\"datePublished\":\"2018-08-06T18:06:53+00:00\",\"dateModified\":\"2022-02-27T05:27:41+00:00\",\"description\":\"Jato de Plasma e Eletrocaut\u00e9rio s\u00e3o t\u00e9cnicas est\u00e9ticas inovadoras usadas para remover manchas da pele e reduzir a flacidez d\u00e9rmica.\",\"breadcrumb\":{\"@id\":\"https:\/\/odontoapeles.com.br\/dentista\/clinica-odontologica\/zona-sul\/jato-de-plasma-e-eletrocauterio\/#breadcrumb\"},\"inLanguage\":\"pt-BR\",\"potentialAction\":[{\"@type\":\"ReadAction\",\"target\":[\"https:\/\/odontoapeles.com.br\/dentista\/clinica-odontologica\/zona-sul\/jato-de-plasma-e-eletrocauterio\/\"]}]},{\"@type\":\"ImageObject\",\"inLanguage\":\"pt-BR\",\"@id\":\"https:\/\/odontoapeles.com.br\/dentista\/clinica-odontologica\/zona-sul\/jato-de-plasma-e-eletrocauterio\/#primaryimage\",\"url\":\"https:\/\/odontoapeles.com.br\/dentista\/clinica-odontologica\/zona-sul\/wp-content\/uploads\/2018\/08\/IMAGEM.jpg\",\"contentUrl\":\"https:\/\/odontoapeles.com.br\/dentista\/clinica-odontologica\/zona-sul\/wp-content\/uploads\/2018\/08\/IMAGEM.jpg\",\"width\":740,\"height\":330},{\"@type\":\"BreadcrumbList\",\"@id\":\"https:\/\/odontoapeles.com.br\/dentista\/clinica-odontologica\/zona-sul\/jato-de-plasma-e-eletrocauterio\/#breadcrumb\",\"itemListElement\":[{\"@type\":\"ListItem\",\"position\":1,\"name\":\"In\u00edcio\",\"item\":\"https:\/\/odontoapeles.com.br\/dentista\/clinica-odontologica\/zona-sul\/\"},{\"@type\":\"ListItem\",\"position\":2,\"name\":\"Jato de Plasma &#8211; Odontologia Apeles Lemos &#8211; (11) 5563-5471\"}]},{\"@type\":\"WebSite\",\"@id\":\"https:\/\/odontoapeles.com.br\/dentista\/clinica-odontologica\/zona-sul\/#website\",\"url\":\"https:\/\/odontoapeles.com.br\/dentista\/clinica-odontologica\/zona-sul\/\",\"name\":\"Dentista Zona Sul SP - Odontologia Apeles Lemos - 5563-5471\",\"description\":\"Refer\u00eancia h\u00e1 30 anos em Odontologia, Cl\u00ednica Odontol\u00f3gica, Cl\u00ednica Dent\u00e1ria e Dentista Zona Sul SP. Whats App: 9 4624-0000. Dentista Zona Sul SP - Odontologia Apeles Lemos - 5563-5471\",\"publisher\":{\"@id\":\"https:\/\/odontoapeles.com.br\/dentista\/clinica-odontologica\/zona-sul\/#organization\"},\"potentialAction\":[{\"@type\":\"SearchAction\",\"target\":{\"@type\":\"EntryPoint\",\"urlTemplate\":\"https:\/\/odontoapeles.com.br\/dentista\/clinica-odontologica\/zona-sul\/?s={search_term_string}\"},\"query-input\":{\"@type\":\"PropertyValueSpecification\",\"valueRequired\":true,\"valueName\":\"search_term_string\"}}],\"inLanguage\":\"pt-BR\"},{\"@type\":\"Organization\",\"@id\":\"https:\/\/odontoapeles.com.br\/dentista\/clinica-odontologica\/zona-sul\/#organization\",\"name\":\"Dentista Zona Sul SP - Odontologia Apeles Lemos - 5563-5471\",\"url\":\"https:\/\/odontoapeles.com.br\/dentista\/clinica-odontologica\/zona-sul\/\",\"logo\":{\"@type\":\"ImageObject\",\"inLanguage\":\"pt-BR\",\"@id\":\"https:\/\/odontoapeles.com.br\/dentista\/clinica-odontologica\/zona-sul\/#\/schema\/logo\/image\/\",\"url\":\"https:\/\/odontoapeles.com.br\/dentista\/clinica-odontologica\/zona-sul\/wp-content\/uploads\/2018\/05\/logo.png\",\"contentUrl\":\"https:\/\/odontoapeles.com.br\/dentista\/clinica-odontologica\/zona-sul\/wp-content\/uploads\/2018\/05\/logo.png\",\"width\":443,\"height\":190,\"caption\":\"Dentista Zona Sul SP - Odontologia Apeles Lemos - 5563-5471\"},\"image\":{\"@id\":\"https:\/\/odontoapeles.com.br\/dentista\/clinica-odontologica\/zona-sul\/#\/schema\/logo\/image\/\"},\"sameAs\":[\"https:\/\/www.facebook.com\/odontoapeles\"]}]}<\/script>\n<!-- \/ Yoast SEO Premium plugin. -->","yoast_head_json":{"title":"Jato de Plasma e Eletrocaut\u00e9rio Zona Sul SP - Odontologia Apeles Lemos","description":"Jato de Plasma e Eletrocaut\u00e9rio s\u00e3o t\u00e9cnicas est\u00e9ticas inovadoras usadas para remover manchas da pele e reduzir a flacidez d\u00e9rmica.","robots":{"index":"index","follow":"follow","max-snippet":"max-snippet:-1","max-image-preview":"max-image-preview:large","max-video-preview":"max-video-preview:-1"},"canonical":"https:\/\/odontoapeles.com.br\/dentista\/clinica-odontologica\/zona-sul\/jato-de-plasma-e-eletrocauterio\/","twitter_misc":{"Est. tempo de leitura":"15 minutos"},"schema":{"@context":"https:\/\/schema.org","@graph":[{"@type":"WebPage","@id":"https:\/\/odontoapeles.com.br\/dentista\/clinica-odontologica\/zona-sul\/jato-de-plasma-e-eletrocauterio\/","url":"https:\/\/odontoapeles.com.br\/dentista\/clinica-odontologica\/zona-sul\/jato-de-plasma-e-eletrocauterio\/","name":"Jato de Plasma e Eletrocaut\u00e9rio Zona Sul SP - Odontologia Apeles Lemos","isPartOf":{"@id":"https:\/\/odontoapeles.com.br\/dentista\/clinica-odontologica\/zona-sul\/#website"},"primaryImageOfPage":{"@id":"https:\/\/odontoapeles.com.br\/dentista\/clinica-odontologica\/zona-sul\/jato-de-plasma-e-eletrocauterio\/#primaryimage"},"image":{"@id":"https:\/\/odontoapeles.com.br\/dentista\/clinica-odontologica\/zona-sul\/jato-de-plasma-e-eletrocauterio\/#primaryimage"},"thumbnailUrl":"https:\/\/odontoapeles.com.br\/dentista\/clinica-odontologica\/zona-sul\/wp-content\/uploads\/2018\/08\/IMAGEM-300x134.jpg","datePublished":"2018-08-06T18:06:53+00:00","dateModified":"2022-02-27T05:27:41+00:00","description":"Jato de Plasma e Eletrocaut\u00e9rio s\u00e3o t\u00e9cnicas est\u00e9ticas inovadoras usadas para remover manchas da pele e reduzir a flacidez d\u00e9rmica.","breadcrumb":{"@id":"https:\/\/odontoapeles.com.br\/dentista\/clinica-odontologica\/zona-sul\/jato-de-plasma-e-eletrocauterio\/#breadcrumb"},"inLanguage":"pt-BR","potentialAction":[{"@type":"ReadAction","target":["https:\/\/odontoapeles.com.br\/dentista\/clinica-odontologica\/zona-sul\/jato-de-plasma-e-eletrocauterio\/"]}]},{"@type":"ImageObject","inLanguage":"pt-BR","@id":"https:\/\/odontoapeles.com.br\/dentista\/clinica-odontologica\/zona-sul\/jato-de-plasma-e-eletrocauterio\/#primaryimage","url":"https:\/\/odontoapeles.com.br\/dentista\/clinica-odontologica\/zona-sul\/wp-content\/uploads\/2018\/08\/IMAGEM.jpg","contentUrl":"https:\/\/odontoapeles.com.br\/dentista\/clinica-odontologica\/zona-sul\/wp-content\/uploads\/2018\/08\/IMAGEM.jpg","width":740,"height":330},{"@type":"BreadcrumbList","@id":"https:\/\/odontoapeles.com.br\/dentista\/clinica-odontologica\/zona-sul\/jato-de-plasma-e-eletrocauterio\/#breadcrumb","itemListElement":[{"@type":"ListItem","position":1,"name":"In\u00edcio","item":"https:\/\/odontoapeles.com.br\/dentista\/clinica-odontologica\/zona-sul\/"},{"@type":"ListItem","position":2,"name":"Jato de Plasma &#8211; Odontologia Apeles Lemos &#8211; (11) 5563-5471"}]},{"@type":"WebSite","@id":"https:\/\/odontoapeles.com.br\/dentista\/clinica-odontologica\/zona-sul\/#website","url":"https:\/\/odontoapeles.com.br\/dentista\/clinica-odontologica\/zona-sul\/","name":"Dentista Zona Sul SP - Odontologia Apeles Lemos - 5563-5471","description":"Refer\u00eancia h\u00e1 30 anos em Odontologia, Cl\u00ednica Odontol\u00f3gica, Cl\u00ednica Dent\u00e1ria e Dentista Zona Sul SP. Whats App: 9 4624-0000. Dentista Zona Sul SP - Odontologia Apeles Lemos - 5563-5471","publisher":{"@id":"https:\/\/odontoapeles.com.br\/dentista\/clinica-odontologica\/zona-sul\/#organization"},"potentialAction":[{"@type":"SearchAction","target":{"@type":"EntryPoint","urlTemplate":"https:\/\/odontoapeles.com.br\/dentista\/clinica-odontologica\/zona-sul\/?s={search_term_string}"},"query-input":{"@type":"PropertyValueSpecification","valueRequired":true,"valueName":"search_term_string"}}],"inLanguage":"pt-BR"},{"@type":"Organization","@id":"https:\/\/odontoapeles.com.br\/dentista\/clinica-odontologica\/zona-sul\/#organization","name":"Dentista Zona Sul SP - Odontologia Apeles Lemos - 5563-5471","url":"https:\/\/odontoapeles.com.br\/dentista\/clinica-odontologica\/zona-sul\/","logo":{"@type":"ImageObject","inLanguage":"pt-BR","@id":"https:\/\/odontoapeles.com.br\/dentista\/clinica-odontologica\/zona-sul\/#\/schema\/logo\/image\/","url":"https:\/\/odontoapeles.com.br\/dentista\/clinica-odontologica\/zona-sul\/wp-content\/uploads\/2018\/05\/logo.png","contentUrl":"https:\/\/odontoapeles.com.br\/dentista\/clinica-odontologica\/zona-sul\/wp-content\/uploads\/2018\/05\/logo.png","width":443,"height":190,"caption":"Dentista Zona Sul SP - Odontologia Apeles Lemos - 5563-5471"},"image":{"@id":"https:\/\/odontoapeles.com.br\/dentista\/clinica-odontologica\/zona-sul\/#\/schema\/logo\/image\/"},"sameAs":["https:\/\/www.facebook.com\/odontoapeles"]}]}},"_links":{"self":[{"href":"https:\/\/odontoapeles.com.br\/dentista\/clinica-odontologica\/zona-sul\/wp-json\/wp\/v2\/pages\/10680","targetHints":{"allow":["GET"]}}],"collection":[{"href":"https:\/\/odontoapeles.com.br\/dentista\/clinica-odontologica\/zona-sul\/wp-json\/wp\/v2\/pages"}],"about":[{"href":"https:\/\/odontoapeles.com.br\/dentista\/clinica-odontologica\/zona-sul\/wp-json\/wp\/v2\/types\/page"}],"author":[{"embeddable":true,"href":"https:\/\/odontoapeles.com.br\/dentista\/clinica-odontologica\/zona-sul\/wp-json\/wp\/v2\/users\/1"}],"replies":[{"embeddable":true,"href":"https:\/\/odontoapeles.com.br\/dentista\/clinica-odontologica\/zona-sul\/wp-json\/wp\/v2\/comments?post=10680"}],"version-history":[{"count":0,"href":"https:\/\/odontoapeles.com.br\/dentista\/clinica-odontologica\/zona-sul\/wp-json\/wp\/v2\/pages\/10680\/revisions"}],"wp:attachment":[{"href":"https:\/\/odontoapeles.com.br\/dentista\/clinica-odontologica\/zona-sul\/wp-json\/wp\/v2\/media?parent=10680"}],"wp:term":[{"taxonomy":"post_tag","embeddable":true,"href":"https:\/\/odontoapeles.com.br\/dentista\/clinica-odontologica\/zona-sul\/wp-json\/wp\/v2\/tags?post=10680"}],"curies":[{"name":"wp","href":"https:\/\/api.w.org\/{rel}","templated":true}]}}